{"id":638,"date":"2022-09-11T04:20:06","date_gmt":"2022-09-11T02:20:06","guid":{"rendered":"https:\/\/www.foerderverein-bibliothek.de\/?page_id=638"},"modified":"2026-04-23T23:11:44","modified_gmt":"2026-04-23T21:11:44","slug":"aktuelles","status":"publish","type":"page","link":"https:\/\/www.foerderverein-bibliothek.de\/","title":{"rendered":"Aktuelles"},"content":{"rendered":"\n<div class=\"wp-block-group is-layout-constrained wp-block-group-is-layout-constrained\">\n<div class=\"wp-block-columns is-layout-flex wp-container-core-columns-is-layout-28f84493 wp-block-columns-is-layout-flex\">\n<div class=\"wp-block-column is-layout-flow wp-block-column-is-layout-flow\">\n<p class=\"has-text-align-center\"><strong>TERMINE DES F\u00d6RDERVEREINS<\/strong><\/p>\n\n\n\n<figure class=\"wp-block-image aligncenter size-large is-resized\"><img loading=\"lazy\" decoding=\"async\" width=\"882\" height=\"1024\" src=\"https:\/\/www.foerderverein-bibliothek.de\/wp-content\/uploads\/2026\/01\/logo-blau-882x1024.jpg\" alt=\"\" class=\"wp-image-1675\" style=\"aspect-ratio:0.8613098658696153;width:98px;height:auto\" srcset=\"https:\/\/www.foerderverein-bibliothek.de\/wp-content\/uploads\/2026\/01\/logo-blau-882x1024.jpg 882w, https:\/\/www.foerderverein-bibliothek.de\/wp-content\/uploads\/2026\/01\/logo-blau-258x300.jpg 258w, https:\/\/www.foerderverein-bibliothek.de\/wp-content\/uploads\/2026\/01\/logo-blau-768x891.jpg 768w, https:\/\/www.foerderverein-bibliothek.de\/wp-content\/uploads\/2026\/01\/logo-blau.jpg 984w\" sizes=\"auto, (max-width: 882px) 100vw, 882px\" \/><\/figure>\n\n\n\n<p><\/p>\n\n\n\n<p class=\"has-text-align-center\"><strong>Neuer Vorstand<\/strong><\/p>\n\n\n\n<p class=\"has-text-align-center\">Jahreshauptversammlung am <strong>21. April 2026<\/strong> um 19 Uhr im Fritz-Levy-Raum in der Bibliothek.<\/p>\n\n\n\n<p>Die Jahreshauptversammlung hat stattgefunden. Es wurden die Jahresberichte des F\u00f6rdervereinsvorstands, des Schatzmeisters und der Bibliotheksleitung vorgelegt.<\/p>\n\n\n\n<p>Die vielf\u00e4ltigen Aktivit\u00e4ten wurden erfreut zur Kenntnis genommen. F\u00fcr die Zukunft wurde eine Verj\u00fcngung der Vereinsmitgliederstruktur anvisiert. Dazu wurden Ideen dargelegt.<\/p>\n\n\n\n<p>Ein neuer Vorstand wurde nun gew\u00e4hlt, die Zeit des Interregnums ist vorbei.<\/p>\n\n\n\n<p>1. Vorsitzender ist nun Hans-J\u00fcrgen Klitsch, 1. stellvertretender Vorsitzender ist nun Christian Omonski, 2. stellvertretende Vorsitzende ist weiterhin Bettina Schinke, Schriftf\u00fchrer ist weiterhin Dr. Matthias Bollmeyer, das Amt des Schatzmeisterns bekleidet zur Zeit noch Petra Antons.<\/p>\n\n\n\n<figure class=\"wp-block-image size-full\"><img loading=\"lazy\" decoding=\"async\" width=\"600\" height=\"423\" src=\"https:\/\/www.foerderverein-bibliothek.de\/wp-content\/uploads\/2026\/04\/00k_Christian-Omonski-Bettina-Schinke-Hans-Juergen-Klitsch-Matthias-Bollmeyer-Petra-Antons-fehlt.jpg\" alt=\"\" class=\"wp-image-1721\" srcset=\"https:\/\/www.foerderverein-bibliothek.de\/wp-content\/uploads\/2026\/04\/00k_Christian-Omonski-Bettina-Schinke-Hans-Juergen-Klitsch-Matthias-Bollmeyer-Petra-Antons-fehlt.jpg 600w, https:\/\/www.foerderverein-bibliothek.de\/wp-content\/uploads\/2026\/04\/00k_Christian-Omonski-Bettina-Schinke-Hans-Juergen-Klitsch-Matthias-Bollmeyer-Petra-Antons-fehlt-300x212.jpg 300w\" sizes=\"auto, (max-width: 600px) 100vw, 600px\" \/><figcaption class=\"wp-element-caption\">Christian Omonski, Bettina Schinke, Hans-J\u00fcrgen Klitsch, Dr. Matthias Bollmeyer  (von links) (Petra Antons fehlt)<\/figcaption><\/figure>\n\n\n\n<p><\/p>\n\n\n\n<p><strong>News von den Wandkarten<\/strong><\/p>\n\n\n\n<p>Wir haben nun die Wandkarten im Keller alle archiviert und die ohne Halter in handwerklicher Arbeit um eben jene erg\u00e4nzt.<\/p>\n\n\n\n<figure class=\"wp-block-image size-full\"><img loading=\"lazy\" decoding=\"async\" width=\"600\" height=\"338\" src=\"https:\/\/www.foerderverein-bibliothek.de\/wp-content\/uploads\/2026\/03\/00k_Omonski-Klitsch-1.jpg\" alt=\"\" class=\"wp-image-1708\" srcset=\"https:\/\/www.foerderverein-bibliothek.de\/wp-content\/uploads\/2026\/03\/00k_Omonski-Klitsch-1.jpg 600w, https:\/\/www.foerderverein-bibliothek.de\/wp-content\/uploads\/2026\/03\/00k_Omonski-Klitsch-1-300x169.jpg 300w\" sizes=\"auto, (max-width: 600px) 100vw, 600px\" \/><figcaption class=\"wp-element-caption\">Christian Omonski und Hans-J\u00fcrgen Klitsch beweisen ihre Handwerksk\u00fcnste<\/figcaption><\/figure>\n\n\n\n<p>Die Wandtafeln sind auch aufgenommen, und deren Archivierung steht kurz vor der Fertigstellung. <\/p>\n\n\n\n<figure class=\"wp-block-image size-full\"><img loading=\"lazy\" decoding=\"async\" width=\"600\" height=\"451\" src=\"https:\/\/www.foerderverein-bibliothek.de\/wp-content\/uploads\/2026\/03\/00k_T-17-Tiger-beschnitten.jpg\" alt=\"\" class=\"wp-image-1710\" srcset=\"https:\/\/www.foerderverein-bibliothek.de\/wp-content\/uploads\/2026\/03\/00k_T-17-Tiger-beschnitten.jpg 600w, https:\/\/www.foerderverein-bibliothek.de\/wp-content\/uploads\/2026\/03\/00k_T-17-Tiger-beschnitten-300x226.jpg 300w\" sizes=\"auto, (max-width: 600px) 100vw, 600px\" \/><figcaption class=\"wp-element-caption\">Eine der Wandtafeln<\/figcaption><\/figure>\n\n\n\n<p>Nun arbeiten wir einen relativ kleinen Bestand an Wandrollkarten ein, die aufgrund ihrer Seltenheit im Hollmann-Raum gelagert sind. Auch hier warten wieder sch\u00f6ne k\u00fcnstlerische \u00dcberraschungen auf uns.<\/p>\n\n\n\n<p>Wir denken nat\u00fcrlich auch \u00fcber eine Ausstellung nach.<\/p>\n\n\n\n<p class=\"has-text-align-center\"><strong>Christian Omonski neu an Bord<\/strong><\/p>\n\n\n\n<p>Februar 2026: Herr Peters und Herr Klitsch haben Hilfe bei der Wandkartenarchivierung bekommen. Das F\u00f6rdervereinsmitglied Christian Omonski hat sich entschlossen, aktiv am Vereinsleben teilzunehmen und hilft uns tatkr\u00e4ftig bei der Arbeit. <\/p>\n\n\n\n<figure class=\"wp-block-image aligncenter size-full is-resized\"><img loading=\"lazy\" decoding=\"async\" width=\"525\" height=\"700\" src=\"https:\/\/www.foerderverein-bibliothek.de\/wp-content\/uploads\/2026\/03\/00k_Omonski-Christian-1.jpg\" alt=\"\" class=\"wp-image-1701\" style=\"aspect-ratio:0.7499999817187036;width:210px;height:auto\" srcset=\"https:\/\/www.foerderverein-bibliothek.de\/wp-content\/uploads\/2026\/03\/00k_Omonski-Christian-1.jpg 525w, https:\/\/www.foerderverein-bibliothek.de\/wp-content\/uploads\/2026\/03\/00k_Omonski-Christian-1-225x300.jpg 225w\" sizes=\"auto, (max-width: 525px) 100vw, 525px\" \/><\/figure>\n\n\n\n<p>Dadurch konnte die Archivierung nun schon fast abgeschlossen werden. <\/p>\n\n\n\n<figure class=\"wp-block-image size-full\"><img loading=\"lazy\" decoding=\"async\" width=\"525\" height=\"700\" src=\"https:\/\/www.foerderverein-bibliothek.de\/wp-content\/uploads\/2026\/03\/00k_Wandkarten-fertig.jpg\" alt=\"\" class=\"wp-image-1703\" srcset=\"https:\/\/www.foerderverein-bibliothek.de\/wp-content\/uploads\/2026\/03\/00k_Wandkarten-fertig.jpg 525w, https:\/\/www.foerderverein-bibliothek.de\/wp-content\/uploads\/2026\/03\/00k_Wandkarten-fertig-225x300.jpg 225w\" sizes=\"auto, (max-width: 525px) 100vw, 525px\" \/><figcaption class=\"wp-element-caption\">Die Wandkarten h\u00e4ngen nun fast vollz\u00e4hlig.<\/figcaption><\/figure>\n\n\n\n<p>WIr freuen uns sehr, dass Christian Omonki unser Team verst\u00e4rkt. Er plant auch, sich in ein Amt w\u00e4hlen zu lassen. Gro\u00dfe Freude allerseits!!<\/p>\n\n\n\n<p class=\"has-text-align-center\"><strong>Buchkeller<\/strong><\/p>\n\n\n\n<p>Mit Stand Ende Februar sind fast alle Arbeiten im Buchkeller gemacht, allein der Fu\u00dfboden bleibt ein Schandfleck.<\/p>\n\n\n\n<p>Der Hausmeister Adrian Sanden, der sich sehr um die Schule und die Belange der Bibliothek verdient macht, hat uns heute mitgeteilt, dass das Loch im Boden von ihm verschlossen wurde. Ganz herzlichen Dank daf\u00fcr!<\/p>\n\n\n\n<p class=\"has-text-align-center\"><strong>Wir trauern<\/strong><\/p>\n\n\n\n<p>um Werner Beyer und Dr. Sven L\u00fcken. Beide waren Mitglieder der ersten Stunde im F\u00f6rderverein. Wir m\u00f6chten uns f\u00fcr die nun 25j\u00e4hrige Unterst\u00fctzung bedanken. Ohne Mitglieder wie diese, w\u00e4re die Bibliothek nicht was sie ist. Wir werden beide in bester Erinnerung behalten und sprechen den Familien und Freunden unser aufrichtiges Beileid aus.<\/p>\n\n\n\n<p><\/p>\n\n\n\n<p class=\"has-text-align-center\"><strong>Update zum Buchkeller<\/strong><\/p>\n\n\n\n<p>Nach einem guten Start hat der Verve der Verantwortlichen beim Landkreis Friesland offensichtlich ein wenig nachgelassen. Trotz Anmahnung h\u00e4ngen immer noch Lichtschalter inkl. Kabel lose von der Decke, im Fussboden befindet sich ein 30cm tiefes Loch, gef\u00fcllt mit M\u00fcll, das dringend verschlossen werden m\u00fcsste, da Unfallgefahr besteht. Nachdenklich stimmt uns auch, dass die neu verputzte linke Seitenwand Risse aufzeigt. Da m\u00fcsste wohl mal ein Fachmann seinen Blick drauf werfen. Der Fu\u00dfboden m\u00fcsste renoviert werden.<\/p>\n\n\n\n<p><\/p>\n\n\n\n<p class=\"has-text-align-center\"><strong>Wandkarten-Archiv<\/strong><\/p>\n\n\n\n<p>Herr Peters und Herr Klitsch sind weiterhin bei der Archivierung der Wandkarten aktiv. Erstaunliches wurde dabei zutage gef\u00f6rdert. Das wird wohl mal eine sch\u00f6ne Ausstellung werden.<\/p>\n\n\n\n<figure class=\"wp-block-image aligncenter size-large is-resized\"><img loading=\"lazy\" decoding=\"async\" width=\"693\" height=\"1024\" src=\"https:\/\/www.foerderverein-bibliothek.de\/wp-content\/uploads\/2026\/01\/xx-078-Feldhase-1-693x1024.jpg\" alt=\"\" class=\"wp-image-1668\" style=\"aspect-ratio:0.6767567567567567;width:165px;height:auto\" srcset=\"https:\/\/www.foerderverein-bibliothek.de\/wp-content\/uploads\/2026\/01\/xx-078-Feldhase-1-693x1024.jpg 693w, https:\/\/www.foerderverein-bibliothek.de\/wp-content\/uploads\/2026\/01\/xx-078-Feldhase-1-203x300.jpg 203w, https:\/\/www.foerderverein-bibliothek.de\/wp-content\/uploads\/2026\/01\/xx-078-Feldhase-1-768x1135.jpg 768w, https:\/\/www.foerderverein-bibliothek.de\/wp-content\/uploads\/2026\/01\/xx-078-Feldhase-1-1040x1536.jpg 1040w, https:\/\/www.foerderverein-bibliothek.de\/wp-content\/uploads\/2026\/01\/xx-078-Feldhase-1-rotated.jpg 1253w\" sizes=\"auto, (max-width: 693px) 100vw, 693px\" \/><\/figure>\n\n\n\n<p><\/p>\n\n\n\n<p class=\"has-text-align-center\"><strong><mark style=\"background-color:rgba(0, 0, 0, 0);color:#cf2e2e\" class=\"has-inline-color\">Wir w\u00fcnschen all unseren Mitgliedern, Spendern, Stiftern und Freunden ein gesundes, erfolgreiches Jahr 2026<\/mark><\/strong><\/p>\n\n\n\n<p><\/p>\n\n\n\n<p class=\"has-text-align-center\"><strong>Neues Regal f\u00fcr die Abteilung Jugendb\u00fccher der Bibliothek<\/strong><\/p>\n\n\n\n<p>Die Bibliotheksleiterin Frau Dr. Belemann-Smit w\u00fcnschte sich ein weiteres fahrbares Regal f\u00fcr die Jugendb\u00fccherabteilung der Bibliothek, um das wenig stilvolle und \u00e4sthetisch unpassende wei\u00dfe Spreizregal aus Holz zu ersetzen. Der Vorstand des F\u00f6rdervereins fand dies eine sinnvolle Investition, und so wurde bei EcoDesignLibrary, welche die Nachfolge von SchulzSpeyer angetreten haben, eine ebensolches 90cm breites Regal f\u00fcr fast 1.800,- \u20ac bestellt. Dieses wurde termingerecht geliefert und von einem Monteur aufgebaut.<\/p>\n\n\n\n<figure class=\"wp-block-image aligncenter size-full is-resized\"><img loading=\"lazy\" decoding=\"async\" width=\"652\" height=\"900\" src=\"https:\/\/www.foerderverein-bibliothek.de\/wp-content\/uploads\/2025\/11\/00k_REGAL-website-1-1.jpg\" alt=\"\" class=\"wp-image-1654\" style=\"width:225px;height:auto\" srcset=\"https:\/\/www.foerderverein-bibliothek.de\/wp-content\/uploads\/2025\/11\/00k_REGAL-website-1-1.jpg 652w, https:\/\/www.foerderverein-bibliothek.de\/wp-content\/uploads\/2025\/11\/00k_REGAL-website-1-1-217x300.jpg 217w\" sizes=\"auto, (max-width: 652px) 100vw, 652px\" \/><\/figure>\n\n\n\n<p>Die Bibliotheksleitung fand, dass die oberen Regalbretter besser schr\u00e4g gestellt sein sollten, um Buchdisplays zu erm\u00f6glichen, und so orderte der F\u00f6rderverein noch Schr\u00e4gtraversen nach. Die sind nun seit vorgestern (26.11.25) installiert und m\u00fcssen nur noch vom Hausmeister mit Hilfe eines Akkuschraubers fixiert werden.<\/p>\n\n\n\n<p>Getr\u00fcbt wurde die Freude des F\u00f6rdervereins dadurch, dass die Bibliotheksleitung das scheinbar \u00fcberfl\u00fcssige, \u00e4sthetisch unpassende wei\u00dfe Spreizregal nun an anderer Stelle weiterverwendet, anstatt es zu entsorgen, wie es der F\u00f6rderverein erwartet hatte. <\/p>\n\n\n\n<figure class=\"wp-block-image aligncenter size-full is-resized\"><img loading=\"lazy\" decoding=\"async\" width=\"685\" height=\"900\" src=\"https:\/\/www.foerderverein-bibliothek.de\/wp-content\/uploads\/2025\/11\/00k_REGAL-website-2-1.jpg\" alt=\"\" class=\"wp-image-1657\" style=\"width:241px;height:auto\" srcset=\"https:\/\/www.foerderverein-bibliothek.de\/wp-content\/uploads\/2025\/11\/00k_REGAL-website-2-1.jpg 685w, https:\/\/www.foerderverein-bibliothek.de\/wp-content\/uploads\/2025\/11\/00k_REGAL-website-2-1-228x300.jpg 228w\" sizes=\"auto, (max-width: 685px) 100vw, 685px\" \/><\/figure>\n\n\n\n<p><\/p>\n\n\n\n<p class=\"has-text-align-center\"><strong>H\u00e4ngevorrichtung f\u00fcr die alten Wandkarten<\/strong><\/p>\n\n\n\n<p>Seit Freitag, den 21.11.25, ist die von der Fa. Kreativ Metallbau hergestellte stabile H\u00e4ngevorrichtung aus Stahl f\u00fcr die Wandkarten montiert und ihrer Bestimmung \u00fcbergeben. Sie entspricht den Anforderungen an die Aufnahme von vielen Kilogramm Wandkarten.<\/p>\n\n\n\n<p>Diese H\u00e4ngevorrichtung wurde zu 100% vom F\u00f6rderverein finanziert. Jetzt k\u00f6nnen die alten Karten in einem trockenen Buchkeller nummerisch geordnet Platz finden. Ein weiterer Schritt f\u00fcr die langfristige, sinnvolle Aufbewahrung von schulhistorischen Artefakten.<\/p>\n\n\n\n<figure class=\"wp-block-image aligncenter size-full is-resized\"><img loading=\"lazy\" decoding=\"async\" width=\"675\" height=\"900\" src=\"https:\/\/www.foerderverein-bibliothek.de\/wp-content\/uploads\/2025\/11\/00k_Regal-1.jpg\" alt=\"\" class=\"wp-image-1635\" style=\"width:226px;height:auto\" srcset=\"https:\/\/www.foerderverein-bibliothek.de\/wp-content\/uploads\/2025\/11\/00k_Regal-1.jpg 675w, https:\/\/www.foerderverein-bibliothek.de\/wp-content\/uploads\/2025\/11\/00k_Regal-1-225x300.jpg 225w\" sizes=\"auto, (max-width: 675px) 100vw, 675px\" \/><\/figure>\n\n\n\n<p>Die Luftfeuchtigkeit im alten Buchkeller bereitet uns keine Sorgen mehr. Das vom F\u00f6rderverein angeschaffte moderne Hygrometer zeigt, dass die Luftfeuchtigkeit unter 50% liegt und f\u00fcr die dort gelagerten Sch\u00e4tze ideal ist. <\/p>\n\n\n\n<p>Die Renovierung (mit einer Beteiligung von 4.000.- \u20ac vom F\u00f6rderverein) hat sich also als sinnvoll erwiesen. Das hat der Landkreis Friesland gut gemacht. Herrn Schmid und Herrn Alpaslan gilt unser Dank. Nur die Elektroschalter und Steckdosen baumeln noch lose an ihren Kabeln. Da m\u00fcsste noch einmal ein Elektriker sein K\u00f6nnen unter Beweis stellen.<\/p>\n\n\n\n<figure class=\"wp-block-image aligncenter size-full is-resized\"><img loading=\"lazy\" decoding=\"async\" width=\"675\" height=\"900\" src=\"https:\/\/www.foerderverein-bibliothek.de\/wp-content\/uploads\/2025\/11\/00k_Regal-2.jpg\" alt=\"\" class=\"wp-image-1636\" style=\"width:197px;height:auto\" srcset=\"https:\/\/www.foerderverein-bibliothek.de\/wp-content\/uploads\/2025\/11\/00k_Regal-2.jpg 675w, https:\/\/www.foerderverein-bibliothek.de\/wp-content\/uploads\/2025\/11\/00k_Regal-2-225x300.jpg 225w\" sizes=\"auto, (max-width: 675px) 100vw, 675px\" \/><figcaption class=\"wp-element-caption\">Die ersten zwei Karten sind probeweise aufgeh\u00e4ngt.<\/figcaption><\/figure>\n\n\n\n<p><\/p>\n\n\n\n<p><\/p>\n\n\n\n<p class=\"has-text-align-center\"><strong>Archivierung des alten Wandkartenbestandes<\/strong><\/p>\n\n\n\n<p>Herr Klitsch und Herr Peters vom F\u00f6rderverein sind seit geraumer Zeit dabei, die alten Schulwandkarten, auch Rollkarten genannt, zu archivieren. Dabei haben sie festgestellt, dass diese ehemaligen Lehrmittel nicht nur historisch, sondern durchaus auch finanziell wertvoll ist. Sie reichen zur\u00fcck bis in das Jahr 1900.<\/p>\n\n\n\n<figure class=\"wp-block-image size-full\"><img loading=\"lazy\" decoding=\"async\" width=\"900\" height=\"506\" src=\"https:\/\/www.foerderverein-bibliothek.de\/wp-content\/uploads\/2025\/11\/00k_028a.jpg\" alt=\"\" class=\"wp-image-1632\" srcset=\"https:\/\/www.foerderverein-bibliothek.de\/wp-content\/uploads\/2025\/11\/00k_028a.jpg 900w, https:\/\/www.foerderverein-bibliothek.de\/wp-content\/uploads\/2025\/11\/00k_028a-300x169.jpg 300w, https:\/\/www.foerderverein-bibliothek.de\/wp-content\/uploads\/2025\/11\/00k_028a-768x432.jpg 768w\" sizes=\"auto, (max-width: 900px) 100vw, 900px\" \/><figcaption class=\"wp-element-caption\">Der Stammbusch des Tierreichs nach <br>Prof. Dr. A. Heintz. Ein ber\u00fchmtes Wandgem\u00e4lde im Wissenschaftsmuseum Oslo von der K\u00fcnstlerin Borgny Bay 1937<\/figcaption><\/figure>\n\n\n\n<p>Eine Recherche im Internet ergab, dass Kartensammler f\u00fcr bestimmte Karten durchaus einen hohen dreistelligen Betrag zu zahlen bereit sind. Die Karten sind in vielen F\u00e4llen gestalterisch sehr kunstvoll angelegt und von bekannten K\u00fcnstlern ausgef\u00fchrt worden.<\/p>\n\n\n\n<figure class=\"wp-block-image aligncenter size-full\"><img loading=\"lazy\" decoding=\"async\" width=\"506\" height=\"900\" src=\"https:\/\/www.foerderverein-bibliothek.de\/wp-content\/uploads\/2025\/11\/00k_052a.jpg\" alt=\"\" class=\"wp-image-1633\" srcset=\"https:\/\/www.foerderverein-bibliothek.de\/wp-content\/uploads\/2025\/11\/00k_052a.jpg 506w, https:\/\/www.foerderverein-bibliothek.de\/wp-content\/uploads\/2025\/11\/00k_052a-169x300.jpg 169w\" sizes=\"auto, (max-width: 506px) 100vw, 506px\" \/><figcaption class=\"wp-element-caption\">Die Kreuzotter: Ophidia Il. Vipera berus. <br>Diese Wandkarte, publiziert von Martinus in &#8217;s Gravenhage, NL, und gezeichnet vom \u00f6sterreichischen Zoologen und K\u00fcnstler Paul Pfurtscheller, wurde auch am zoologischen Institut der Universit\u00e4t Glasgow bereits gegen Ende des 19. Jahrhunderts in den Vorlesungen gezeigt.<\/figcaption><\/figure>\n\n\n\n<p>Es ist eine Freude, diese Karten nun wieder einmal zu entrollen, zu geniessen und zu archivieren. Bislang zwei Exemplare empfanden Peters und Klitsch als restaurierungsbed\u00fcrftig. Dies wird sicherlich eine Aufgabe des F\u00f6rdervereins werden, die Restaurierung finanziell zu erm\u00f6glichen.<\/p>\n\n\n\n<p class=\"has-text-align-center\"><strong>Renovierung des alten Buchkellers<\/strong><\/p>\n\n\n\n<figure class=\"wp-block-image aligncenter size-full\"><img loading=\"lazy\" decoding=\"async\" width=\"600\" height=\"450\" src=\"https:\/\/www.foerderverein-bibliothek.de\/wp-content\/uploads\/2025\/08\/000k_b.jpg\" alt=\"\" class=\"wp-image-1622\" srcset=\"https:\/\/www.foerderverein-bibliothek.de\/wp-content\/uploads\/2025\/08\/000k_b.jpg 600w, https:\/\/www.foerderverein-bibliothek.de\/wp-content\/uploads\/2025\/08\/000k_b-300x225.jpg 300w\" sizes=\"auto, (max-width: 600px) 100vw, 600px\" \/><\/figure>\n\n\n\n<p>Die Heizk\u00f6rper sind montiert. Die elektrischen Leitungen mit den Schaltern baumeln noch&#8230; da ist eine andere Truppe Handwerker gefordert.<\/p>\n\n\n\n<figure class=\"wp-block-image aligncenter size-full\"><img loading=\"lazy\" decoding=\"async\" width=\"450\" height=\"600\" src=\"https:\/\/www.foerderverein-bibliothek.de\/wp-content\/uploads\/2025\/08\/000k_Q.jpg\" alt=\"\" class=\"wp-image-1623\" srcset=\"https:\/\/www.foerderverein-bibliothek.de\/wp-content\/uploads\/2025\/08\/000k_Q.jpg 450w, https:\/\/www.foerderverein-bibliothek.de\/wp-content\/uploads\/2025\/08\/000k_Q-225x300.jpg 225w\" sizes=\"auto, (max-width: 450px) 100vw, 450px\" \/><\/figure>\n\n\n\n<p>Was uns etwas Sorgen macht, ist die Luftfeuchtigkeit&#8230; vielleicht ist die dem noch nicht ausgetrochneten neuen Putz geschuldet?<\/p>\n\n\n\n<p><strong>Stand 13.8.25<\/strong><\/p>\n\n\n\n<p>Wir werden beobachten.<\/p>\n\n\n\n<figure class=\"wp-block-image aligncenter size-full is-resized\"><img loading=\"lazy\" decoding=\"async\" width=\"450\" height=\"600\" src=\"https:\/\/www.foerderverein-bibliothek.de\/wp-content\/uploads\/2025\/08\/00k_IMG_3226-1.jpg\" alt=\"\" class=\"wp-image-1617\" style=\"width:244px;height:auto\" srcset=\"https:\/\/www.foerderverein-bibliothek.de\/wp-content\/uploads\/2025\/08\/00k_IMG_3226-1.jpg 450w, https:\/\/www.foerderverein-bibliothek.de\/wp-content\/uploads\/2025\/08\/00k_IMG_3226-1-225x300.jpg 225w\" sizes=\"auto, (max-width: 450px) 100vw, 450px\" \/><\/figure>\n\n\n\n<p>Was noch fehlt ist die Montage der Heizk\u00f6rper und die Montage der Lichtsschalter und Steckdosen. Dann muss man noch an den Fu\u00dfboden gehen, denn der bildet einen h\u00e4sslichen Kontrast zu den strahlenden W\u00e4nden. <\/p>\n\n\n\n<p><strong>Stand 6. August 2025.<\/strong><\/p>\n\n\n\n<figure class=\"wp-block-image aligncenter size-full is-resized\"><img loading=\"lazy\" decoding=\"async\" width=\"450\" height=\"600\" src=\"https:\/\/www.foerderverein-bibliothek.de\/wp-content\/uploads\/2025\/08\/00k_IMG_3227.jpg\" alt=\"\" class=\"wp-image-1615\" style=\"width:235px;height:auto\" srcset=\"https:\/\/www.foerderverein-bibliothek.de\/wp-content\/uploads\/2025\/08\/00k_IMG_3227.jpg 450w, https:\/\/www.foerderverein-bibliothek.de\/wp-content\/uploads\/2025\/08\/00k_IMG_3227-225x300.jpg 225w\" sizes=\"auto, (max-width: 450px) 100vw, 450px\" \/><\/figure>\n\n\n\n<p><\/p>\n\n\n\n<p>Das sieht doch schon ganz manierlich aus. Der Putz ist auf der Wand, <\/p>\n\n\n\n<p><strong>Stand 22. Juli 2025.<\/strong><\/p>\n\n\n\n<figure class=\"wp-block-image aligncenter size-full is-resized\"><img loading=\"lazy\" decoding=\"async\" width=\"450\" height=\"600\" src=\"https:\/\/www.foerderverein-bibliothek.de\/wp-content\/uploads\/2025\/07\/00k_Fortschritt-22.7.jpg\" alt=\"\" class=\"wp-image-1610\" style=\"width:234px;height:auto\" srcset=\"https:\/\/www.foerderverein-bibliothek.de\/wp-content\/uploads\/2025\/07\/00k_Fortschritt-22.7.jpg 450w, https:\/\/www.foerderverein-bibliothek.de\/wp-content\/uploads\/2025\/07\/00k_Fortschritt-22.7-225x300.jpg 225w\" sizes=\"auto, (max-width: 450px) 100vw, 450px\" \/><\/figure>\n\n\n\n<p class=\"has-text-align-center\"><strong>Renovierung des alten Buchkellers<\/strong><\/p>\n\n\n\n<p class=\"has-text-align-left\">Nachdem nun auf Initiative des F\u00f6rdervereins der Landkreis Friesland nach der Begehung im Januar 2024 die Undichtigkeiten im Fallwassersystem der Schule beseitigt hat und somit eine weitere Durchfeuchtung des Mauerwerks gestoppt wurde, konnte unter der Regie des Hausmeisters Adrian Sanden eine Testphase beginnen, bei der das Luftentfeuchtungsger\u00e4t ausgeschaltet wurde. Es ergab sich keine h\u00f6here Luftfeuchtigkeit im Buchkeller, so dass davon ausgegangen werden konnte, dass eine Sanierung des Kellers nun sinnvoll ist. <\/p>\n\n\n\n<figure class=\"wp-block-image aligncenter size-full is-resized\"><img loading=\"lazy\" decoding=\"async\" width=\"375\" height=\"500\" src=\"https:\/\/www.foerderverein-bibliothek.de\/wp-content\/uploads\/2025\/07\/00k_IMG_3147.jpg\" alt=\"\" class=\"wp-image-1602\" style=\"width:252px;height:auto\" srcset=\"https:\/\/www.foerderverein-bibliothek.de\/wp-content\/uploads\/2025\/07\/00k_IMG_3147.jpg 375w, https:\/\/www.foerderverein-bibliothek.de\/wp-content\/uploads\/2025\/07\/00k_IMG_3147-225x300.jpg 225w\" sizes=\"auto, (max-width: 375px) 100vw, 375px\" \/><figcaption class=\"wp-element-caption\">die alten B\u00fccher gut gesch\u00fctzt<\/figcaption><\/figure>\n\n\n\n<p>Der Landkreis Friesland, bzw. das Bauresort unter Herrn Alpaslan und Herrn Schmid, sagte zu, die Sanierungsma\u00dfnahmen in den Sommerferien 2025 vorzunehmen. <\/p>\n\n\n\n<figure class=\"wp-block-image aligncenter size-full is-resized\"><img loading=\"lazy\" decoding=\"async\" width=\"375\" height=\"500\" src=\"https:\/\/www.foerderverein-bibliothek.de\/wp-content\/uploads\/2025\/07\/00k_IMG_3145.jpg\" alt=\"\" class=\"wp-image-1603\" style=\"width:281px;height:auto\" srcset=\"https:\/\/www.foerderverein-bibliothek.de\/wp-content\/uploads\/2025\/07\/00k_IMG_3145.jpg 375w, https:\/\/www.foerderverein-bibliothek.de\/wp-content\/uploads\/2025\/07\/00k_IMG_3145-225x300.jpg 225w\" sizes=\"auto, (max-width: 375px) 100vw, 375px\" \/><figcaption class=\"wp-element-caption\">das sieht ja schon gut aus<\/figcaption><\/figure>\n\n\n\n<p>Am drittletzten Schultag stand schon der Handwerksbetrieb in der Schule, um die Sanierungsarbeiten vorzunehmen. Dazu mussten ein paar Wegr\u00e4umaktionen gestartet werden, die Dr. Anja Belemann-Smit p\u00fcnktlich erledigte. Dass sie auch noch die Land-und andere Karten aus dem Kellerraum bringen musste, war so nicht geplant, aber Herr Klitsch lag bei Eintreffen der Handwerker mit entz\u00fcndetem Fu\u00df im Bett.<\/p>\n\n\n\n<p>Es wurde nun zuerst eine bis an die Decke reichende Folierung vorgenommen, um die alten B\u00fccher vor dem Baustaub zu sch\u00fctzen. Dann wurden die alten Heizk\u00f6rper und das \u00fcberfl\u00fcssige Waschbecken entfernt. Im Anschluss wurde der marode, durchsiffte Putz abgetragen. <\/p>\n\n\n\n<figure class=\"wp-block-image aligncenter size-full\"><img loading=\"lazy\" decoding=\"async\" width=\"375\" height=\"500\" src=\"https:\/\/www.foerderverein-bibliothek.de\/wp-content\/uploads\/2025\/07\/00k_IMG_3144.jpg\" alt=\"\" class=\"wp-image-1604\" srcset=\"https:\/\/www.foerderverein-bibliothek.de\/wp-content\/uploads\/2025\/07\/00k_IMG_3144.jpg 375w, https:\/\/www.foerderverein-bibliothek.de\/wp-content\/uploads\/2025\/07\/00k_IMG_3144-225x300.jpg 225w\" sizes=\"auto, (max-width: 375px) 100vw, 375px\" \/><figcaption class=\"wp-element-caption\">Hartmut Peters vom F\u00f6rderverein mit dem ausf\u00fchrenden Handwerker<\/figcaption><\/figure>\n\n\n\n<p>Das ist der Stand der Dinge. Nun kann damit begonnen werden, den neuen Putz aufzutragen und neue Heizk\u00f6rper zu installieren. Dann wird nicht nur optisch der das Bucharchiv im Keller aufgewertet sein.<\/p>\n\n\n\n<figure class=\"wp-block-image aligncenter size-full\"><img loading=\"lazy\" decoding=\"async\" width=\"281\" height=\"500\" src=\"https:\/\/www.foerderverein-bibliothek.de\/wp-content\/uploads\/2025\/07\/00k_20250709_153614.jpg\" alt=\"\" class=\"wp-image-1605\" srcset=\"https:\/\/www.foerderverein-bibliothek.de\/wp-content\/uploads\/2025\/07\/00k_20250709_153614.jpg 281w, https:\/\/www.foerderverein-bibliothek.de\/wp-content\/uploads\/2025\/07\/00k_20250709_153614-169x300.jpg 169w\" sizes=\"auto, (max-width: 281px) 100vw, 281px\" \/><figcaption class=\"wp-element-caption\">Herr Klitsch vom F\u00f6rderverein schaut sich zufrieden um<\/figcaption><\/figure>\n\n\n\n<p class=\"has-text-align-center\"><strong>Staffel\u00fcbergabe<\/strong><\/p>\n\n\n\n<p>Es ist vollbracht! Auf der Jahreshauptversammlung am 19. M\u00e4rz 2025 wurde Frau Petra Antons als Nachfolgerin unseres Schatzmeisters Hartmut Kroll in ihr Amt gew\u00e4hlt. Die Verdienste Hartmut Krolls f\u00fcr den F\u00f6rderverein hier aufzulisten, w\u00fcrde den Rahmen sprengen, denn sein Tun war einzigartig und wird sich kaum wiederholen lassen. <\/p>\n\n\n\n<p>Hartmut Kroll wurde vielfach geehrt. Er schleicht sich nun langsam aus einem Amt, das er mehr als 25 Jahre verantwortungs- und aufopferungsvoll bekleidet hat. Wir k\u00f6nnen ihm nicht genug danken, aber das haben wir bei zahlreichen Gelegenheiten schon getan.<\/p>\n\n\n\n<figure class=\"wp-block-image aligncenter size-large is-resized\"><img loading=\"lazy\" decoding=\"async\" width=\"1024\" height=\"768\" src=\"https:\/\/www.foerderverein-bibliothek.de\/wp-content\/uploads\/2025\/04\/25-03-24-Kroll-Antons-1024x768.jpg\" alt=\"\" class=\"wp-image-1592\" style=\"width:289px;height:auto\" srcset=\"https:\/\/www.foerderverein-bibliothek.de\/wp-content\/uploads\/2025\/04\/25-03-24-Kroll-Antons-1024x768.jpg 1024w, https:\/\/www.foerderverein-bibliothek.de\/wp-content\/uploads\/2025\/04\/25-03-24-Kroll-Antons-300x225.jpg 300w, https:\/\/www.foerderverein-bibliothek.de\/wp-content\/uploads\/2025\/04\/25-03-24-Kroll-Antons-768x576.jpg 768w, https:\/\/www.foerderverein-bibliothek.de\/wp-content\/uploads\/2025\/04\/25-03-24-Kroll-Antons-1536x1152.jpg 1536w, https:\/\/www.foerderverein-bibliothek.de\/wp-content\/uploads\/2025\/04\/25-03-24-Kroll-Antons-2048x1536.jpg 2048w\" sizes=\"auto, (max-width: 1024px) 100vw, 1024px\" \/><\/figure>\n\n\n\n<p>Doch nun ist eine neue \u00c4gide angebrochen, und wir freuen uns, Frau Antons an Bord zu haben. Nat\u00fcrlich wird Hartmut Kroll sie noch gr\u00fcndlich in die Anforderungen des Amts einweisen.<\/p>\n\n\n\n<p><\/p>\n\n\n\n<p class=\"has-text-align-center\"><strong>Ein gro\u00dfer Verlust<\/strong><\/p>\n\n\n\n<p>Am 8. Februar verstarb mit 90 Jahren unser Ehrenvorsitzender Enno Sch\u00f6nbohm. Er war 1998 Gr\u00fcndungsvorsitzender des F\u00f6rdervereins und wirkte 16 Jahre als Vorsitzender zum Wohle des Vereins. Unter seiner \u00c4gide konnte die Bibliothek zu der gemacht werden, die sie heute ist. Investitionen im mittleren sechsstelligen Bereich hatte er mitzuverantworten. Die Belange der Bibliothek waren ihm immer wichtig, auch im Amte des Schulbibliothekars, der er bis zu seiner Pensionierung 1997 f\u00fcr acht Jahre gewesen war.<\/p>\n\n\n\n<p>Enno Sch\u00f6nbohm hat die kulturelle Landschaft in Jever nicht allein durch seine musikalischen Interessen bereichert. Sein kulturgeschichtliches Schaffen wurde in der Forschung wie auch durch zahlreiche Aufs\u00e4tze manifest. Unter anderem hat er die Festschrift \u201e425 Jahre Mariengymnasium\u201c redaktionell und als Autor ma\u00dfgeblich mitgestaltet. Er war ein Experte auf dem Gebiet der Wiegendrucke, und so hat sich sein Wissen \u00fcber die L\u00fcbecker Bibel von 1494 in einem langen Aufsatz f\u00fcr das Buch \u201eDie Bibliothek des Mariengymnasiums &#8211; ein Kosmos f\u00fcr sich\u201c manifestiert.<\/p>\n\n\n\n<p>Das Mariengymnasium verliert eine wichtige Bezugsperson, denn Enno Sch\u00f6nbohm war ein ausgewiesener Kenner der Schulgeschichte, und sein Engagement f\u00fcr die Schule blieb auch nach seiner Pensionierung 1997 ungemindert. So war er auch viele Jahre Vorsitzender des Vereins der Ehemaligen.<\/p>\n\n\n\n<figure class=\"wp-block-image aligncenter size-full is-resized\"><img loading=\"lazy\" decoding=\"async\" width=\"700\" height=\"638\" src=\"https:\/\/www.foerderverein-bibliothek.de\/wp-content\/uploads\/2025\/02\/00k_Enno-SChoenbohm.jpg\" alt=\"\" class=\"wp-image-1586\" style=\"width:286px;height:auto\" srcset=\"https:\/\/www.foerderverein-bibliothek.de\/wp-content\/uploads\/2025\/02\/00k_Enno-SChoenbohm.jpg 700w, https:\/\/www.foerderverein-bibliothek.de\/wp-content\/uploads\/2025\/02\/00k_Enno-SChoenbohm-300x273.jpg 300w\" sizes=\"auto, (max-width: 700px) 100vw, 700px\" \/><\/figure>\n\n\n\n<p>Wir vom F\u00f6rderverein vermissen Enno Sch\u00f6nbohm schmerzlich. Seine Expertise ist unersetzlich, seine ruhige und freundliche Art hat seine Anwesenheit immer angenehm gemacht. Vor kurzem noch waren wir zu seinem 90. Geburtstag bei ihm zu Gast (siehe unten). <\/p>\n\n\n\n<p>Es ist traurig, dass wir ihn nun nie wieder in den R\u00e4umen der Bibliothek und zwischen den alten B\u00fcchern beobachten k\u00f6nnen. Sein Tod ist ein gro\u00dfer Verlust f\u00fcr uns, und unsere Dankbarkeit wird er immer haben.<\/p>\n\n\n\n<p><\/p>\n\n\n\n<p class=\"has-text-align-center\"><strong>Wir trauern<\/strong><\/p>\n\n\n\n<p>Wir trauern um unseren Vorsitzenden Christoph Hinz. Er wurde am 28. Januar mit 61 Jahren unerwartet aus dem Leben gerissen.<\/p>\n\n\n\n<p>Nicht einmal f\u00fcnf Monate hatte er den Vorsitz des F\u00f6rdervereins inne, und so war es ihm nicht verg\u00f6nnt, seine Ideen und Pl\u00e4ne in die Tat umzusetzen.<\/p>\n\n\n\n<figure class=\"wp-block-image aligncenter size-full is-resized\"><img loading=\"lazy\" decoding=\"async\" width=\"476\" height=\"700\" src=\"https:\/\/www.foerderverein-bibliothek.de\/wp-content\/uploads\/2025\/02\/00k_Hinz.jpg\" alt=\"\" class=\"wp-image-1571\" style=\"width:205px;height:auto\" srcset=\"https:\/\/www.foerderverein-bibliothek.de\/wp-content\/uploads\/2025\/02\/00k_Hinz.jpg 476w, https:\/\/www.foerderverein-bibliothek.de\/wp-content\/uploads\/2025\/02\/00k_Hinz-204x300.jpg 204w\" sizes=\"auto, (max-width: 476px) 100vw, 476px\" \/><\/figure>\n\n\n\n<p>Seit Beginn seiner T\u00e4tigkeit beim Jeverschen Wochenblatt hat er unsere Bibliothek journalistisch und ideell begleitet. Viele Artikel \u00fcber B\u00fccher aus dem Altbestand hat er sachkundig und sprachlich geschliffen im Jeverschen Wochenblatt ver\u00f6ffentlicht. So hat er diese Werke aus der Bibliothek in die \u00d6ffentlichkeit getragen. Auch f\u00fcr unser Buch \u00fcber die alte Bibliothek \u201eEin Kosmos f\u00fcr sich\u201c hat er mehrere tiefgr\u00fcndige und analytisch fundierte Aufs\u00e4tze verfasst. Christoph hatte ein echtes Interesse an diesen alten Werken, und umso trauriger ist es, dass er diese nun nicht mehr in die Hand nehmen und begutachten kann.<\/p>\n\n\n\n<p>Der Vorstand ist tief getroffen, dass unser Vorsitzender nach so kurzer Zeit von uns gehen musste. Wir hatten so viele Hoffnungen mit seiner T\u00e4tigkeit verkn\u00fcpft.<\/p>\n\n\n\n<p><\/p>\n\n\n\n<p class=\"has-text-align-center\"><strong><mark style=\"background-color:rgba(0, 0, 0, 0);color:#540980\" class=\"has-inline-color\">Sven Pfizenmaier liest im LK 13<\/mark><\/strong><\/p>\n\n\n\n<p>\u201eLiteratur und Sprache von 1945 bis zur Gegenwart\u201c ist das Thema im 3. Halbjahr der Qualifikationsphase zum Abitur 2025, und der Roman \u201eDrau\u00dfen feiern die Leute\u201c von 2022 ist Pflichtlekt\u00fcre f\u00fcr die Sch\u00fcler der Oberstufe in Niedersachsen.<\/p>\n\n\n\n<p>Die im Kurs von Frau Bartke unterrichtende Referendarin Frau Pape hatte Verbindungen zum Autor Sven Pfizenmaier gekn\u00fcpft, und dieser hatte sich zu einer Lesung am Mariengymnasium bereiterkl\u00e4rt. So konnten die Sch\u00fcler der Jahrgangsstufe 13 am 16. Dezember Ausz\u00fcge aus dem Roman \u201eDrau\u00dfen feiern die Leute\u201c h\u00f6ren und mit dem Autor Gespr\u00e4che f\u00fchren.<\/p>\n\n\n\n<figure class=\"wp-block-image aligncenter size-large\"><img loading=\"lazy\" decoding=\"async\" width=\"1024\" height=\"461\" src=\"https:\/\/www.foerderverein-bibliothek.de\/wp-content\/uploads\/2024\/12\/Der-Autor-im-Gespraech-mit-Schueler-innen-1024x461.jpg\" alt=\"\" class=\"wp-image-1550\" srcset=\"https:\/\/www.foerderverein-bibliothek.de\/wp-content\/uploads\/2024\/12\/Der-Autor-im-Gespraech-mit-Schueler-innen-1024x461.jpg 1024w, https:\/\/www.foerderverein-bibliothek.de\/wp-content\/uploads\/2024\/12\/Der-Autor-im-Gespraech-mit-Schueler-innen-300x135.jpg 300w, https:\/\/www.foerderverein-bibliothek.de\/wp-content\/uploads\/2024\/12\/Der-Autor-im-Gespraech-mit-Schueler-innen-768x346.jpg 768w, https:\/\/www.foerderverein-bibliothek.de\/wp-content\/uploads\/2024\/12\/Der-Autor-im-Gespraech-mit-Schueler-innen-1536x691.jpg 1536w, https:\/\/www.foerderverein-bibliothek.de\/wp-content\/uploads\/2024\/12\/Der-Autor-im-Gespraech-mit-Schueler-innen.jpg 1829w\" sizes=\"auto, (max-width: 1024px) 100vw, 1024px\" \/><figcaption class=\"wp-element-caption\">Der Autor im Gespr\u00e4ch mit Sch\u00fcler*innen<\/figcaption><\/figure>\n\n\n\n<p>Das Honorar f\u00fcr Sven Pfizenmaier wurde mit 350,- \u20ac zu einem gro\u00dfen Teil vom F\u00f6rderverein getragen. Eines unserer Vorstandsmitglieder hatte sich spontan entschlossen, diesen Betrag um weitere 100,- \u20ac aus eigener Tasche aufzustocken. So hatten die Sch\u00fcler*innen des Deutsch Leistungskurses die f\u00fcr sie bislang einmalige Gelegenheit mit einem Autor \u00fcber sein Werk zu diskutieren.<\/p>\n\n\n\n<figure class=\"wp-block-image aligncenter size-large\"><img loading=\"lazy\" decoding=\"async\" width=\"1024\" height=\"518\" src=\"https:\/\/www.foerderverein-bibliothek.de\/wp-content\/uploads\/2024\/12\/Der-Autur-der-LK-Deutsch-und-die-Lehrerinnen-1024x518.jpg\" alt=\"\" class=\"wp-image-1551\" srcset=\"https:\/\/www.foerderverein-bibliothek.de\/wp-content\/uploads\/2024\/12\/Der-Autur-der-LK-Deutsch-und-die-Lehrerinnen-1024x518.jpg 1024w, https:\/\/www.foerderverein-bibliothek.de\/wp-content\/uploads\/2024\/12\/Der-Autur-der-LK-Deutsch-und-die-Lehrerinnen-300x152.jpg 300w, https:\/\/www.foerderverein-bibliothek.de\/wp-content\/uploads\/2024\/12\/Der-Autur-der-LK-Deutsch-und-die-Lehrerinnen-768x389.jpg 768w, https:\/\/www.foerderverein-bibliothek.de\/wp-content\/uploads\/2024\/12\/Der-Autur-der-LK-Deutsch-und-die-Lehrerinnen-1536x777.jpg 1536w, https:\/\/www.foerderverein-bibliothek.de\/wp-content\/uploads\/2024\/12\/Der-Autur-der-LK-Deutsch-und-die-Lehrerinnen-2048x1036.jpg 2048w\" sizes=\"auto, (max-width: 1024px) 100vw, 1024px\" \/><figcaption class=\"wp-element-caption\">Der Autor, der LK Deutsch und die Lehrerinnen<\/figcaption><\/figure>\n\n\n\n<p><\/p>\n\n\n\n<p class=\"has-text-align-center\"><strong><mark style=\"background-color:rgba(0, 0, 0, 0);color:#68018c\" class=\"has-inline-color\">90. Geburtstag Enno Sch\u00f6nbohm<\/mark><\/strong><\/p>\n\n\n\n<figure class=\"wp-block-image aligncenter size-full is-resized\"><img loading=\"lazy\" decoding=\"async\" width=\"900\" height=\"675\" src=\"https:\/\/www.foerderverein-bibliothek.de\/wp-content\/uploads\/2024\/12\/00k_Der-Vorstand-zu-Gast-bei-Enno-SChoenbohm-2.jpg\" alt=\"\" class=\"wp-image-1539\" style=\"width:284px;height:auto\" srcset=\"https:\/\/www.foerderverein-bibliothek.de\/wp-content\/uploads\/2024\/12\/00k_Der-Vorstand-zu-Gast-bei-Enno-SChoenbohm-2.jpg 900w, https:\/\/www.foerderverein-bibliothek.de\/wp-content\/uploads\/2024\/12\/00k_Der-Vorstand-zu-Gast-bei-Enno-SChoenbohm-2-300x225.jpg 300w, https:\/\/www.foerderverein-bibliothek.de\/wp-content\/uploads\/2024\/12\/00k_Der-Vorstand-zu-Gast-bei-Enno-SChoenbohm-2-768x576.jpg 768w\" sizes=\"auto, (max-width: 900px) 100vw, 900px\" \/><figcaption class=\"wp-element-caption\">Hans-J\u00fcrgen Klitsch, Christoph Hinz, Enno Sch\u00f6nbohm, Hartmut Kroll, Hartmut Peters<\/figcaption><\/figure>\n\n\n\n<p>Am 23. November 2024 wurde der langj\u00e4hrige Vorsitzende und jetzige Ehrenvorsitzende des F\u00f6rdervereins Bibliothek 90 Jahre alt. Anfang Dezember machten ihm deshalb Christoph Hinz, Hans-J\u00fcrgen Klitsch und Hartmut Kroll vom Vorstand des F\u00f6rdervereins und der ebenfalls langj\u00e4hrige Vorsitzende Hartmut Peters die Aufwartung, denn wir waren zu Kaffee und Kuchen geladen. <\/p>\n\n\n\n<p>Es war ein sch\u00f6ner Nachmittag mit anregenden Gespr\u00e4chen, der leider viel zu schnell zu Ende ging. Wir nutzten die Gelegenheit zu einem Foto, welches den Vorsitz des F\u00f6rdervereins Bibliothek \u00fcber nunmehr 26 Jahre dokumentiert. Ein sicher historisches Foto zeigt von links Christoph Hinz (Vorsitzender ab 2024), Hartmut Peters (Vorsitzender 2014 bis 2024) und Enno Sch\u00f6nbohm (Vorsitzender 1998 bis 2014).<\/p>\n\n\n\n<figure class=\"wp-block-image aligncenter size-full\"><img loading=\"lazy\" decoding=\"async\" width=\"500\" height=\"375\" src=\"https:\/\/www.foerderverein-bibliothek.de\/wp-content\/uploads\/2024\/12\/00k_3-Vorstaendler-2.jpg\" alt=\"\" class=\"wp-image-1540\" srcset=\"https:\/\/www.foerderverein-bibliothek.de\/wp-content\/uploads\/2024\/12\/00k_3-Vorstaendler-2.jpg 500w, https:\/\/www.foerderverein-bibliothek.de\/wp-content\/uploads\/2024\/12\/00k_3-Vorstaendler-2-300x225.jpg 300w\" sizes=\"auto, (max-width: 500px) 100vw, 500px\" \/><figcaption class=\"wp-element-caption\">Die heiligen drei Vorsitzenden<\/figcaption><\/figure>\n\n\n\n<p><\/p>\n\n\n\n<p><\/p>\n\n\n\n<p class=\"has-text-align-center\"><mark style=\"background-color:rgba(0, 0, 0, 0);color:#7d035f\" class=\"has-inline-color\"><strong>Ein neuer Vorsitzender und ein Schatzmeister auf Abruf<\/strong><\/mark><\/p>\n\n\n\n<p>Am 3. September wurde Christoph Hinz zum neuen 1. Vorsitzenden des F\u00f6rdervereins gew\u00e4hlt. Er tritt die Nachfolge von Hartmut Peters an, der in der Tat gro\u00dfe Fu\u00dfstapfen hinterlassen hat. Wer immer mit Hartmut Peters im Bezug zum F\u00f6rderverein zu tun hatte, wei\u00df sein Wirken entsprechend einzuordnen, d. h. ganz oben. Aber Christoph Hinz hat w\u00e4hrend der Versammlung schon klar gemacht, dass auch er besondere Projekte f\u00fcr den F\u00f6rderverein auf der Agenda hat. <\/p>\n\n\n\n<p>Christoph Hinz hat bereits viel Erfahrung mit unseren alten B\u00fcchern, und er war h\u00e4ufiger Gast im Hollmann-Raum. Er hat nicht nur eine Serie im Jeverschen Wochenblatt zu Schriften aus der Bibliothek zu verantworten, sondern auch eine Reihe von Aufs\u00e4tzen f\u00fcr das Buch &#8222;Die Bibliothek des Mariengymnasiums Jever &#8211; ein Kosmos f\u00fcr sich&#8220; geschrieben. Unsere Ausstellungen hat er interessiert und journalistisch kenntnisreich begleitet.<\/p>\n\n\n\n<figure class=\"wp-block-image size-large\"><img loading=\"lazy\" decoding=\"async\" width=\"1024\" height=\"768\" src=\"https:\/\/www.foerderverein-bibliothek.de\/wp-content\/uploads\/2024\/09\/Christoph-Hinz-Bild-1024x768.jpg\" alt=\"\" class=\"wp-image-1504\" srcset=\"https:\/\/www.foerderverein-bibliothek.de\/wp-content\/uploads\/2024\/09\/Christoph-Hinz-Bild-1024x768.jpg 1024w, https:\/\/www.foerderverein-bibliothek.de\/wp-content\/uploads\/2024\/09\/Christoph-Hinz-Bild-300x225.jpg 300w, https:\/\/www.foerderverein-bibliothek.de\/wp-content\/uploads\/2024\/09\/Christoph-Hinz-Bild-768x576.jpg 768w, https:\/\/www.foerderverein-bibliothek.de\/wp-content\/uploads\/2024\/09\/Christoph-Hinz-Bild-1536x1152.jpg 1536w, https:\/\/www.foerderverein-bibliothek.de\/wp-content\/uploads\/2024\/09\/Christoph-Hinz-Bild-2048x1536.jpg 2048w\" sizes=\"auto, (max-width: 1024px) 100vw, 1024px\" \/><figcaption class=\"wp-element-caption\">Unser neuer 1. Vorsitzender, der Journalist Christoph Hinz<\/figcaption><\/figure>\n\n\n\n<p>Mit Hartmut Peters verlieren wir in der Tat einen Vorsitzenden der Extraklasse. Er hat die weitaus meisten Projekte des F\u00f6rdervereins initiiert und dann auch hartn\u00e4ckig verfolgt. Unser Dank gilt ihm als ganz besonders kreativer, nimmerm\u00fcder, sachkundiger und \u00fcberzeugender &#8222;Leader of the gang&#8220;. Er war gro\u00dfartig, nichts weniger. Der 1. stellvertrende Vorsitzende Hans-J\u00fcrgen Klitsch \u00fcberreichte dem Ausscheidenden ein Pr\u00e4sent, dass den Interessen des Geehrten entsprach.<\/p>\n\n\n\n<p>Mit Hartmut Peters hat auch Hartmut Kroll, unser Schatzmeister, seinen R\u00fccktritt nach nunmehr 25 Jahren erkl\u00e4rt.  Er hat Unglaubliches f\u00fcr unseren Verein geleistet; ich behaupte hier mal ganz frech, dass es niemanden im Umkreis von 200 km gegeben h\u00e4tte, der nur ansatzweise die Zuwendungen an unseren Verein in der Summe wie Hartmut Kroll eingeworben h\u00e4tte.<\/p>\n\n\n\n<p>Da sich kein neuer Schatzmeister im Vorfeld und auf der Jahreshauptversammlung angeboten hat, erkl\u00e4rte Hartmut Kroll, dass er bereit sei, f\u00fcr weitere sechs Monate das Amt kommissarisch weiterzuf\u00fchren, um dem neuen Vorsitzenden die M\u00f6glichkeit zu geben, einen Schatzmeister zu gewinnen. <\/p>\n\n\n\n<p>Hier sei also noch einmal die Bitte an die Mitglieder gerichtet, falls es jemanden gibt, der wenigstens die Einnahmen und Ausgaben t\u00e4tigen kann, so m\u00f6ge sie\/er sich melden. Einen Jahresabschluss kriegen wir schon anderweitig hin.<\/p>\n\n\n\n<p>In Bezug auf den Beschluss der Vorstandssitzung im M\u00e4rz 2024 werden wir noch einen gesonderten Brief bzgl. der Schatzmeisterproblematik an die Mitglieder senden.<\/p>\n\n\n\n<p>Auch Hartmut Kroll wurde vom 1. stellvertretenden Vorsitzenden Hans-J\u00fcrgen Klitsch mit einem entsprechenden Pr\u00e4sent geehrt.<\/p>\n\n\n\n<p><\/p>\n\n\n\n<p>Der 1. Stellvertreter des Vorsitzenden Hans-J\u00fcrgen Klitsch und die 2. Stellvertreterin des Vorsitzenden Bettina Schinke sowie der Schriftf\u00fchrer Matthias Bollmeyer wurden in ihren \u00c4mtern best\u00e4tigt.<\/p>\n\n\n\n<p><\/p>\n\n\n\n<p class=\"has-text-align-center\"><mark style=\"background-color:rgba(0, 0, 0, 0);color:#7d035f\" class=\"has-inline-color\"><strong>Jahreshauptversammlung<\/strong><\/mark><\/p>\n\n\n\n<p>Die Jahreshauptversammlung 2024 wird am<\/p>\n\n\n\n<p class=\"has-text-align-center\">3. Sept., 19 Uhr, <\/p>\n\n\n\n<p class=\"has-text-align-center\">Bibliothek, Friedrich-Levy-Raum<\/p>\n\n\n\n<p>stattfinden. Es wird Neuwahlen geben, denn personelle Ver\u00e4nderungen im Vorstand stehen an. Die Mitglieder erhalten die Einladung noch schriftlich. <\/p>\n\n\n\n<p><\/p>\n\n\n\n<p class=\"has-text-align-center\"><strong><mark style=\"background-color:rgba(0, 0, 0, 0);color:#6e0478\" class=\"has-inline-color\">Johann-Ludwig-Bibliothek<\/mark><\/strong><\/p>\n\n\n\n<p>Am Mittwoch, den 17. Juli, konnte die digitale Katalogisierung des Bestandes der Bibliothek von Johann Ludwig F\u00fcrst zu Anhalt in den GBV abgeschlossen werden. Mit Verve werden wir nun die Remmer-von-Seediek-Bibliothek in den GBV eingeben. Diese ist \u00fcberschaubar im Bestand, so dass bald die historische Schulbibliothek digital katalogisiert werden kann.<\/p>\n\n\n\n<p class=\"has-text-align-center\"><strong>Ein trauriger Tag<\/strong><\/p>\n\n\n\n<p>Am 14. April 2024 ist unsere langj\u00e4hrige Buchrestauratorin und Buchpflegerin Heide Ilchmann im Alter von 78 Jahren verstorben. Heide Ilchmann war gelernte Diplom-Bibliothekarin und hat sich in die Buchrestauration hineingearbeitet. Wohl jedes alte Buch in der Bibliothek ist zumindest pflegerisch durch ihre H\u00e4nde gegangen. Jahrelang hat sie in der Buchwerkstatt am Mariengymnasium die alten B\u00fccher gesichtet, entstaubt, ges\u00e4ubert, von Schimmel befreit, aufbereitet und gepflegt. Maroquin Lederbalsam war ihr ein treuer Begleiter, um die alten Ledereinb\u00e4nde wieder geschmeidig zu machen.<\/p>\n\n\n\n<p>Nur dort, wo der Restaurationsbedarf zu gro\u00df war, weil fehlende Teile vom Einband oder den Buchseiten erg\u00e4nzt werden mussten, wurden die entsprechenden B\u00e4nde an einen Restaurationsbetrieb weitergeleitet\u2026 alles unter Aufsicht von Heide Ilchmann. Da die Erstdurchsicht der alten B\u00e4nde meistens in ihrer Hand lagen, hat sie auch die meisten interessanten Fundsachen aus den B\u00fcchern gefischt, von getrockneten Blumen bis hin zu aufw\u00e4ndigen Scherenschnitten.<\/p>\n\n\n\n<p>Seit 2000 war Heide Ilchmann f\u00fcr die alte Bibliothek t\u00e4tig. Ihre Arbeit war f\u00fcr die historischen B\u00e4nde von gro\u00dfer Wichtigkeit, und da sie sich dessen bewusst war, hat sie diese verantwortungsvolle Aufgabe mit gro\u00dfer Hingabe erf\u00fcllt. Als festangestellte Buchpflegerin wurde ihre T\u00e4tigkeit nat\u00fcrlich bezahlt. Ein Teil dieser Bezahlung kam vom F\u00f6rderverein.<\/p>\n\n\n\n<p><\/p>\n\n\n\n<figure class=\"wp-block-image size-full\"><img loading=\"lazy\" decoding=\"async\" width=\"700\" height=\"465\" src=\"https:\/\/www.foerderverein-bibliothek.de\/wp-content\/uploads\/2024\/04\/00k_Ilchmann-1.jpg\" alt=\"\" class=\"wp-image-1479\" srcset=\"https:\/\/www.foerderverein-bibliothek.de\/wp-content\/uploads\/2024\/04\/00k_Ilchmann-1.jpg 700w, https:\/\/www.foerderverein-bibliothek.de\/wp-content\/uploads\/2024\/04\/00k_Ilchmann-1-300x199.jpg 300w\" sizes=\"auto, (max-width: 700px) 100vw, 700px\" \/><figcaption class=\"wp-element-caption\">Heide Ilchmann mit dem Homann-Atlas in der alten Bibliothek <\/figcaption><\/figure>\n\n\n\n<p>Sie blieb weit \u00fcber ihr Rentenalter hinaus an ihrem Arbeitsplatz im Mariengymnasium. Als dann pl\u00f6tzlich die Gelehrtenbibliothek des Notars und ehemaligen B\u00fcrgermeisters von Jever Heinrich Bernhard J\u00fcrgens (1771 bis 1846) in den Besitz der Bibliothek gelangte, hat Heide Ilchmann noch einen Gro\u00dfteil der rund 1250 B\u00fccher aufbereitet, bevor sie endg\u00fcltig in den Ruhestand ging. Nun ist sie f\u00fcr immer von uns gegangen. Der Vorstand und die Mitglieder das F\u00f6rdervereins m\u00f6chten Heide Ilchmann f\u00fcr ihre T\u00e4tigkeit zum Wohle der B\u00fccher danken. &nbsp;<\/p>\n\n\n\n<p class=\"has-text-align-center\"><span style=\"text-decoration: underline;\" class=\"ek-underline\"><strong><mark style=\"background-color:rgba(0, 0, 0, 0);color:#69159a\" class=\"has-inline-color\">Vortrag von Peter Kemper am 28.3. &#8211; eine Nachlese<\/mark><\/strong><\/span><\/p>\n\n\n\n<p>Am 28. April entf\u00fchrte uns der Autor und Journalist Peter Kemper in die Welt des Jazz. Sein Lesung aus \u201eThe Sound of Rebellion \u2013 Zur politischen \u00c4sthetik des Jazz\u201c war als Vortrag konzipiert und inhaltlich hochinteressant, strukturell sowie sprachlich exzellent. Kempers Verbalisierung war klar, sicher und dynamisch. Das hat das anwesende Publikum nicht nur beeindruckt, sondern hat ihnen auch Spa\u00df bereitet, wie man an den Reaktionen erkennen konnte. <\/p>\n\n\n\n<p><\/p>\n\n\n\n<figure class=\"wp-block-image size-full\"><img loading=\"lazy\" decoding=\"async\" width=\"600\" height=\"360\" src=\"https:\/\/www.foerderverein-bibliothek.de\/wp-content\/uploads\/2024\/04\/00k_9-kemper-1.jpg\" alt=\"\" class=\"wp-image-1462\" srcset=\"https:\/\/www.foerderverein-bibliothek.de\/wp-content\/uploads\/2024\/04\/00k_9-kemper-1.jpg 600w, https:\/\/www.foerderverein-bibliothek.de\/wp-content\/uploads\/2024\/04\/00k_9-kemper-1-300x180.jpg 300w\" sizes=\"auto, (max-width: 600px) 100vw, 600px\" \/><\/figure>\n\n\n\n<p>Sein durch Bilder, Zitate und Videos begleiteter Beitrag war nicht nur kurzweilig, er gab auch musikalische Einblicke in die Welt des Jazz-Rebells Charles Mingus und verglich ihn mit der politischen Aussage eines Jazzmusikers der Moderne, Kamashi Washington. W\u00e4hrend ersterer die Welt f\u00fcr die afroamerikanischen Musiker aufbrechen wollte, sucht letzterer die geteilte amerikanische Gesellschaft wieder zu einen. Beide Konzepte sind Reaktionen auf die jeweilige Lebenswirklichkeit.<\/p>\n\n\n\n<p><\/p>\n\n\n\n<figure class=\"wp-block-image size-full\"><img loading=\"lazy\" decoding=\"async\" width=\"600\" height=\"335\" src=\"https:\/\/www.foerderverein-bibliothek.de\/wp-content\/uploads\/2024\/04\/00k_9-Kemper-2.jpg\" alt=\"\" class=\"wp-image-1463\" srcset=\"https:\/\/www.foerderverein-bibliothek.de\/wp-content\/uploads\/2024\/04\/00k_9-Kemper-2.jpg 600w, https:\/\/www.foerderverein-bibliothek.de\/wp-content\/uploads\/2024\/04\/00k_9-Kemper-2-300x168.jpg 300w\" sizes=\"auto, (max-width: 600px) 100vw, 600px\" \/><\/figure>\n\n\n\n<p>Der Abend war gut besucht. Jever ist nicht unbedingt als Jazz-Hochburg bekannt, doch ein sehr fachkundiges Publikum hatte sich eingefunden, welches im Anschluss an den Vortrag weiterf\u00fchrende Fragen stellte, die Peter Kemper souver\u00e4n beantwortete. Selbst den weiten Weg von Leer hatte ein Zuh\u00f6rer nicht gescheut, um einen instruktiven Vortrag zu erleben, der mir, als jemand der beim Jazz eher an der Oberfl\u00e4che schwimmt, einen deutlichen Informations- und Erkenntniszugewinn brachte.<\/p>\n\n\n\n<p class=\"has-text-align-center\"><strong><mark style=\"background-color:rgba(0, 0, 0, 0);color:#700707\" class=\"has-inline-color\"><span style=\"text-decoration: underline;\" class=\"ek-underline\">Jazzkoryph\u00e4e Peter Kemper liest in der Bibliothek<\/span><\/mark><\/strong><\/p>\n\n\n\n<p><strong>\u201eThe Sound of Rebellion \u2013 Zur politischen \u00c4sthetik des Jazz\u201c &#8211; Multimediale Lesung und Buchvorstellung<\/strong><\/p>\n\n\n\n<p>Der F\u00f6rderverein hat es geschafft, den bedeutenden Autor und Jazzkenner Peter Kemper zu einer Lesung in die Bibliothek einzuladen. Am 28. M\u00e4rz um 19 Uhr (der Eintritt ist frei) wird dieser aus seinem neuen Buch \u201eThe Sound of Rebellion \u2013 Zur politischen \u00c4sthetik des Jazz\u201c vorlesen und den Vortrag durch H\u00f6rbeispiele und Videoeinspielungen bereichern. &nbsp;&nbsp;<\/p>\n\n\n\n<p><\/p>\n\n\n\n<figure class=\"wp-block-image alignleft size-full is-resized\"><img loading=\"lazy\" decoding=\"async\" width=\"380\" height=\"600\" src=\"https:\/\/www.foerderverein-bibliothek.de\/wp-content\/uploads\/2024\/02\/00k_Cover-Kemper-AS707.jpg\" alt=\"\" class=\"wp-image-1416\" style=\"width:250px;height:auto\" srcset=\"https:\/\/www.foerderverein-bibliothek.de\/wp-content\/uploads\/2024\/02\/00k_Cover-Kemper-AS707.jpg 380w, https:\/\/www.foerderverein-bibliothek.de\/wp-content\/uploads\/2024\/02\/00k_Cover-Kemper-AS707-190x300.jpg 190w\" sizes=\"auto, (max-width: 380px) 100vw, 380px\" \/><\/figure>\n\n\n\n<p>Kemper geht in seinem Buch \u2013 die Frankfurter Rundschau nennt es ein \u201eneues Standardwerk\u201c &#8211; davon aus, dass Jazz schon immer in die Auseinandersetzungen um Rassismus und soziale Ausgrenzung verstrickt war. Erstmals wird hier die Emanzipationsgeschichte der Afro-Amerikaner in den letzten 100 Jahren anhand der Geschichte des Jazz nachgezeichnet. Dieser \u201eGl\u00fccksfall eines Jazzbuchs\u201c (FAZ) stellt gleichzeitig eine Einf\u00fchrung in das Werk der wichtigsten Musiker dar.<\/p>\n\n\n\n<p>Dabei verliert Kemper bei aller Quellensorgfalt nie seinen spannenden, erz\u00e4hlerischen Pfad, weil er reale Situationen aus dem Leben der Musiker zur Grundlage der Analyse nimmt. So weist er z.B. nach, dass Louis Armstrong alles andere als ein Unterhaltungsclown war, sonders sich pers\u00f6nlich mit US-Pr\u00e4sident Eisenhower wegen dessen mangelnder Unterst\u00fctzung gegen die Rassisten anlegte.<\/p>\n\n\n\n<p><\/p>\n\n\n\n<figure class=\"wp-block-image alignright size-full is-resized\"><img loading=\"lazy\" decoding=\"async\" width=\"433\" height=\"600\" src=\"https:\/\/www.foerderverein-bibliothek.de\/wp-content\/uploads\/2024\/02\/00k_Peter-Kemper-Foto.jpg\" alt=\"\" class=\"wp-image-1418\" style=\"width:247px;height:auto\" srcset=\"https:\/\/www.foerderverein-bibliothek.de\/wp-content\/uploads\/2024\/02\/00k_Peter-Kemper-Foto.jpg 433w, https:\/\/www.foerderverein-bibliothek.de\/wp-content\/uploads\/2024\/02\/00k_Peter-Kemper-Foto-217x300.jpg 217w\" sizes=\"auto, (max-width: 433px) 100vw, 433px\" \/><figcaption class=\"wp-element-caption\">Autor und hr2-Moderator Peter Kemper  \u00a9 HR <\/figcaption><\/figure>\n\n\n\n<p>Schwerpunkt sind die Sechziger Jahre. Hier positionierten sich K\u00fcnstler wie Charles Mingus, John Coltrane, Archie Shepp oder Sun Ra, &nbsp;Black Consciousness und Afrofuturismus wurden Voraussetzungen f\u00fcr neue Ausdrucksformen der Musik. Aber bis in die Gegenwart spinnt Kemper den Faden, kann erkl\u00e4ren, warum Hip-Hop und Jazz zwar musikalisch, aber kulturell keineswegs so unterschiedlich sind. Den Abschluss bilden f\u00fchrende zeitgen\u00f6ssische K\u00fcnstler wie Angel Bat Dawid oder Kemasi Washington im Umkreis von \u201eBlack lives matter\u201c. Sie akzentuieren den Jazz als universelle Sprache des Widerstands&nbsp; neu.&nbsp;<\/p>\n\n\n\n<p>Doch worin liegt der subversive Kern des Jazz? Im demokratischen Charakter der Improvisation? In k\u00e4mpferischen Texten und Titeln oder in der Soundsprache selbst? Wie weit reicht die Schlagkraft eines politisch verstandenen Jazz?&nbsp; Wo liegen seine Potentiale? Das demonstriert Kemper mit Video- und Soundbeispielen. In Jever wird er dies anhand des Startrompeters Louis Armstrong, des Bassisten und Komponisten Charles Mingus, des Trompeters und Boxers Miles Davis sowie des Saxophonisten Kamasi Washington tun. &nbsp;<\/p>\n\n\n\n<p>Dr. Peter Kemper machte beim Hessischen Rundfunk Radio, gestaltete in Frankfurt das Programm f\u00fcr das dortige Jazzfestival und ist Autor von B\u00fcchern \u00fcber John Coltrane, Eric Clapton, die Beatles, Muhammad Ali und Helge Schneider.<\/p>\n\n\n\n<p><\/p>\n\n\n\n<figure class=\"wp-block-image aligncenter size-full is-resized\"><img loading=\"lazy\" decoding=\"async\" width=\"450\" height=\"600\" src=\"https:\/\/www.foerderverein-bibliothek.de\/wp-content\/uploads\/2024\/02\/00k_Helge-Schneider-mit-Kemper-Sound-Rebellion.jpg\" alt=\"\" class=\"wp-image-1417\" style=\"width:244px;height:auto\" srcset=\"https:\/\/www.foerderverein-bibliothek.de\/wp-content\/uploads\/2024\/02\/00k_Helge-Schneider-mit-Kemper-Sound-Rebellion.jpg 450w, https:\/\/www.foerderverein-bibliothek.de\/wp-content\/uploads\/2024\/02\/00k_Helge-Schneider-mit-Kemper-Sound-Rebellion-225x300.jpg 225w\" sizes=\"auto, (max-width: 450px) 100vw, 450px\" \/><figcaption class=\"wp-element-caption\">Helge Schneider als stolzer Besitzer von Peter Kempers Buch<\/figcaption><\/figure>\n\n\n\n<p>________________________<\/p>\n\n\n\n<p class=\"has-text-align-center\"><strong><mark style=\"background-color:rgba(0, 0, 0, 0);color:#7c0707\" class=\"has-inline-color\"><span style=\"text-decoration: underline;\" class=\"ek-underline\">Erster Schritt zur Sanierung des Buchkellers am 30. Januar 2024<\/span><\/mark><\/strong><\/p>\n\n\n\n<p>Der Buchkeller im Mariengymnasium, in dem wesentliche Altbest\u00e4nde der Bibliothek eingelagert sind, befindet sich in einem traurigen Zustand. Seit Jahren frisst dort ein Trocknungsger\u00e4t Strom, damit die B\u00fccher keinen Schaden nehmen. Der Putz br\u00f6ckelt von den W\u00e4nden, \u00fcberall befinden sich schwarze Stellen, der Fu\u00dfboden ist aufgebrochen. Kurzum: der Raum hat deutlich Sanierungsbedarf. Der gesch\u00e4ftsf\u00fchrende Vorstand des F\u00f6rdervereins hat beschlossen, Geld daf\u00fcr zur Verf\u00fcgung zu stellen. <\/p>\n\n\n\n<figure class=\"wp-block-image aligncenter size-full is-resized\"><img loading=\"lazy\" decoding=\"async\" width=\"525\" height=\"700\" src=\"https:\/\/www.foerderverein-bibliothek.de\/wp-content\/uploads\/2024\/02\/00k_Herr-Peters-Herr-Kroll-Herr-SChmid-Herr-Alpaslan.jpg\" alt=\"\" class=\"wp-image-1400\" style=\"width:260px;height:auto\" srcset=\"https:\/\/www.foerderverein-bibliothek.de\/wp-content\/uploads\/2024\/02\/00k_Herr-Peters-Herr-Kroll-Herr-SChmid-Herr-Alpaslan.jpg 525w, https:\/\/www.foerderverein-bibliothek.de\/wp-content\/uploads\/2024\/02\/00k_Herr-Peters-Herr-Kroll-Herr-SChmid-Herr-Alpaslan-225x300.jpg 225w\" sizes=\"auto, (max-width: 525px) 100vw, 525px\" \/><figcaption class=\"wp-element-caption\">Herr Peters, Herr Kroll, Herr Schmid und Herr Alpaslan bei der Begehung des Buchkellers<\/figcaption><\/figure>\n\n\n\n<p>Am 30. Januar wurde eine Begehung durchgef\u00fchrt mit Herrn Alpaslan und Herrn Schmid vom Bauamt des Landkreises, Herrn Harms von der Fa. comtec aus Aurich und den Herren Klitsch, Kroll und Peters vom F\u00f6rderverein. Der Landkreis hat guten Willen gezeigt, sich in die Sanierung einzubinden, zumal die Hauptursache f\u00fcr die feuchte Ecke im Keller offensichtlich das defekte Fallrohr au\u00dfen ist. Wir erwarten nun einen Kostenvoranschlag der Fa. comtec und werden diese an den Landkeis zur Begutachtung und Stellungnahme weiterleiten. <\/p>\n\n\n\n<figure class=\"wp-block-image aligncenter size-full is-resized\"><img loading=\"lazy\" decoding=\"async\" width=\"525\" height=\"700\" src=\"https:\/\/www.foerderverein-bibliothek.de\/wp-content\/uploads\/2024\/02\/00k_Herr-SChmid-und-Herr-Harms.jpg\" alt=\"\" class=\"wp-image-1401\" style=\"width:262px;height:auto\" srcset=\"https:\/\/www.foerderverein-bibliothek.de\/wp-content\/uploads\/2024\/02\/00k_Herr-SChmid-und-Herr-Harms.jpg 525w, https:\/\/www.foerderverein-bibliothek.de\/wp-content\/uploads\/2024\/02\/00k_Herr-SChmid-und-Herr-Harms-225x300.jpg 225w\" sizes=\"auto, (max-width: 525px) 100vw, 525px\" \/><figcaption class=\"wp-element-caption\">Herr Schmid und Herr Harms im Buchkeller<\/figcaption><\/figure>\n\n\n\n<p>________________________<\/p>\n\n\n\n<p class=\"has-text-align-center\"><strong><mark style=\"background-color:rgba(0, 0, 0, 0);color:#770808\" class=\"has-inline-color\"><span style=\"text-decoration: underline;\" class=\"ek-underline\">Erneute Ehrung f\u00fcr unseren Schatzmeister<\/span><\/mark><\/strong><\/p>\n\n\n\n<p><\/p>\n\n\n\n<figure class=\"wp-block-image aligncenter size-large is-resized\"><img loading=\"lazy\" decoding=\"async\" width=\"1024\" height=\"967\" src=\"https:\/\/www.foerderverein-bibliothek.de\/wp-content\/uploads\/2024\/01\/Marientaler-Bild-1024x967.jpg\" alt=\"\" class=\"wp-image-1381\" style=\"width:210px;height:auto\" srcset=\"https:\/\/www.foerderverein-bibliothek.de\/wp-content\/uploads\/2024\/01\/Marientaler-Bild-1024x967.jpg 1024w, https:\/\/www.foerderverein-bibliothek.de\/wp-content\/uploads\/2024\/01\/Marientaler-Bild-300x283.jpg 300w, https:\/\/www.foerderverein-bibliothek.de\/wp-content\/uploads\/2024\/01\/Marientaler-Bild-768x725.jpg 768w, https:\/\/www.foerderverein-bibliothek.de\/wp-content\/uploads\/2024\/01\/Marientaler-Bild-1536x1450.jpg 1536w, https:\/\/www.foerderverein-bibliothek.de\/wp-content\/uploads\/2024\/01\/Marientaler-Bild-2048x1934.jpg 2048w\" sizes=\"auto, (max-width: 1024px) 100vw, 1024px\" \/><\/figure>\n\n\n\n<p>Am 5. Januar abends, im Rahmen des Neujahrsempfangs der Stadt Jever, wurde erneut unser Schatzmeister Hartmut Kroll geehrt. Vom B\u00fcrgermeister der Stadt Jever, Jan Edo Albers, bekam er den Fr\u00e4ulein-Marien-Taler \u00fcberreicht. Der Marien-Taler ist die zweith\u00f6chste Auszeichnung, welche die Stadt Jever vergibt. <\/p>\n\n\n\n<figure class=\"wp-block-image aligncenter size-large is-resized\"><img loading=\"lazy\" decoding=\"async\" width=\"700\" height=\"1024\" src=\"https:\/\/www.foerderverein-bibliothek.de\/wp-content\/uploads\/2024\/01\/Marientaler-Dannhalm-700x1024.jpg\" alt=\"\" class=\"wp-image-1380\" style=\"width:218px;height:auto\" srcset=\"https:\/\/www.foerderverein-bibliothek.de\/wp-content\/uploads\/2024\/01\/Marientaler-Dannhalm-700x1024.jpg 700w, https:\/\/www.foerderverein-bibliothek.de\/wp-content\/uploads\/2024\/01\/Marientaler-Dannhalm-205x300.jpg 205w, https:\/\/www.foerderverein-bibliothek.de\/wp-content\/uploads\/2024\/01\/Marientaler-Dannhalm-768x1123.jpg 768w, https:\/\/www.foerderverein-bibliothek.de\/wp-content\/uploads\/2024\/01\/Marientaler-Dannhalm-1051x1536.jpg 1051w, https:\/\/www.foerderverein-bibliothek.de\/wp-content\/uploads\/2024\/01\/Marientaler-Dannhalm-1401x2048.jpg 1401w, https:\/\/www.foerderverein-bibliothek.de\/wp-content\/uploads\/2024\/01\/Marientaler-Dannhalm-scaled.jpg 1751w\" sizes=\"auto, (max-width: 700px) 100vw, 700px\" \/><figcaption class=\"wp-element-caption\">B\u00fcrgermeister Jan Edo Albers und Hartmut Kroll anl\u00e4sslich der Verleihung des Fr\u00e4ulein-Marien-Talers.<\/figcaption><\/figure>\n\n\n\n<p>Hartmut Kroll hat durch seine T\u00e4tigkeit als Schatzmeister unseres F\u00f6rdervereins, und da vor allem f\u00fcr das Einwerben von Stiftungs-und Sponsorengeldern im oberen sechsstelligen Bereich, dazu beitragen k\u00f6nnen, die Bibliothek des Mariengymnasiums finanziell so auszustatten, dass sie heute als Attraktion der Stadt Jever und als Vorzeigeobjekts des Tr\u00e4gers Landkreis Friesland an vorderer Stelle steht. Wir wollen hier seine Verdienste nicht wiederholen; man kann sie im weiter untenstehenden Bericht bez\u00fcglich der Verleihung des Friesland-Talers nachlesen. <\/p>\n\n\n\n<p>________________________<\/p>\n\n\n\n<p class=\"has-text-align-center\"><strong><mark style=\"background-color:rgba(0, 0, 0, 0);color:#770808\" class=\"has-inline-color\"><span style=\"text-decoration: underline;\" class=\"ek-underline\">Ehrung unseres langj\u00e4hrigen 1. stellvertretenden Vorsitzenden Werner Menke<\/span><\/mark><\/strong><\/p>\n\n\n\n<p>Am 5. Januar 2024 vormittags wurde unser langj\u00e4hriger 1. stellvertretender Vorsitzender f\u00fcr sein jahrzehntelanges, vielf\u00e4ltiges ehrenamtliches Engagement im Landkreis Friesland mit dem Bundesverdienstkreuz am Bande ausgezeichnet. Sein Engagement umfasst Umwelt- und Naturschutz, literarische Publikationen und Veranstaltungen sowie Historisches unsere Region betreffend. Sein Spektrum war breit, seine Ver\u00f6ffentlichungen zahlreich, die Vortr\u00e4ge immer interessant. <\/p>\n\n\n\n<p><\/p>\n\n\n\n<figure class=\"wp-block-image aligncenter size-large is-resized\"><img loading=\"lazy\" decoding=\"async\" width=\"1024\" height=\"768\" src=\"https:\/\/www.foerderverein-bibliothek.de\/wp-content\/uploads\/2024\/01\/Menke-Verdienstkreuz-1024x768.jpeg\" alt=\"\" class=\"wp-image-1372\" style=\"width:265px;height:auto\" srcset=\"https:\/\/www.foerderverein-bibliothek.de\/wp-content\/uploads\/2024\/01\/Menke-Verdienstkreuz-1024x768.jpeg 1024w, https:\/\/www.foerderverein-bibliothek.de\/wp-content\/uploads\/2024\/01\/Menke-Verdienstkreuz-300x225.jpeg 300w, https:\/\/www.foerderverein-bibliothek.de\/wp-content\/uploads\/2024\/01\/Menke-Verdienstkreuz-768x576.jpeg 768w, https:\/\/www.foerderverein-bibliothek.de\/wp-content\/uploads\/2024\/01\/Menke-Verdienstkreuz.jpeg 1310w\" sizes=\"auto, (max-width: 1024px) 100vw, 1024px\" \/><figcaption class=\"wp-element-caption\">Der Landrat Sven Ambrosy verziert das Jackett von Werner Menke mit einem Kreuz besonderer Art<\/figcaption><\/figure>\n\n\n\n<p>Wir schlie\u00dfen uns hier den Worten des Landrats Sven Ambrosy an, der ausf\u00fchrte, dass, wenn einer das Bundesverdienstkreuz verdient habe, dann sei es Werner Menke. Gl\u00fcckwunsch, Werner! &#8230;und du bist weiterhin gern gesehen in der  Bibliothek, um Material f\u00fcr deine Recherchen einzusehen.<\/p>\n\n\n\n<p>________________________<\/p>\n\n\n\n<p class=\"has-text-align-center\"><strong><mark style=\"background-color:rgba(0, 0, 0, 0);color:#5c0808\" class=\"has-inline-color\"><span style=\"text-decoration: underline;\" class=\"ek-underline\">Bericht 25-Jahr-Feier<\/span><\/mark><\/strong><\/p>\n\n\n\n<p>Hier erwartet der uns geneigte Besucher einen Bericht von der gelungenen 25-Jahr-Festivit\u00e4t in der Aula des Mariengymnasiums. <\/p>\n\n\n\n<p><\/p>\n\n\n\n<figure class=\"wp-block-image aligncenter size-full is-resized\"><img loading=\"lazy\" decoding=\"async\" width=\"713\" height=\"900\" src=\"https:\/\/www.foerderverein-bibliothek.de\/wp-content\/uploads\/2023\/11\/00k_01-Grusswort-vom-Schulleiter-Juergen-Ploeger-LobeckHaseneyer_06-1.jpg\" alt=\"\" class=\"wp-image-1330\" style=\"width:249px;height:auto\" srcset=\"https:\/\/www.foerderverein-bibliothek.de\/wp-content\/uploads\/2023\/11\/00k_01-Grusswort-vom-Schulleiter-Juergen-Ploeger-LobeckHaseneyer_06-1.jpg 713w, https:\/\/www.foerderverein-bibliothek.de\/wp-content\/uploads\/2023\/11\/00k_01-Grusswort-vom-Schulleiter-Juergen-Ploeger-LobeckHaseneyer_06-1-238x300.jpg 238w\" sizes=\"auto, (max-width: 713px) 100vw, 713px\" \/><figcaption class=\"wp-element-caption\">Gru\u00dfwort vom Schulleiter J\u00fcrgen Ploeger-Lobeck (Foto Tina Haseneyer)<\/figcaption><\/figure>\n\n\n\n<p>Die Veranstaltung hat nun stattgefunden, und man kann mit Fug und Recht behaupten, dass sie ein voller Erfolg war. Da es keine \u00f6ffentliche Veranstaltung war, hatte der F\u00f6rderverein im Vorfeld ca. 160 Einladungen an die F\u00f6rdervereinsmitglieder, Sponsoren, Mitarbeiter, Politiker und Schulleitungsmitglieder versandt. Die H\u00e4lfte etwa ehrte uns mit ihrer Teilnahme.<\/p>\n\n\n\n<p>Nachdem Hartmut Peters, Vorsitzender des F\u00f6rdervereins, die Veranstaltung er\u00f6ffnet hatte, sprach Schulleiter J\u00fcrgen Ploeger-Lobeck sein Gru\u00dfwort.<\/p>\n\n\n\n<p><\/p>\n\n\n\n<figure class=\"wp-block-image aligncenter size-full is-resized\"><img loading=\"lazy\" decoding=\"async\" width=\"876\" height=\"900\" src=\"https:\/\/www.foerderverein-bibliothek.de\/wp-content\/uploads\/2023\/11\/00k_02-Grusswort-vom-Landrat-Sven-Ambrosy-Haseneyer_11.jpg\" alt=\"\" class=\"wp-image-1331\" style=\"width:251px;height:auto\" srcset=\"https:\/\/www.foerderverein-bibliothek.de\/wp-content\/uploads\/2023\/11\/00k_02-Grusswort-vom-Landrat-Sven-Ambrosy-Haseneyer_11.jpg 876w, https:\/\/www.foerderverein-bibliothek.de\/wp-content\/uploads\/2023\/11\/00k_02-Grusswort-vom-Landrat-Sven-Ambrosy-Haseneyer_11-292x300.jpg 292w, https:\/\/www.foerderverein-bibliothek.de\/wp-content\/uploads\/2023\/11\/00k_02-Grusswort-vom-Landrat-Sven-Ambrosy-Haseneyer_11-768x789.jpg 768w\" sizes=\"auto, (max-width: 876px) 100vw, 876px\" \/><figcaption class=\"wp-element-caption\">Gru\u00dfwort vom Landrat Sven Ambrosy (Foto Tina Haseneyer)<\/figcaption><\/figure>\n\n\n\n<p>Auch unser Landrat Sven Ambrosy lie\u00df es sich nicht nehmen, in einem lockeren und gelungenen Beitrag den F\u00f6rderverein f\u00fcr sein Engagement zu loben und die Wichtigkeit unserer Bibliothek hervorzuheben. Es war uns wichtig, dass Sven Ambrosy ein paar (mehr) Worte spricht, hat er doch das Tun des F\u00f6rdervereins \u00fcber viele Jahre wohlwollend und unterst\u00fctzend begleitet.<\/p>\n\n\n\n<p>Die Bibliotheksleiterin Dr. Anja Belemann-Smit stellte in ihrer Rede einmal mehr den Wert der Bibliothek und das Tun des Bibliotheksteams heraus und beschrieb die Verdienste des F\u00f6rdervereins.<\/p>\n\n\n\n<p><\/p>\n\n\n\n<figure class=\"wp-block-image aligncenter size-full is-resized\"><img loading=\"lazy\" decoding=\"async\" width=\"890\" height=\"900\" src=\"https:\/\/www.foerderverein-bibliothek.de\/wp-content\/uploads\/2023\/11\/00k_04-Einfuehrungsrede-Dr.-Anja-Belemann-Smit-Foto-Tina-Haseneyer.jpg\" alt=\"\" class=\"wp-image-1333\" style=\"width:223px;height:auto\" srcset=\"https:\/\/www.foerderverein-bibliothek.de\/wp-content\/uploads\/2023\/11\/00k_04-Einfuehrungsrede-Dr.-Anja-Belemann-Smit-Foto-Tina-Haseneyer.jpg 890w, https:\/\/www.foerderverein-bibliothek.de\/wp-content\/uploads\/2023\/11\/00k_04-Einfuehrungsrede-Dr.-Anja-Belemann-Smit-Foto-Tina-Haseneyer-297x300.jpg 297w, https:\/\/www.foerderverein-bibliothek.de\/wp-content\/uploads\/2023\/11\/00k_04-Einfuehrungsrede-Dr.-Anja-Belemann-Smit-Foto-Tina-Haseneyer-768x777.jpg 768w\" sizes=\"auto, (max-width: 890px) 100vw, 890px\" \/><figcaption class=\"wp-element-caption\"> Einf\u00fchrungsrede Dr. Anja Belemann-Smit (Foto Tina Haseneyer)<\/figcaption><\/figure>\n\n\n\n<p>Den ersten musikalischen Beitrag brachte das Quartett Friesland Concerto mit einer Sonata in vier S\u00e4tzen von Gottfried Finger aus dem Notenfundus der alten Bibliothek, ehemals gesammelt von Johann Ludwig F\u00fcrst zu Anhalt-Zerbst. Es war eine angemessene musikalische Einstimmung in die Feier.<\/p>\n\n\n\n<p><\/p>\n\n\n\n<figure class=\"wp-block-image size-full\"><img loading=\"lazy\" decoding=\"async\" width=\"900\" height=\"483\" src=\"https:\/\/www.foerderverein-bibliothek.de\/wp-content\/uploads\/2023\/11\/00k_03-Friesland-Concerto-Foto-Tina-Haseneyer.jpg\" alt=\"\" class=\"wp-image-1332\" srcset=\"https:\/\/www.foerderverein-bibliothek.de\/wp-content\/uploads\/2023\/11\/00k_03-Friesland-Concerto-Foto-Tina-Haseneyer.jpg 900w, https:\/\/www.foerderverein-bibliothek.de\/wp-content\/uploads\/2023\/11\/00k_03-Friesland-Concerto-Foto-Tina-Haseneyer-300x161.jpg 300w, https:\/\/www.foerderverein-bibliothek.de\/wp-content\/uploads\/2023\/11\/00k_03-Friesland-Concerto-Foto-Tina-Haseneyer-768x412.jpg 768w\" sizes=\"auto, (max-width: 900px) 100vw, 900px\" \/><figcaption class=\"wp-element-caption\">Friesland Concerto [Foto Tina Haseneyer]<\/figcaption><\/figure>\n\n\n\n<p>In einem locker moderierten Gespr\u00e4ch f\u00fchrten anschlie\u00dfend Dorothe Levin (zur Zeit der Neugr\u00fcndung der Bibliothek und des F\u00f6rdervereins Schulleiterin am Mariengymnasium), Hartmut Peters (Ex-Schulbibliothekar und Initiator des Bibliothekneubaus) sowie Hartmut Kroll (seit der Stunde Null \u00fcber alle Ma\u00dfen erfolgreicher Schatzmeister des F\u00f6rdervereins) das Publikum zur\u00fcck in die Entstehung des Neubaus f\u00fcr die alte Bibliothek und die Zusammenf\u00fchrung der schulischen Einzelbibliotheken mit einem Buchbestand von \u00fcber 40.000 B\u00e4nden sowie in die Geburtsstunden des F\u00f6rdervereins. <\/p>\n\n\n\n<p><\/p>\n\n\n\n<figure class=\"wp-block-image size-full\"><img loading=\"lazy\" decoding=\"async\" width=\"900\" height=\"519\" src=\"https:\/\/www.foerderverein-bibliothek.de\/wp-content\/uploads\/2023\/11\/00k_05-Moderation-zur-Entstehung-der-Bibliothek-und-des-Foerdervereins-Hartmut-Peters-Dorothe-Levin-Hartmut-Kroll-Foto-Tina-Haseneyer.jpg\" alt=\"\" class=\"wp-image-1334\" srcset=\"https:\/\/www.foerderverein-bibliothek.de\/wp-content\/uploads\/2023\/11\/00k_05-Moderation-zur-Entstehung-der-Bibliothek-und-des-Foerdervereins-Hartmut-Peters-Dorothe-Levin-Hartmut-Kroll-Foto-Tina-Haseneyer.jpg 900w, https:\/\/www.foerderverein-bibliothek.de\/wp-content\/uploads\/2023\/11\/00k_05-Moderation-zur-Entstehung-der-Bibliothek-und-des-Foerdervereins-Hartmut-Peters-Dorothe-Levin-Hartmut-Kroll-Foto-Tina-Haseneyer-300x173.jpg 300w, https:\/\/www.foerderverein-bibliothek.de\/wp-content\/uploads\/2023\/11\/00k_05-Moderation-zur-Entstehung-der-Bibliothek-und-des-Foerdervereins-Hartmut-Peters-Dorothe-Levin-Hartmut-Kroll-Foto-Tina-Haseneyer-768x443.jpg 768w\" sizes=\"auto, (max-width: 900px) 100vw, 900px\" \/><figcaption class=\"wp-element-caption\">Moderation zur Entstehung der Bibliothek und des F\u00f6rdervereins Hartmut Peters, Dorothe Levin, Hartmut Kroll (Foto Tina Haseneyer)<\/figcaption><\/figure>\n\n\n\n<p>Viele interessante Anekdoten garnierten diesen Gespr\u00e4chskreis, der die Bibliotheksgeschichte der letzten 25 Jahre einmal in anderer Form erfahrbar machte.<\/p>\n\n\n\n<p>Ein literarischer Beitrag durfte bei einer Veranstaltung wie dieser nat\u00fcrlich nicht fehlen, und so entf\u00fchrte der 1. stellvertretende Vorsitzende des F\u00f6rdervereins, Hans-J\u00fcrgen Klitsch, die anwesenden Besucher in die Welt des literarischen Vorm\u00e4rz. Klitsch f\u00fchrte in die Person Joseph Mendelssohn ein. Er war ein in Jever geborener Autor, der durch seinen \u00f6ffentlich ausgetragenen Streit mit Karl Gutzkow und seine &#8222;Pariser Briefe&#8220; und die Schrift &#8222;Eine Ecke Deutschlands&#8220; nachhaltig bekannt wurde.<\/p>\n\n\n\n<p><\/p>\n\n\n\n<figure class=\"wp-block-image aligncenter size-full is-resized\"><img loading=\"lazy\" decoding=\"async\" width=\"675\" height=\"900\" src=\"https:\/\/www.foerderverein-bibliothek.de\/wp-content\/uploads\/2023\/11\/00k_07-Vortrag-zu-Joseph-Mendelssohn-Hans-Juergen-Klitsch-Foto-Tina-Haseneyer.jpg\" alt=\"\" class=\"wp-image-1335\" style=\"width:248px;height:auto\" srcset=\"https:\/\/www.foerderverein-bibliothek.de\/wp-content\/uploads\/2023\/11\/00k_07-Vortrag-zu-Joseph-Mendelssohn-Hans-Juergen-Klitsch-Foto-Tina-Haseneyer.jpg 675w, https:\/\/www.foerderverein-bibliothek.de\/wp-content\/uploads\/2023\/11\/00k_07-Vortrag-zu-Joseph-Mendelssohn-Hans-Juergen-Klitsch-Foto-Tina-Haseneyer-225x300.jpg 225w\" sizes=\"auto, (max-width: 675px) 100vw, 675px\" \/><figcaption class=\"wp-element-caption\">Vortrag zu Joseph Mendelssohn Hans-J\u00fcrgen Klitsch (Foto Tina Haseneyer)<\/figcaption><\/figure>\n\n\n\n<p>Klitsch legte den Streit Mendelssohn und Gutzkow dar und zitierte aus den genannten Werken, wobei vor allem die Passagen aus den Pariser Briefen durch Mendelssohns Scharfz\u00fcngigkeit die Zuh\u00f6rer am\u00fcsierten.<\/p>\n\n\n\n<p><\/p>\n\n\n\n<figure class=\"wp-block-image size-full\"><img loading=\"lazy\" decoding=\"async\" width=\"900\" height=\"565\" src=\"https:\/\/www.foerderverein-bibliothek.de\/wp-content\/uploads\/2023\/11\/00k_09-Musikgruppe-Iko-Andrae-Andreas-Bahlmann-Eckhard-Harjes-Foto-Tina-Haseneyer.jpg\" alt=\"\" class=\"wp-image-1336\" srcset=\"https:\/\/www.foerderverein-bibliothek.de\/wp-content\/uploads\/2023\/11\/00k_09-Musikgruppe-Iko-Andrae-Andreas-Bahlmann-Eckhard-Harjes-Foto-Tina-Haseneyer.jpg 900w, https:\/\/www.foerderverein-bibliothek.de\/wp-content\/uploads\/2023\/11\/00k_09-Musikgruppe-Iko-Andrae-Andreas-Bahlmann-Eckhard-Harjes-Foto-Tina-Haseneyer-300x188.jpg 300w, https:\/\/www.foerderverein-bibliothek.de\/wp-content\/uploads\/2023\/11\/00k_09-Musikgruppe-Iko-Andrae-Andreas-Bahlmann-Eckhard-Harjes-Foto-Tina-Haseneyer-768x482.jpg 768w\" sizes=\"auto, (max-width: 900px) 100vw, 900px\" \/><figcaption class=\"wp-element-caption\">Musikgruppe Iko Andrae, Andreas Bahlmann, Eckhard Harjes (Foto Tina Haseneyer)<\/figcaption><\/figure>\n\n\n\n<p>Zum Abschluss spielte das Trio Andrae, Bahlmann, Harjes zwei Songs. Als erstes ein Lied \u00fcber Fritz Levy (komponiert und getextet von Iko Andrae); als zweites das eindrucksvolle <em>&#8222;Leed f\u00f6r den H\u00e4ftling 562&#8220;<\/em> von Oswald Andrae. So kam auch eine nachdenkliche Note in diese Veranstaltung. Nach Levy und Andrae sind zwei R\u00e4ume der Bibliothek benannt.<\/p>\n\n\n\n<p><\/p>\n\n\n\n<figure class=\"wp-block-image aligncenter size-full is-resized\"><img loading=\"lazy\" decoding=\"async\" width=\"900\" height=\"662\" src=\"https:\/\/www.foerderverein-bibliothek.de\/wp-content\/uploads\/2023\/11\/00k_10-der-Ehrenvorsitzende-des-Foedervereins-Enno-Schoenbohm-Foto-Tina-Haseneyer.jpg\" alt=\"\" class=\"wp-image-1337\" style=\"width:241px;height:auto\" srcset=\"https:\/\/www.foerderverein-bibliothek.de\/wp-content\/uploads\/2023\/11\/00k_10-der-Ehrenvorsitzende-des-Foedervereins-Enno-Schoenbohm-Foto-Tina-Haseneyer.jpg 900w, https:\/\/www.foerderverein-bibliothek.de\/wp-content\/uploads\/2023\/11\/00k_10-der-Ehrenvorsitzende-des-Foedervereins-Enno-Schoenbohm-Foto-Tina-Haseneyer-300x221.jpg 300w, https:\/\/www.foerderverein-bibliothek.de\/wp-content\/uploads\/2023\/11\/00k_10-der-Ehrenvorsitzende-des-Foedervereins-Enno-Schoenbohm-Foto-Tina-Haseneyer-768x565.jpg 768w\" sizes=\"auto, (max-width: 900px) 100vw, 900px\" \/><figcaption class=\"wp-element-caption\">Der Ehrenvorsitzende des F\u00f6rdervereins Enno Sch\u00f6nbohm (Foto Tina Haseneyer)<\/figcaption><\/figure>\n\n\n\n<p>Es durften auch die notwendigen Ehrungen nicht fehlen. Mit einem Pr\u00e4sent geehrt wurde Enno Sch\u00f6nbohm, Ehrenvorsitzender und Gr\u00fcndungsvorsitzender des F\u00f6rdervereins. <\/p>\n\n\n\n<p><\/p>\n\n\n\n<figure class=\"wp-block-image aligncenter size-full is-resized\"><img loading=\"lazy\" decoding=\"async\" width=\"784\" height=\"900\" src=\"https:\/\/www.foerderverein-bibliothek.de\/wp-content\/uploads\/2023\/11\/00k_11-Dr.-Matthias-Bollmeyer-wird-geehrt-fuer-25-Jahre-Schriffuehrer-des-Foerdervereins-Foto-Tina-Haseneyer.jpg\" alt=\"\" class=\"wp-image-1338\" style=\"width:263px;height:auto\" srcset=\"https:\/\/www.foerderverein-bibliothek.de\/wp-content\/uploads\/2023\/11\/00k_11-Dr.-Matthias-Bollmeyer-wird-geehrt-fuer-25-Jahre-Schriffuehrer-des-Foerdervereins-Foto-Tina-Haseneyer.jpg 784w, https:\/\/www.foerderverein-bibliothek.de\/wp-content\/uploads\/2023\/11\/00k_11-Dr.-Matthias-Bollmeyer-wird-geehrt-fuer-25-Jahre-Schriffuehrer-des-Foerdervereins-Foto-Tina-Haseneyer-261x300.jpg 261w, https:\/\/www.foerderverein-bibliothek.de\/wp-content\/uploads\/2023\/11\/00k_11-Dr.-Matthias-Bollmeyer-wird-geehrt-fuer-25-Jahre-Schriffuehrer-des-Foerdervereins-Foto-Tina-Haseneyer-768x882.jpg 768w\" sizes=\"auto, (max-width: 784px) 100vw, 784px\" \/><figcaption class=\"wp-element-caption\">Dr. Matthias Bollmeyer wird geehrt f\u00fcr 25 Jahre Schriftf\u00fchrer des F\u00f6rdervereins (Foto Tina Haseneyer)<\/figcaption><\/figure>\n\n\n\n<p>Dr. Matthias Bollmeyer hat dem F\u00f6rderverein seit der Gr\u00fcndung als Schriftf\u00fchrer seine Freizeit geopfert. <\/p>\n\n\n\n<p><\/p>\n\n\n\n<figure class=\"wp-block-image aligncenter size-full is-resized\"><img loading=\"lazy\" decoding=\"async\" width=\"544\" height=\"900\" src=\"https:\/\/www.foerderverein-bibliothek.de\/wp-content\/uploads\/2023\/11\/00k_12-Hartmut-Kroll-wird-geehrt-fuer-25-Jahre-Schatzmeister-Foerderverein-hier-sieht-man-wie-gut-die-Zusammenarbeit-war-Foto-Tina-Haseneyer.jpg\" alt=\"\" class=\"wp-image-1339\" style=\"width:243px;height:auto\" srcset=\"https:\/\/www.foerderverein-bibliothek.de\/wp-content\/uploads\/2023\/11\/00k_12-Hartmut-Kroll-wird-geehrt-fuer-25-Jahre-Schatzmeister-Foerderverein-hier-sieht-man-wie-gut-die-Zusammenarbeit-war-Foto-Tina-Haseneyer.jpg 544w, https:\/\/www.foerderverein-bibliothek.de\/wp-content\/uploads\/2023\/11\/00k_12-Hartmut-Kroll-wird-geehrt-fuer-25-Jahre-Schatzmeister-Foerderverein-hier-sieht-man-wie-gut-die-Zusammenarbeit-war-Foto-Tina-Haseneyer-181x300.jpg 181w\" sizes=\"auto, (max-width: 544px) 100vw, 544px\" \/><figcaption class=\"wp-element-caption\">Hartmut Kroll wird geehrt f\u00fcr 25 Jahre Schatzmeister F\u00f6rderverein &#8211; hier sieht man, wie gut die Zusammenarbeit im Vorstand war (Foto Tina Haseneyer)<\/figcaption><\/figure>\n\n\n\n<p>Hartmut Kroll hat die gesamten 25 Jahre als Schatzmeister unerm\u00fcdliche und unbezahlbare Arbeit geleistet. <\/p>\n\n\n\n<p><\/p>\n\n\n\n<figure class=\"wp-block-image aligncenter size-full is-resized\"><img loading=\"lazy\" decoding=\"async\" width=\"645\" height=\"900\" src=\"https:\/\/www.foerderverein-bibliothek.de\/wp-content\/uploads\/2023\/11\/00k_13-Hartmut-Kroll-wird-geehrt-fuer-25-Jahre-Schatzmeister-Foerderverein-es-geht-auch-ernsthaft-Foto-Tina-Haseneyer.jpg\" alt=\"\" class=\"wp-image-1340\" style=\"width:262px;height:auto\" srcset=\"https:\/\/www.foerderverein-bibliothek.de\/wp-content\/uploads\/2023\/11\/00k_13-Hartmut-Kroll-wird-geehrt-fuer-25-Jahre-Schatzmeister-Foerderverein-es-geht-auch-ernsthaft-Foto-Tina-Haseneyer.jpg 645w, https:\/\/www.foerderverein-bibliothek.de\/wp-content\/uploads\/2023\/11\/00k_13-Hartmut-Kroll-wird-geehrt-fuer-25-Jahre-Schatzmeister-Foerderverein-es-geht-auch-ernsthaft-Foto-Tina-Haseneyer-215x300.jpg 215w\" sizes=\"auto, (max-width: 645px) 100vw, 645px\" \/><figcaption class=\"wp-element-caption\">Hartmut Kroll wird geehrt f\u00fcr 25 Jahre Schatzmeister F\u00f6rderverein &#8211; es geht auch ernsthaft (Foto Tina Haseneyer)<\/figcaption><\/figure>\n\n\n\n<p>Besonders gefreut hat uns, dass der stellvertretende B\u00fcrgermeister der Stadt Jever, Wilfried Wolken, einen Scheck mitgebracht hatte. Der Spendenbetrag der Stadt war nur klein, aber als symbolische Geste von gro\u00dfem Wert.<\/p>\n\n\n\n<p>Anschlie\u00dfend wurden die G\u00e4ste zu einem kalten B\u00fcffet und an die Getr\u00e4nkebar gebeten. Die vom F\u00f6rderverein engagierte &#8222;Bufdine&#8220; Neele und ihre beiden Freundinnen leisteten hervorragende Arbeit. Sie lasen den Besuchern die W\u00fcnsche von den Augen ab und hatten sowohl die Speisen als auch die Getr\u00e4nke &#8222;voll im Griff&#8220;. Euch gilt unser Dank, auch f\u00fcr die Hilfe beim Aufr\u00e4umen. Ihr wart einfach klasse.<\/p>\n\n\n\n<p>Parallel zur Verk\u00f6stigung hatten Hartmut Peters und Hans-J\u00fcrgen Klitsch eine Buchausstellung vorbereitet: &#8222;Die Bibliothek \u00f6ffnet ihre Schatzkammer&#8220;. Neben ein paar herausragenden Wiegendrucken und B\u00fcchern in Prachteinb\u00e4nden aus dem Bibliotheksbesitz hatten sie den Schwerpunkt auf &#8222;Unikate&#8220; gelegt, Schriften, die nur in der Bibliothek des Mariengymnasiums nachgewiesen sind. Das sind ca. 400, von denen ein gutes Dutzend pr\u00e4sentiert wurden. Nat\u00fcrlich durfte auch eine kleine Sonderabteilung in der Ausstellung nicht fehlen: &#8222;Die Sammlung Joseph Mendelssohn&#8220;.<\/p>\n\n\n\n<p><\/p>\n\n\n\n<figure class=\"wp-block-image size-full\"><img loading=\"lazy\" decoding=\"async\" width=\"900\" height=\"675\" src=\"https:\/\/www.foerderverein-bibliothek.de\/wp-content\/uploads\/2023\/11\/00k_14-Ein-Blick-in-die-Ausstellung-Die-Bibliothek-oeffnet-ihre-Schatzkammer-Foto-Tina-Haseneyer.jpg\" alt=\"\" class=\"wp-image-1341\" srcset=\"https:\/\/www.foerderverein-bibliothek.de\/wp-content\/uploads\/2023\/11\/00k_14-Ein-Blick-in-die-Ausstellung-Die-Bibliothek-oeffnet-ihre-Schatzkammer-Foto-Tina-Haseneyer.jpg 900w, https:\/\/www.foerderverein-bibliothek.de\/wp-content\/uploads\/2023\/11\/00k_14-Ein-Blick-in-die-Ausstellung-Die-Bibliothek-oeffnet-ihre-Schatzkammer-Foto-Tina-Haseneyer-300x225.jpg 300w, https:\/\/www.foerderverein-bibliothek.de\/wp-content\/uploads\/2023\/11\/00k_14-Ein-Blick-in-die-Ausstellung-Die-Bibliothek-oeffnet-ihre-Schatzkammer-Foto-Tina-Haseneyer-768x576.jpg 768w\" sizes=\"auto, (max-width: 900px) 100vw, 900px\" \/><figcaption class=\"wp-element-caption\">Ein Blick in die Ausstellung &#8218;Die Bibliothek \u00f6ffnet ihre Schatzkammer&#8216; bevor die Schedelsche Weltchronik aus dem Tresor geholt wurde (Foto Tina Haseneyer)<\/figcaption><\/figure>\n\n\n\n<p>Fazit: der Aufwand hat sich gelohnt; der F\u00f6rderverein war zufrieden mit einem gelungenen Event. Die G\u00e4ste dankten dem F\u00f6rderverein f\u00fcr die Einladung.<\/p>\n\n\n\n<p>________________________<\/p>\n\n\n\n<p><\/p>\n\n\n\n<p><\/p>\n\n\n\n<figure class=\"wp-block-image aligncenter size-full is-resized\"><img loading=\"lazy\" decoding=\"async\" width=\"453\" height=\"900\" src=\"https:\/\/www.foerderverein-bibliothek.de\/wp-content\/uploads\/2023\/10\/00k_Einladung.jpg\" alt=\"\" class=\"wp-image-1290\" style=\"aspect-ratio:0.5033333333333333;width:273px;height:auto\" srcset=\"https:\/\/www.foerderverein-bibliothek.de\/wp-content\/uploads\/2023\/10\/00k_Einladung.jpg 453w, https:\/\/www.foerderverein-bibliothek.de\/wp-content\/uploads\/2023\/10\/00k_Einladung-151x300.jpg 151w\" sizes=\"auto, (max-width: 453px) 100vw, 453px\" \/><figcaption class=\"wp-element-caption\">Der Einladungsflyer, wie er an unsere Mitglieder und F\u00f6rderer verschickt wurde<\/figcaption><\/figure>\n\n\n\n<figure class=\"wp-block-image aligncenter size-full is-resized\"><img loading=\"lazy\" decoding=\"async\" width=\"451\" height=\"900\" src=\"https:\/\/www.foerderverein-bibliothek.de\/wp-content\/uploads\/2023\/10\/00k_Programm.jpg\" alt=\"\" class=\"wp-image-1291\" style=\"aspect-ratio:0.5011111111111111;width:279px;height:auto\" srcset=\"https:\/\/www.foerderverein-bibliothek.de\/wp-content\/uploads\/2023\/10\/00k_Programm.jpg 451w, https:\/\/www.foerderverein-bibliothek.de\/wp-content\/uploads\/2023\/10\/00k_Programm-150x300.jpg 150w\" sizes=\"auto, (max-width: 451px) 100vw, 451px\" \/><figcaption class=\"wp-element-caption\">Das Programm f\u00fcr die Veranstaltung<\/figcaption><\/figure>\n\n\n\n<p class=\"has-text-align-center\"><strong><span style=\"text-decoration: underline;\" class=\"ek-underline\"><mark style=\"background-color:rgba(0, 0, 0, 0);color:#6f0707\" class=\"has-inline-color\">25 Jahre F\u00f6rderverein<\/mark><\/span><\/strong><\/p>\n\n\n\n<p><\/p>\n\n\n\n<figure class=\"wp-block-image aligncenter size-large is-resized\"><img loading=\"lazy\" decoding=\"async\" width=\"883\" height=\"1024\" src=\"https:\/\/www.foerderverein-bibliothek.de\/wp-content\/uploads\/2023\/09\/Logo-Foerderverein-MG-Blau-883x1024.png\" alt=\"\" class=\"wp-image-1279\" style=\"width:116px;height:135px\" srcset=\"https:\/\/www.foerderverein-bibliothek.de\/wp-content\/uploads\/2023\/09\/Logo-Foerderverein-MG-Blau-883x1024.png 883w, https:\/\/www.foerderverein-bibliothek.de\/wp-content\/uploads\/2023\/09\/Logo-Foerderverein-MG-Blau-259x300.png 259w, https:\/\/www.foerderverein-bibliothek.de\/wp-content\/uploads\/2023\/09\/Logo-Foerderverein-MG-Blau-768x891.png 768w, https:\/\/www.foerderverein-bibliothek.de\/wp-content\/uploads\/2023\/09\/Logo-Foerderverein-MG-Blau.png 1182w\" sizes=\"auto, (max-width: 883px) 100vw, 883px\" \/><\/figure>\n\n\n\n<p>Am 11. November begeht der F\u00f6rderverein mit einer Feier sein 25j\u00e4hriges Bestehen. <\/p>\n\n\n\n<p>Nun steht auch ein Plan f\u00fcr die Feierstunde fest. Sie beginnt um 11 Uhr in der Aula des Mariengymnasiums.  <\/p>\n\n\n\n<p>Eine kurze Festrede und ein paar Gru\u00dfworte wird es geben, eingerahmt von Musik (Friesland Concerto wird etwas aus Musikalien von F\u00fcrst Johann Ludwig darbieten, Eckhard Harjes, Iko Andrae und Andreas Bahlmann werden Lieder zu Fritz Levy und von Oswald Andrae spielen) und ein paar Ausz\u00fcgen aus den Pariser Briefen von Joseph Mendelssohn (gelesen von Hans-J\u00fcrgen Klitsch).<\/p>\n\n\n\n<p>Vor der Bibliothek werden die G\u00e4ste anschlie\u00dfend mit einem B\u00fcffet und Getr\u00e4nken verw\u00f6hnt. Im Hollmann-Raum wird eine Ausstellung von raren B\u00fcchern (von 1491 bis ca. 1790) aufgebaut sein, um zu zeigen, was der Verein f\u00f6rdert.<\/p>\n\n\n\n<p>Alle Vereinsmitglieder, Honoratioren, Spender, F\u00f6rderer, Sponsoren etc. werden angeschrieben und erhalten eine f\u00f6rmliche Einladung.<\/p>\n\n\n\n<p>________________________<\/p>\n\n\n\n<p class=\"has-text-align-center\"><strong><span style=\"text-decoration: underline;\" class=\"ek-underline\"><mark style=\"background-color:rgba(0, 0, 0, 0);color:#760707\" class=\"has-inline-color\">450 Jahre Mariengymnasium<\/mark><\/span><\/strong><\/p>\n\n\n\n<p><\/p>\n\n\n\n<figure class=\"wp-block-image aligncenter size-full is-resized\"><img loading=\"lazy\" decoding=\"async\" width=\"636\" height=\"900\" src=\"https:\/\/www.foerderverein-bibliothek.de\/wp-content\/uploads\/2023\/09\/00k_Publikation6a.jpg\" alt=\"\" class=\"wp-image-1252\" style=\"width:273px;height:386px\" srcset=\"https:\/\/www.foerderverein-bibliothek.de\/wp-content\/uploads\/2023\/09\/00k_Publikation6a.jpg 636w, https:\/\/www.foerderverein-bibliothek.de\/wp-content\/uploads\/2023\/09\/00k_Publikation6a-212x300.jpg 212w\" sizes=\"auto, (max-width: 636px) 100vw, 636px\" \/><\/figure>\n\n\n\n<p>Der Vorstand des F\u00f6rdervereins hatte zum Tag der Projektepr\u00e4sentation anl\u00e4sslich des <strong>450j\u00e4hrigen Schuljubil\u00e4ums am 2. September 2023 <\/strong>eine Ausstellung von herausragenden alten, sowie nur in unserem Bestand nachgewiesenen B\u00fcchern. Titel der Ausstellung: <strong>Die Bibliothek \u00f6ffnet ihre Schatzkammer &#8211; Seltene B\u00fccher von 1491 bis 1790&#8243;<\/strong><\/p>\n\n\n\n<p><\/p>\n\n\n\n<figure class=\"wp-block-image alignleft size-full is-resized\"><img loading=\"lazy\" decoding=\"async\" width=\"900\" height=\"675\" src=\"https:\/\/www.foerderverein-bibliothek.de\/wp-content\/uploads\/2023\/09\/00k_20230902_152042.jpg\" alt=\"\" class=\"wp-image-1254\" style=\"width:289px;height:217px\" srcset=\"https:\/\/www.foerderverein-bibliothek.de\/wp-content\/uploads\/2023\/09\/00k_20230902_152042.jpg 900w, https:\/\/www.foerderverein-bibliothek.de\/wp-content\/uploads\/2023\/09\/00k_20230902_152042-300x225.jpg 300w, https:\/\/www.foerderverein-bibliothek.de\/wp-content\/uploads\/2023\/09\/00k_20230902_152042-768x576.jpg 768w\" sizes=\"auto, (max-width: 900px) 100vw, 900px\" \/><figcaption class=\"wp-element-caption\">Im Vordergrund der &#8222;Homann-Atlas&#8220; <\/figcaption><\/figure>\n\n\n\n<p>Von &#8222;Joh. Bapt. Homanns grosser Atlas \u00fcber die ganze Welt&#8220; (329 Kupferstiche im Gro\u00dfformat von 1688 -1739) \u00fcber den Prachteinband, in welchem Johannes Sleidanus&#8216; &#8222;Warhafftige Beschreibung Geistlicher und Weltlicher Historien under dem Gro\u00dfmechtigsten Keiser Carolo dem f\u00fcnfften verlauffen&#8220; (Basel 1557) (siehe Abb. auf dem Plakat) gebunden ist, bis hin zu einer wertvollen Handschriftensammlung von 1548 &#8222;Der Prediger in Jeverland Bedenken und Confession wider das Interim&#8220; hatten wir wahrhaftig Sch\u00e4tze unserer Bibliothek aufgefahren.<\/p>\n\n\n\n<p><\/p>\n\n\n\n<figure class=\"wp-block-image alignright size-full is-resized\"><img loading=\"lazy\" decoding=\"async\" width=\"900\" height=\"600\" src=\"https:\/\/www.foerderverein-bibliothek.de\/wp-content\/uploads\/2023\/09\/00k_20230902_Hartmut-1.jpg\" alt=\"\" class=\"wp-image-1251\" style=\"width:374px;height:250px\" srcset=\"https:\/\/www.foerderverein-bibliothek.de\/wp-content\/uploads\/2023\/09\/00k_20230902_Hartmut-1.jpg 900w, https:\/\/www.foerderverein-bibliothek.de\/wp-content\/uploads\/2023\/09\/00k_20230902_Hartmut-1-300x200.jpg 300w, https:\/\/www.foerderverein-bibliothek.de\/wp-content\/uploads\/2023\/09\/00k_20230902_Hartmut-1-768x512.jpg 768w\" sizes=\"auto, (max-width: 900px) 100vw, 900px\" \/><figcaption class=\"wp-element-caption\">Im Vordergrund die Schedelsche Weltchronik<\/figcaption><\/figure>\n\n\n\n<p>Die Ausstellung war ein voller Erfolg. Wir wurden gleichsam \u00fcberrannt. F\u00fcr viele Besucher aus der Elternschaft war es der erste Besuch in unserer alten Bibliothek. F\u00fcr eine Reihe von ihnen war es auch eine v\u00f6llig neue Erfahrung, vor solch alten B\u00fcchern zu stehen. Es war erstaunlich, wie bedacht die Besucher sich verhielten, trotz des zeitweilig fast \u00fcberf\u00fcllten Ausstellungsraums. Immer wieder wurde die Frage gestellt, was denn unser \u00e4ltestes Buch sei. Auch dies hatten wir nat\u00fcrlich ausgestellt: eine &#8222;Biblia integra&#8220;, gedruckt in Basel bei Johannes Froben im Jahr 1491. Das machte gewaltig Eindruck.<\/p>\n\n\n\n<p><\/p>\n\n\n\n<figure class=\"wp-block-image aligncenter size-full is-resized\"><img loading=\"lazy\" decoding=\"async\" width=\"900\" height=\"600\" src=\"https:\/\/www.foerderverein-bibliothek.de\/wp-content\/uploads\/2023\/09\/00k_20230902_Hartmut-4-1.jpg\" alt=\"\" class=\"wp-image-1259\" style=\"width:391px;height:261px\" srcset=\"https:\/\/www.foerderverein-bibliothek.de\/wp-content\/uploads\/2023\/09\/00k_20230902_Hartmut-4-1.jpg 900w, https:\/\/www.foerderverein-bibliothek.de\/wp-content\/uploads\/2023\/09\/00k_20230902_Hartmut-4-1-300x200.jpg 300w, https:\/\/www.foerderverein-bibliothek.de\/wp-content\/uploads\/2023\/09\/00k_20230902_Hartmut-4-1-768x512.jpg 768w\" sizes=\"auto, (max-width: 900px) 100vw, 900px\" \/><\/figure>\n\n\n\n<p>Nicht seltener wurde gefragt, was denn unser wertvollstes Buch sei. Um diese Frage zu beantworten, lag die Schedelsche Weltchronik auf Latein aus dem Jahre 1493 bereit: &#8222;Registrum huius operis libri cronicarum&#8220;. Dieses Werk hinterlie\u00df nicht minder Eindruck bei den Besuchern. <\/p>\n\n\n\n<p><\/p>\n\n\n\n<figure class=\"wp-block-image alignright size-full is-resized\"><img loading=\"lazy\" decoding=\"async\" width=\"900\" height=\"600\" src=\"https:\/\/www.foerderverein-bibliothek.de\/wp-content\/uploads\/2023\/09\/00k_20230902_Hartmut-2-1.jpg\" alt=\"\" class=\"wp-image-1256\" style=\"width:381px;height:254px\" srcset=\"https:\/\/www.foerderverein-bibliothek.de\/wp-content\/uploads\/2023\/09\/00k_20230902_Hartmut-2-1.jpg 900w, https:\/\/www.foerderverein-bibliothek.de\/wp-content\/uploads\/2023\/09\/00k_20230902_Hartmut-2-1-300x200.jpg 300w, https:\/\/www.foerderverein-bibliothek.de\/wp-content\/uploads\/2023\/09\/00k_20230902_Hartmut-2-1-768x512.jpg 768w\" sizes=\"auto, (max-width: 900px) 100vw, 900px\" \/><\/figure>\n\n\n\n<p>Dem Anlass gem\u00e4\u00df hatten wir auch eine Reihe von besonderen Exponaten ausgew\u00e4hlt. Von den etwa 400 nur in der Bibliothek in Jever nachgewiesenen Schriften, haben wir zw\u00f6lf in der Ausstellung gezeigt. Die anonym verfassten unterhaltsamen Geschichten \u00fcber &#8222;Leben und Thaten Des Welt-ber\u00fcchtigten Spitzbuben Louis Dominique Cartouche&nbsp; und seiner Cammeraden&#8220; von 1722 fanden ihren Platz, und da der Bezug zu Jever nicht fehlen durfte, wurden Adrian Bohlens Schriften gezeigt, u.a. &#8222;Passio oder Die Geschichte von dem unschuldigen Leiden und Sterben unsers Herrn \u2026 in der Kirchen zu Jever vorgestellet&#8220; von 1714. <\/p>\n\n\n\n<p><\/p>\n\n\n\n<figure class=\"wp-block-image alignleft size-full is-resized\"><img loading=\"lazy\" decoding=\"async\" width=\"900\" height=\"600\" src=\"https:\/\/www.foerderverein-bibliothek.de\/wp-content\/uploads\/2023\/09\/00k_20230902_Hartmut-8-1.jpg\" alt=\"\" class=\"wp-image-1261\" style=\"width:393px;height:262px\" srcset=\"https:\/\/www.foerderverein-bibliothek.de\/wp-content\/uploads\/2023\/09\/00k_20230902_Hartmut-8-1.jpg 900w, https:\/\/www.foerderverein-bibliothek.de\/wp-content\/uploads\/2023\/09\/00k_20230902_Hartmut-8-1-300x200.jpg 300w, https:\/\/www.foerderverein-bibliothek.de\/wp-content\/uploads\/2023\/09\/00k_20230902_Hartmut-8-1-768x512.jpg 768w\" sizes=\"auto, (max-width: 900px) 100vw, 900px\" \/><\/figure>\n\n\n\n<p>Das Mariengymnasium als Institution im Friesischen wurde 1573 als Lateinschule von Maria zu Jever testamentarisch verf\u00fcgt. Und nat\u00fcrlch bedurfte es einer Ordnung. Diese liegt, verfasst von Edo Hildericus und 1573 in Wittenberg gedruckt, vor: &#8222;Leges Generales Novae Scholae Jeverensis&#8220;. Auch dies ein Unikat &#8211; und ein wichtiges Exponat zum 450j\u00e4hrigen Schuljubil\u00e4um.<\/p>\n\n\n\n<p>________________________<\/p>\n\n\n\n<p class=\"has-text-align-center\"><span style=\"text-decoration: underline;\" class=\"ek-underline\"><strong><mark style=\"background-color:rgba(0, 0, 0, 0);color:#760707\" class=\"has-inline-color\">Friesland-Taler f\u00fcr unseren Schatzmeister Hartmut Kroll<\/mark><\/strong><\/span><\/p>\n\n\n\n<p><\/p>\n\n\n\n<figure class=\"wp-block-image alignleft size-full is-resized\"><img loading=\"lazy\" decoding=\"async\" width=\"900\" height=\"893\" src=\"https:\/\/www.foerderverein-bibliothek.de\/wp-content\/uploads\/2023\/08\/00k_Friesen-Taler.jpg\" alt=\"\" class=\"wp-image-1197\" style=\"width:130px;height:130px\" srcset=\"https:\/\/www.foerderverein-bibliothek.de\/wp-content\/uploads\/2023\/08\/00k_Friesen-Taler.jpg 900w, https:\/\/www.foerderverein-bibliothek.de\/wp-content\/uploads\/2023\/08\/00k_Friesen-Taler-300x298.jpg 300w, https:\/\/www.foerderverein-bibliothek.de\/wp-content\/uploads\/2023\/08\/00k_Friesen-Taler-150x150.jpg 150w, https:\/\/www.foerderverein-bibliothek.de\/wp-content\/uploads\/2023\/08\/00k_Friesen-Taler-768x762.jpg 768w\" sizes=\"auto, (max-width: 900px) 100vw, 900px\" \/><\/figure>\n\n\n\n<p>Unser Schatzmeister Hartmut Kroll bekam am 21. September 2023 den Friesland-Taler des Landkreises Friesland \u00fcberreicht. Diese Ehrung wird nur wenigen Menschen in unserem Landkreis zuteil. Hartmut Kroll hat diese Ehrung wahrlich verdient. Seit bald 25 Jahren dient er dem F\u00f6rderverein als emsiger Schatzmeister; davor hat er dieses Amt im Heimat- und Altertumsverein Jever ausgef\u00fcllt.  <\/p>\n\n\n\n<p><\/p>\n\n\n\n<figure class=\"wp-block-image aligncenter size-full is-resized\"><img loading=\"lazy\" decoding=\"async\" width=\"745\" height=\"900\" src=\"https:\/\/www.foerderverein-bibliothek.de\/wp-content\/uploads\/2023\/08\/00k_Hartmut-Kroll-und-Landrat-Sven-AMbrosy-bei-der-Ehrung.jpg\" alt=\"\" class=\"wp-image-1199\" style=\"width:215px;height:260px\" srcset=\"https:\/\/www.foerderverein-bibliothek.de\/wp-content\/uploads\/2023\/08\/00k_Hartmut-Kroll-und-Landrat-Sven-AMbrosy-bei-der-Ehrung.jpg 745w, https:\/\/www.foerderverein-bibliothek.de\/wp-content\/uploads\/2023\/08\/00k_Hartmut-Kroll-und-Landrat-Sven-AMbrosy-bei-der-Ehrung-248x300.jpg 248w\" sizes=\"auto, (max-width: 745px) 100vw, 745px\" \/><figcaption class=\"wp-element-caption\">Hartmut Kroll und Landrat Sven Ambrosy bei der Verleihung des Friesland-Talers<\/figcaption><\/figure>\n\n\n\n<p>Seine Leistungen f\u00fcr den F\u00f6rderverein Bibliothek sind kaum in Worte zu fassen. Wenn die Bibliothek, in der Tr\u00e4gerschaft des Landkreises Friesland, in den fast 25 Jahren ihres Bestehens 1.000.000 \u20ac als Mittel zur Verf\u00fcgung hatte, um Bauma\u00dfnahmen, Einrichtung und Ausgaben f\u00fcr Buchrestaurierung zu finanzieren, so hat Hartmut Kroll davon 600.000 \u20ac an Spenden, F\u00f6rdermitteln, Stiftungsgeldern und \u00e4hnlichem eingeworben. Ohne seine Arbeit w\u00e4re die Bibliothek heute bei weitem nicht das, was sie ist. <\/p>\n\n\n\n<p>Seine unnachahmlich unaufdringliche, aber hartn\u00e4ckige Art, Stiftungen, F\u00f6rderer, Institutionen um finanzielle Unterst\u00fctzung f\u00fcr die Belange der Bibliothek anzugehen, m\u00fcndete in der Regel in Zusagen &#8211; von Kleinbetr\u00e4gen bis hin zu Zuwendungen im hohen f\u00fcnfstelligen Bereich. Dar\u00fcber hinaus, waren seine inhaltlicher Beitr\u00e4ge f\u00fcr die Projekte des F\u00f6rdervereins und der Bibliotheksentwicklung ein weiterer Garant f\u00fcr unser erfolgreiches Arbeiten.<\/p>\n\n\n\n<p><\/p>\n\n\n\n<figure class=\"wp-block-image size-full\"><img loading=\"lazy\" decoding=\"async\" width=\"900\" height=\"878\" src=\"https:\/\/www.foerderverein-bibliothek.de\/wp-content\/uploads\/2023\/08\/00k_Landrat-und-Geehrter-beim-offiziellen-Pressefoto.jpg\" alt=\"\" class=\"wp-image-1200\" srcset=\"https:\/\/www.foerderverein-bibliothek.de\/wp-content\/uploads\/2023\/08\/00k_Landrat-und-Geehrter-beim-offiziellen-Pressefoto.jpg 900w, https:\/\/www.foerderverein-bibliothek.de\/wp-content\/uploads\/2023\/08\/00k_Landrat-und-Geehrter-beim-offiziellen-Pressefoto-300x293.jpg 300w, https:\/\/www.foerderverein-bibliothek.de\/wp-content\/uploads\/2023\/08\/00k_Landrat-und-Geehrter-beim-offiziellen-Pressefoto-768x749.jpg 768w\" sizes=\"auto, (max-width: 900px) 100vw, 900px\" \/><figcaption class=\"wp-element-caption\">Sven Ambrosy und Hartmut Kroll beim offiziellen Pressefoto <\/figcaption><\/figure>\n\n\n\n<p>Anl\u00e4sslich der Verleihung der Medaille hatte der Landkreis Friesland zu einer Feierstunde mit anschlie\u00dfendem kleinen B\u00fcfett geladen. Neben den Vertretern des Landkreises Friesland, der Stadt Jever und der Bibliothek des Mariengymnasiums waren auch Hartmut Krolls Weggef\u00e4hrten aus dem F\u00f6rderverein, seine komplette Familie mit Kindern und Enkelkindern sowie andere, ihm nahestehende Personen geladen. <\/p>\n\n\n\n<p><\/p>\n\n\n\n<figure class=\"wp-block-image alignleft size-full is-resized\"><img loading=\"lazy\" decoding=\"async\" width=\"647\" height=\"900\" src=\"https:\/\/www.foerderverein-bibliothek.de\/wp-content\/uploads\/2023\/08\/00k_Hartmut-Kroll-bei-der-Dankesrede.jpg\" alt=\"\" class=\"wp-image-1201\" style=\"width:216px;height:300px\" srcset=\"https:\/\/www.foerderverein-bibliothek.de\/wp-content\/uploads\/2023\/08\/00k_Hartmut-Kroll-bei-der-Dankesrede.jpg 647w, https:\/\/www.foerderverein-bibliothek.de\/wp-content\/uploads\/2023\/08\/00k_Hartmut-Kroll-bei-der-Dankesrede-216x300.jpg 216w\" sizes=\"auto, (max-width: 647px) 100vw, 647px\" \/><figcaption class=\"wp-element-caption\">Hartmut Kroll bei seiner Dankesrede<\/figcaption><\/figure>\n\n\n\n<p>In einer gelungenen Rede stellte Landrat Sven Ambrosy sowohl die charakterlichen Eigenschaften als auch die finanzpolitische Geschicklichkeit des Geehrten heraus. Dieser bedankte sich in einer kurzen Ansprache, in der er besonders spannende Situationen w\u00e4hrend seiner Schatzmeistert\u00e4tigkeit illustrierte. In seiner Rede hatte der Landrat auf die Wichtigkeit des Ehrenamtes hingewiesen, und welch gl\u00fcckliche F\u00fcgung war es, dass just an diesem Tage der nieders\u00e4chsische Minister f\u00fcr Kultur und Wissenschaft, Falko Mohrs, in Jever weilte und vor der offiziellen Veranstaltung Hartmut Kroll f\u00fcr sein ehrenamtliches Engagement und sein erfolgreiches Tun dankte.<\/p>\n\n\n\n<p><\/p>\n\n\n\n<figure class=\"wp-block-image size-full\"><img loading=\"lazy\" decoding=\"async\" width=\"900\" height=\"675\" src=\"https:\/\/www.foerderverein-bibliothek.de\/wp-content\/uploads\/2023\/08\/00k_Niedersaechsischer-Minister-fuer-Wissenschaft-und-Kultur-1.jpg\" alt=\"\" class=\"wp-image-1202\" srcset=\"https:\/\/www.foerderverein-bibliothek.de\/wp-content\/uploads\/2023\/08\/00k_Niedersaechsischer-Minister-fuer-Wissenschaft-und-Kultur-1.jpg 900w, https:\/\/www.foerderverein-bibliothek.de\/wp-content\/uploads\/2023\/08\/00k_Niedersaechsischer-Minister-fuer-Wissenschaft-und-Kultur-1-300x225.jpg 300w, https:\/\/www.foerderverein-bibliothek.de\/wp-content\/uploads\/2023\/08\/00k_Niedersaechsischer-Minister-fuer-Wissenschaft-und-Kultur-1-768x576.jpg 768w\" sizes=\"auto, (max-width: 900px) 100vw, 900px\" \/><figcaption class=\"wp-element-caption\">Hartmut Kroll, Falko Mohrs (Minister f\u00fcr Kultur und Wissenschaft) und Sven Ambrosy (Landrat)<\/figcaption><\/figure>\n\n\n\n<p><\/p>\n\n\n\n<p>_________________________<\/p>\n\n\n\n<p class=\"has-text-align-center\"><span style=\"text-decoration: underline;\" class=\"ek-underline\"><strong><mark style=\"background-color:rgba(0, 0, 0, 0);color:#760707\" class=\"has-inline-color\">J\u00fcrgens-Bibliothek nun komplett eingestellt<\/mark><\/strong><\/span><\/p>\n\n\n\n<p>Der gesamte Bestand der J\u00fcrgens-Bibliothek (siehe dazu auch unten) ist nun in den vom F\u00f6rderverein angeschafften, neuen Vitrinenschr\u00e4nken sicher und repr\u00e4sentativ eingestellt. Am 8. August 2023 konnten Hartmut Peters und Hans-J\u00fcrgen Klitsch die letzten B\u00e4nde auf die Regalb\u00f6den stellen. <\/p>\n\n\n\n<p><\/p>\n\n\n\n<figure class=\"wp-block-image size-full is-resized\"><img loading=\"lazy\" decoding=\"async\" width=\"799\" height=\"505\" src=\"https:\/\/www.foerderverein-bibliothek.de\/wp-content\/uploads\/2023\/08\/00k_MG-Juergens_Levi-Raum_07-P.jpg\" alt=\"\" class=\"wp-image-1190\" style=\"width:615px;height:389px\" srcset=\"https:\/\/www.foerderverein-bibliothek.de\/wp-content\/uploads\/2023\/08\/00k_MG-Juergens_Levi-Raum_07-P.jpg 799w, https:\/\/www.foerderverein-bibliothek.de\/wp-content\/uploads\/2023\/08\/00k_MG-Juergens_Levi-Raum_07-P-300x190.jpg 300w, https:\/\/www.foerderverein-bibliothek.de\/wp-content\/uploads\/2023\/08\/00k_MG-Juergens_Levi-Raum_07-P-768x485.jpg 768w\" sizes=\"auto, (max-width: 799px) 100vw, 799px\" \/><figcaption class=\"wp-element-caption\">B\u00fccherkisten und noch zum Teil leere Regale im Fritz-Levy-Raum (Foto: Tina Haseneyer)<\/figcaption><\/figure>\n\n\n\n<p>M\u00f6glich wurde dies, weil die Bibliotheksmitarbeiterin Tina Haseneyer den gr\u00f6\u00dften Teil der noch einzustellenden B\u00fccher aus dem Kellerarchiv schon in mehr als einem Dutzend Kisten in den Fritz-Levy-Raum geschleppt hatte, so dass nur ein kurzer Weg zum B\u00fccherregal zu \u00fcberwinden war. Herzlichen Dank f\u00fcr diesen selbstlosen Einsatz. <\/p>\n\n\n\n<p><\/p>\n\n\n\n<figure class=\"wp-block-image aligncenter size-full is-resized\"><img loading=\"lazy\" decoding=\"async\" width=\"611\" height=\"900\" src=\"https:\/\/www.foerderverein-bibliothek.de\/wp-content\/uploads\/2023\/08\/00k_MG-Bib-Juergens_Hartmut-Peters.jpg\" alt=\"\" class=\"wp-image-1189\" style=\"width:344px;height:507px\" srcset=\"https:\/\/www.foerderverein-bibliothek.de\/wp-content\/uploads\/2023\/08\/00k_MG-Bib-Juergens_Hartmut-Peters.jpg 611w, https:\/\/www.foerderverein-bibliothek.de\/wp-content\/uploads\/2023\/08\/00k_MG-Bib-Juergens_Hartmut-Peters-204x300.jpg 204w\" sizes=\"auto, (max-width: 611px) 100vw, 611px\" \/><figcaption class=\"wp-element-caption\">Hartmut Peters beim Einstellen der J\u00fcrgens-Bibliothek im Fritz-Levy-Raum (Foto: Tina Haseneyer)<\/figcaption><\/figure>\n\n\n\n<figure class=\"wp-block-image aligncenter size-large is-resized\"><img loading=\"lazy\" decoding=\"async\" width=\"1024\" height=\"755\" src=\"https:\/\/www.foerderverein-bibliothek.de\/wp-content\/uploads\/2023\/08\/20230808_165529-letzte-Bueche-querr-1024x755.jpg\" alt=\"\" class=\"wp-image-1178\" style=\"width:506px;height:374px\" srcset=\"https:\/\/www.foerderverein-bibliothek.de\/wp-content\/uploads\/2023\/08\/20230808_165529-letzte-Bueche-querr-1024x755.jpg 1024w, https:\/\/www.foerderverein-bibliothek.de\/wp-content\/uploads\/2023\/08\/20230808_165529-letzte-Bueche-querr-300x221.jpg 300w, https:\/\/www.foerderverein-bibliothek.de\/wp-content\/uploads\/2023\/08\/20230808_165529-letzte-Bueche-querr-768x566.jpg 768w, https:\/\/www.foerderverein-bibliothek.de\/wp-content\/uploads\/2023\/08\/20230808_165529-letzte-Bueche-querr-1536x1133.jpg 1536w, https:\/\/www.foerderverein-bibliothek.de\/wp-content\/uploads\/2023\/08\/20230808_165529-letzte-Bueche-querr-2048x1510.jpg 2048w\" sizes=\"auto, (max-width: 1024px) 100vw, 1024px\" \/><figcaption class=\"wp-element-caption\">Hans-J\u00fcrgen Klitsch beim Einstellen der letzten B\u00fccher der J\u00fcrgens-Bibliothek in den Vitrinenschr\u00e4nken im B\u00fcro<\/figcaption><\/figure>\n\n\n\n<p>In Zuge der Abschlussaktivit\u00e4ten f\u00fcr die J\u00fcrgens-Bibliothek begannen Hartmut Peters und Hans-J\u00fcrgen Klitsch auch, die neuen Vitrinenschr\u00e4nke f\u00fcr die Spezialsammlungen zu nutzen, n\u00e4mlich der von Autoren, die einst das Mariengymnasium besucht oder dort gelehrt haben: Joseph Mendelssohn, Georg von der Vring, Oswald Andrae oder Otto Erich Hartleben. Nun bekommen auch deren Werke einen ihnen angemessenen Standplatz. <\/p>\n\n\n\n<p><\/p>\n\n\n\n<figure class=\"wp-block-image aligncenter size-full is-resized\"><img loading=\"lazy\" decoding=\"async\" width=\"900\" height=\"675\" src=\"https:\/\/www.foerderverein-bibliothek.de\/wp-content\/uploads\/2023\/08\/00k_20230808_173620-Hartleben.jpg\" alt=\"\" class=\"wp-image-1179\" style=\"width:458px;height:344px\" srcset=\"https:\/\/www.foerderverein-bibliothek.de\/wp-content\/uploads\/2023\/08\/00k_20230808_173620-Hartleben.jpg 900w, https:\/\/www.foerderverein-bibliothek.de\/wp-content\/uploads\/2023\/08\/00k_20230808_173620-Hartleben-300x225.jpg 300w, https:\/\/www.foerderverein-bibliothek.de\/wp-content\/uploads\/2023\/08\/00k_20230808_173620-Hartleben-768x576.jpg 768w\" sizes=\"auto, (max-width: 900px) 100vw, 900px\" \/><figcaption class=\"wp-element-caption\">Hans-J\u00fcrgen Klitsch freut sich, dass die Sammlung O.E. Hartleben (um die sich der gener\u00f6se Eckhard F\u00fcrlus verdient gemacht hat)  ein sch\u00f6nes Pl\u00e4tzchen zugewiesen bekam. <\/figcaption><\/figure>\n\n\n\n<p><\/p>\n\n\n\n<p>________________________<\/p>\n\n\n\n<p><strong><mark style=\"background-color:rgba(0, 0, 0, 0);color:#790b0b\" class=\"has-inline-color\">UV-Lichtschutzfolien in der Bibliothek<\/mark> <\/strong><\/p>\n\n\n\n<p><\/p>\n\n\n\n<figure class=\"wp-block-image aligncenter size-full is-resized\"><img loading=\"lazy\" decoding=\"async\" width=\"900\" height=\"675\" src=\"https:\/\/www.foerderverein-bibliothek.de\/wp-content\/uploads\/2023\/07\/00k_UV-Folien.jpg\" alt=\"\" class=\"wp-image-1168\" style=\"width:535px;height:398px\" srcset=\"https:\/\/www.foerderverein-bibliothek.de\/wp-content\/uploads\/2023\/07\/00k_UV-Folien.jpg 900w, https:\/\/www.foerderverein-bibliothek.de\/wp-content\/uploads\/2023\/07\/00k_UV-Folien-300x225.jpg 300w, https:\/\/www.foerderverein-bibliothek.de\/wp-content\/uploads\/2023\/07\/00k_UV-Folien-768x576.jpg 768w\" sizes=\"auto, (max-width: 900px) 100vw, 900px\" \/><figcaption class=\"wp-element-caption\">Die Mitarbeiterin der Fa. MB-Design beim Kleben der Schutzfolien im B\u00fcro<\/figcaption><\/figure>\n\n\n\n<p>Der F\u00f6rderverein hat mal wieder sein Portemonnaie ge\u00f6ffnet, um einen wichtigen Beitrag zum Schutz der B\u00fccher zu leisten. Eindringendes UV-Licht schadet den B\u00fcchern, sie bleichen aus. Weil nun auch historische B\u00e4nde (u.a. die J\u00fcrgens-Bibliothek, siehe Bericht zu den neuen Vitrinenschr\u00e4nken unten) im Fritz-Levy-Raum, im Flur vor dem B\u00fcro und im B\u00fcro pr\u00e4sentiert werden, war es n\u00f6tig, UV-Schutzfolien anzubringen, denn ein geeigneter Lichtsschutz durch andere Vorrichtungen war nicht absehbar. Um das Paket komplett zu machen, hat der F\u00f6rderverein auch das Foyer mit ins Auge gefasst. So wurden am 19. und 20. Juli durch die Firma MB-Design die Schutzfolien an alle Fenster der genannten R\u00e4ume geklebt, damit die B\u00fccher nun vor UV-Strahlen gesch\u00fctzt sind. Den F\u00f6rderverein hat dies 3.000,- \u20ac gekostet, aber wir denken, dass es gut angelegtes Geld ist, um den Buchbestand zu erhalten.<\/p>\n\n\n\n<p>________________________<\/p>\n\n\n\n<p class=\"has-text-align-center\"><strong><mark style=\"background-color:rgba(0, 0, 0, 0);color:#860808\" class=\"has-inline-color\"><span style=\"text-decoration: underline;\" class=\"ek-underline\">J\u00fcrgens-Bibliothek nun in entsprechendem Ambiente<\/span><\/mark><\/strong><\/p>\n\n\n\n<p>Am 23. Februar 2023 wurden im Beisein der lokalen Presse <strong>die neuen Buchregale und Buchvitrinen<\/strong> vom F\u00f6rderverein offiziell pr\u00e4sentiert. Das Bibliotheksteam (Leiterin Dr. Anja Belemann-Smit, Mitarbeiter*in Dr. Georg Wagner-Kyora und Tina Haseneyer) hatte sich m\u00e4chtig ins Zeug gelegt, die Sammlung zur Geschichte des 20. Jahrhunderts in den Fritz-Levy-Raum zu schaffen und in die neuen Regale einzustellen. Hartmut Peters hatte eine Auswahl von B\u00e4nden aus der Bibliothek von Georg Heinrich Bernhard J\u00fcrgens in die Vitrinenschr\u00e4nke gestellt. So bot sich den Anwesenden auch ein erster optischer Eindruck, wie die neuen Regale zu nutzen seien, f\u00fcr die der F\u00f6rderverein fast 47.000 Euro aufgewendet hatte (siehe dazu unten).<\/p>\n\n\n\n<figure class=\"wp-block-image size-full\"><img loading=\"lazy\" decoding=\"async\" width=\"650\" height=\"488\" src=\"https:\/\/www.foerderverein-bibliothek.de\/wp-content\/uploads\/2023\/03\/00k_Praesentation-23-02-23-1.jpg\" alt=\"\" class=\"wp-image-1084\" srcset=\"https:\/\/www.foerderverein-bibliothek.de\/wp-content\/uploads\/2023\/03\/00k_Praesentation-23-02-23-1.jpg 650w, https:\/\/www.foerderverein-bibliothek.de\/wp-content\/uploads\/2023\/03\/00k_Praesentation-23-02-23-1-300x225.jpg 300w\" sizes=\"auto, (max-width: 650px) 100vw, 650px\" \/><figcaption class=\"wp-element-caption\">Im Uhrzeigersinn: Hans-J\u00fcrgen Klitsch, Dr. Matthias Bollmeyer, Tina Haseneyer, Dr. Anja Belemann-Smit, Dr. Georg Wagner-Kyora, 2 Vertreterinnen der Presse, Dr. Uwe Meiners, J\u00fcrgen Ploeger-Lobeck, Silke Vogelbusch, Hartmut Kroll<\/figcaption><\/figure>\n\n\n\n<p>Der F\u00f6rderverein, dessen Vorstand fast vollst\u00e4ndig anwesend war, hatte zur offiziellen Einweihung des neuen Mobiliars Repr\u00e4sentanten der drei F\u00f6rderinstitutionen eingeladen. Dr. Uwe Meiners, Pr\u00e4sident der Oldenburgischen Landschaft, die 1. Kreisr\u00e4tin Silke Vogelbusch des Landkreises Friesland, Thorsten Harms und Klaus Blum von der Landessparkasse zu Oldenburg  hatten die Einladung gerne angenommen. (Mehr Informationen zur Finanzierung dieser Spezialregale finden Sie unten: November 2022)<\/p>\n\n\n\n<figure class=\"wp-block-image size-full\"><img loading=\"lazy\" decoding=\"async\" width=\"650\" height=\"488\" src=\"https:\/\/www.foerderverein-bibliothek.de\/wp-content\/uploads\/2023\/03\/00k_Praesentation-23-02-23-4.jpg\" alt=\"\" class=\"wp-image-1085\" srcset=\"https:\/\/www.foerderverein-bibliothek.de\/wp-content\/uploads\/2023\/03\/00k_Praesentation-23-02-23-4.jpg 650w, https:\/\/www.foerderverein-bibliothek.de\/wp-content\/uploads\/2023\/03\/00k_Praesentation-23-02-23-4-300x225.jpg 300w\" sizes=\"auto, (max-width: 650px) 100vw, 650px\" \/><figcaption class=\"wp-element-caption\">Dr. Uwe Meiners (re.) im Gespr\u00e4ch mit unserem Schatzmeister Hartmut Kroll<\/figcaption><\/figure>\n\n\n\n<p>Im Beisein von Schulleiter J\u00fcrgen Ploeger-Lobeck zeigten sich die F\u00f6rderer begeistert von den neuen Regalen. Nicht ganz uneitel k\u00f6nnen wir berichten, dass das Engagement des F\u00f6rdervereins allseits gelobt und die Bedeutung des Ehrenamtes herausgestellt wurde. <\/p>\n\n\n\n<p>Thorsten Harms von der Landessparkasse zu Oldenburg hatte anl\u00e4\u00dflich der Pr\u00e4sentation der neuen Regale ein wirklich passendes Geschenk mitgebracht: einen Band aus  der Bibliographie &#8222;Vollst\u00e4ndiges B\u00fccher=Lexicon enthaltend alle von 1750 bis Ende des Jahres 1876 in Deutschland und in den angrenzenden L\u00e4ndern gedruckten B\u00fcchern&#8220;.  In diesem Fall die Jahre 1871 &#8211; 1876, Buchstaben A bis K, gedruckt 1877. Dieses Buch war von der LzO antiquarisch erworben worden und wurde nun dem F\u00f6rderverein zur Einpflege in den alten Buchbestand \u00fcbergeben. Wir sagen herzlichen Dank f\u00fcr diese wohl\u00fcberlegte Geschenk.<\/p>\n\n\n\n<figure class=\"wp-block-image aligncenter size-full\"><img loading=\"lazy\" decoding=\"async\" width=\"650\" height=\"404\" src=\"https:\/\/www.foerderverein-bibliothek.de\/wp-content\/uploads\/2023\/03\/00k_MG-Juergensbib_Regale_01.jpg\" alt=\"\" class=\"wp-image-1105\" srcset=\"https:\/\/www.foerderverein-bibliothek.de\/wp-content\/uploads\/2023\/03\/00k_MG-Juergensbib_Regale_01.jpg 650w, https:\/\/www.foerderverein-bibliothek.de\/wp-content\/uploads\/2023\/03\/00k_MG-Juergensbib_Regale_01-300x186.jpg 300w\" sizes=\"auto, (max-width: 650px) 100vw, 650px\" \/><figcaption class=\"wp-element-caption\">\u00dcbergabe des Buchgeschenks (v.l. Hans-J\u00fcrgen Klitsch, Hartmut Peters, Dr. Matthias Bollmeyer, Thorsten Harms, Dr. Georg Wagner-Kyora) (Foto: Tina Haseneyer)<\/figcaption><\/figure>\n\n\n\n<p>Im Anschluss an den offiziellen Pr\u00e4sentationsakt und das obligatorische Pressefoto (siehe dazu im Pressearchiv) bot die Bibliotheksleiterin eine kurze Einf\u00fchrung in die historische Bibliothek an. In kurzweiliger Form wies Frau Dr. Belemann-Smit auf die Bedeutung der alten Bibliothek hin und zeigte, welche Sch\u00e4tze sich in ihr befinden. <\/p>\n\n\n\n<figure class=\"wp-block-image size-full\"><img loading=\"lazy\" decoding=\"async\" width=\"650\" height=\"467\" src=\"https:\/\/www.foerderverein-bibliothek.de\/wp-content\/uploads\/2023\/03\/00k_MG-Juergensbib_Regale_06.jpg\" alt=\"\" class=\"wp-image-1109\" srcset=\"https:\/\/www.foerderverein-bibliothek.de\/wp-content\/uploads\/2023\/03\/00k_MG-Juergensbib_Regale_06.jpg 650w, https:\/\/www.foerderverein-bibliothek.de\/wp-content\/uploads\/2023\/03\/00k_MG-Juergensbib_Regale_06-300x216.jpg 300w\" sizes=\"auto, (max-width: 650px) 100vw, 650px\" \/><figcaption class=\"wp-element-caption\">Hartmut Kroll, Dr. Uwe Meiners, Klaus Blum und Thorsten Harms (v.li.) w\u00e4hrend der Bibliotheksf\u00fchrung von Dr. Belemann-Smit (Foto: Tina Haseneyer)<\/figcaption><\/figure>\n\n\n\n<p>_________________________<\/p>\n\n\n\n<p class=\"has-text-align-center\"><strong><mark style=\"background-color:rgba(0, 0, 0, 0);color:#7c0707\" class=\"has-inline-color\"><span style=\"text-decoration: underline;\" class=\"ek-underline\">Vitrinenb\u00fccherregale angeliefert und aufgebaut &#8211; Fa. EcoDesignLibrary leistet ganze Arbeit<\/span><\/mark><\/strong><\/p>\n\n\n\n<p><em>30. Januar 2023<\/em>:   Das Team von EcoDesignLibrary aus Speyer ist \u00fcberp\u00fcnktlich am Mariengymnasium eingetroffen. Als Mitglieder des F\u00f6rdervereins um 7.45 Uhr in der Bibliothek eintreffen, ist von den Hausmeistern nichts zu sehen &#8211; gut, dass die F\u00f6rdervereinsmitglieder Schl\u00fcssel haben! So kann das Aufstellteam hereingelassen werden und die Arbeit beginnen. Um 8.25 Uhr ist dann auch ein Hausmeister in der Bibliothek, und die letzten Abschraubarbeiten k\u00f6nnen gemacht werden. <\/p>\n\n\n\n<figure class=\"wp-block-image size-full\"><img loading=\"lazy\" decoding=\"async\" width=\"650\" height=\"488\" src=\"https:\/\/www.foerderverein-bibliothek.de\/wp-content\/uploads\/2023\/03\/00k_Regalaufbau-Entladen-des-Sattelschleppers.jpg\" alt=\"\" class=\"wp-image-1063\" srcset=\"https:\/\/www.foerderverein-bibliothek.de\/wp-content\/uploads\/2023\/03\/00k_Regalaufbau-Entladen-des-Sattelschleppers.jpg 650w, https:\/\/www.foerderverein-bibliothek.de\/wp-content\/uploads\/2023\/03\/00k_Regalaufbau-Entladen-des-Sattelschleppers-300x225.jpg 300w\" sizes=\"auto, (max-width: 650px) 100vw, 650px\" \/><figcaption class=\"wp-element-caption\">Entladen des Sattelschleppers<\/figcaption><\/figure>\n\n\n\n<p>Zun\u00e4chst wird der Sattelschlepper entladen. Es ist erstaunlich, welch eine gro\u00dfe Menge an Bauelementen auf dem Schulhof lagert. <\/p>\n\n\n\n<figure class=\"wp-block-image size-full\"><img loading=\"lazy\" decoding=\"async\" width=\"650\" height=\"488\" src=\"https:\/\/www.foerderverein-bibliothek.de\/wp-content\/uploads\/2023\/03\/00k_Regalaufbau-Zwischenlagerung-der-Regalelemente-auf-dem-Schulhof.jpg\" alt=\"\" class=\"wp-image-1064\" srcset=\"https:\/\/www.foerderverein-bibliothek.de\/wp-content\/uploads\/2023\/03\/00k_Regalaufbau-Zwischenlagerung-der-Regalelemente-auf-dem-Schulhof.jpg 650w, https:\/\/www.foerderverein-bibliothek.de\/wp-content\/uploads\/2023\/03\/00k_Regalaufbau-Zwischenlagerung-der-Regalelemente-auf-dem-Schulhof-300x225.jpg 300w\" sizes=\"auto, (max-width: 650px) 100vw, 650px\" \/><figcaption class=\"wp-element-caption\">Zwischenlagerung auf dem Schulhof<\/figcaption><\/figure>\n\n\n\n<p>Diese m\u00fcssen nun alle in die Bibliotheksr\u00e4ume gebracht werden. Mitglieder des F\u00f6rdervereins werden wiederholt gesichtet, wie sie Holzelemente von drau\u00dfen nach drinnen tragen. <\/p>\n\n\n\n<figure class=\"wp-block-image size-full\"><img loading=\"lazy\" decoding=\"async\" width=\"650\" height=\"488\" src=\"https:\/\/www.foerderverein-bibliothek.de\/wp-content\/uploads\/2023\/03\/00k_Regalaufbau-H.-J.-Klitsch-beim-Transport-von-Regalboeden.jpg\" alt=\"\" class=\"wp-image-1065\" srcset=\"https:\/\/www.foerderverein-bibliothek.de\/wp-content\/uploads\/2023\/03\/00k_Regalaufbau-H.-J.-Klitsch-beim-Transport-von-Regalboeden.jpg 650w, https:\/\/www.foerderverein-bibliothek.de\/wp-content\/uploads\/2023\/03\/00k_Regalaufbau-H.-J.-Klitsch-beim-Transport-von-Regalboeden-300x225.jpg 300w\" sizes=\"auto, (max-width: 650px) 100vw, 650px\" \/><figcaption class=\"wp-element-caption\">Hans-J\u00fcrgen Klitsch beim Transport von Regalb\u00f6den vom Schulhof ins Geb\u00e4ude<\/figcaption><\/figure>\n\n\n\n<p>Der eigentliche Aufbau ist aufw\u00e4ndig. Es wird eine erstaunliche Menge an Handwerkszeug ben\u00f6tigt. Das ist anders als Billy-Regale zusammenzuschrauben.<\/p>\n\n\n\n<figure class=\"wp-block-image size-full\"><img loading=\"lazy\" decoding=\"async\" width=\"650\" height=\"488\" src=\"https:\/\/www.foerderverein-bibliothek.de\/wp-content\/uploads\/2023\/03\/00k_Regalaufbau-im-Fritz-Levy-Raum.jpg\" alt=\"\" class=\"wp-image-1074\" srcset=\"https:\/\/www.foerderverein-bibliothek.de\/wp-content\/uploads\/2023\/03\/00k_Regalaufbau-im-Fritz-Levy-Raum.jpg 650w, https:\/\/www.foerderverein-bibliothek.de\/wp-content\/uploads\/2023\/03\/00k_Regalaufbau-im-Fritz-Levy-Raum-300x225.jpg 300w\" sizes=\"auto, (max-width: 650px) 100vw, 650px\" \/><figcaption class=\"wp-element-caption\">Regalaufbau im Fritz-Levy-Raum<\/figcaption><\/figure>\n\n\n\n<figure class=\"wp-block-image size-full\"><img loading=\"lazy\" decoding=\"async\" width=\"650\" height=\"488\" src=\"https:\/\/www.foerderverein-bibliothek.de\/wp-content\/uploads\/2023\/03\/00k_Regalaufbau-2.-Tag-H.Kroll-bewundert-das-Flurregal.jpg\" alt=\"\" class=\"wp-image-1075\" srcset=\"https:\/\/www.foerderverein-bibliothek.de\/wp-content\/uploads\/2023\/03\/00k_Regalaufbau-2.-Tag-H.Kroll-bewundert-das-Flurregal.jpg 650w, https:\/\/www.foerderverein-bibliothek.de\/wp-content\/uploads\/2023\/03\/00k_Regalaufbau-2.-Tag-H.Kroll-bewundert-das-Flurregal-300x225.jpg 300w\" sizes=\"auto, (max-width: 650px) 100vw, 650px\" \/><figcaption class=\"wp-element-caption\">Regalaufbau 2. Tag &#8211; Hartmut Kroll bewundert das Flurregal<\/figcaption><\/figure>\n\n\n\n<p>Am 2. Tag kommt am sp\u00e4ten Vormittag Herr Janssen, der Berater und Planer der Fa. EcoDesignLibrary, vorbei, &#8222;weil er gerade in der Region&#8220; ist. Herr Janssen, der den F\u00f6rderverein gro\u00dfartig und absolut zuverl\u00e4ssig beraten hat, \u00fcberpr\u00fcft noch einmal selbst, ob seine Planung in den Ma\u00dfen passt. Nat\u00fcrlich passt alles bestens. <\/p>\n\n\n\n<figure class=\"wp-block-image aligncenter size-full caption-align-center\"><img loading=\"lazy\" decoding=\"async\" width=\"461\" height=\"571\" src=\"https:\/\/www.foerderverein-bibliothek.de\/wp-content\/uploads\/2023\/03\/00k_Regalaufbau-2.-Tag-Herr-Janssen-vergewissert-sich-dass-er-alles-gu\u00b4t-ausgemessen-hat-2.jpg\" alt=\"\" class=\"wp-image-1069\" srcset=\"https:\/\/www.foerderverein-bibliothek.de\/wp-content\/uploads\/2023\/03\/00k_Regalaufbau-2.-Tag-Herr-Janssen-vergewissert-sich-dass-er-alles-gu\u00b4t-ausgemessen-hat-2.jpg 461w, https:\/\/www.foerderverein-bibliothek.de\/wp-content\/uploads\/2023\/03\/00k_Regalaufbau-2.-Tag-Herr-Janssen-vergewissert-sich-dass-er-alles-gu\u00b4t-ausgemessen-hat-2-242x300.jpg 242w\" sizes=\"auto, (max-width: 461px) 100vw, 461px\" \/><figcaption class=\"wp-element-caption\">Regalaufbau 2. Tag &#8211; Herr Janssen vergewissert sich, ob er alles gut ausgemessen hat<\/figcaption><\/figure>\n\n\n\n<figure class=\"wp-block-image size-full\"><img loading=\"lazy\" decoding=\"async\" width=\"650\" height=\"488\" src=\"https:\/\/www.foerderverein-bibliothek.de\/wp-content\/uploads\/2023\/03\/00k_Regalaufbau-3.-Tag-im-Fritz-Levy-Raum-wird-der-ganze-Aufwand-deutlich.jpg\" alt=\"\" class=\"wp-image-1066\" srcset=\"https:\/\/www.foerderverein-bibliothek.de\/wp-content\/uploads\/2023\/03\/00k_Regalaufbau-3.-Tag-im-Fritz-Levy-Raum-wird-der-ganze-Aufwand-deutlich.jpg 650w, https:\/\/www.foerderverein-bibliothek.de\/wp-content\/uploads\/2023\/03\/00k_Regalaufbau-3.-Tag-im-Fritz-Levy-Raum-wird-der-ganze-Aufwand-deutlich-300x225.jpg 300w\" sizes=\"auto, (max-width: 650px) 100vw, 650px\" \/><figcaption class=\"wp-element-caption\">Regalaufbau 3. Tag &#8211; im Fritz-Levy-Raum wird der ganze Aufwand deutlich<\/figcaption><\/figure>\n\n\n\n<p>Am 3. Tag des Aufbaus wird schon deutlich, welch gro\u00dfer optischer Gewinn mit den neuen Regalen und Vitrinenschr\u00e4nken erzielt wird. Am Nachmittag stellt das Aufbauteam fest, dass der Hersteller der Glast\u00fcren bei 3 T\u00fcren die Scharniere falsch angebracht haben. Nun m\u00fcssen sie noch einmal aus Speyer anreisen, um die drei T\u00fcren einzubauen. <\/p>\n\n\n\n<figure class=\"wp-block-image size-full\"><img loading=\"lazy\" decoding=\"async\" width=\"650\" height=\"488\" src=\"https:\/\/www.foerderverein-bibliothek.de\/wp-content\/uploads\/2023\/03\/00k_Regalaufbau-3.-Tag-das-sieht-schon-richtig-edel-aus.jpg\" alt=\"\" class=\"wp-image-1070\" srcset=\"https:\/\/www.foerderverein-bibliothek.de\/wp-content\/uploads\/2023\/03\/00k_Regalaufbau-3.-Tag-das-sieht-schon-richtig-edel-aus.jpg 650w, https:\/\/www.foerderverein-bibliothek.de\/wp-content\/uploads\/2023\/03\/00k_Regalaufbau-3.-Tag-das-sieht-schon-richtig-edel-aus-300x225.jpg 300w\" sizes=\"auto, (max-width: 650px) 100vw, 650px\" \/><figcaption class=\"wp-element-caption\">Regalaufbau 3. Tag &#8211; das sieht schon richtig gut aus<\/figcaption><\/figure>\n\n\n\n<figure class=\"wp-block-image size-full\"><img loading=\"lazy\" decoding=\"async\" width=\"650\" height=\"488\" src=\"https:\/\/www.foerderverein-bibliothek.de\/wp-content\/uploads\/2023\/03\/00k_Regalaufbau-3.-Tag-das-Team-bei-der-Arbeit-an-den-Vitrinenschraenken-im-Buero-1.jpg\" alt=\"\" class=\"wp-image-1072\" srcset=\"https:\/\/www.foerderverein-bibliothek.de\/wp-content\/uploads\/2023\/03\/00k_Regalaufbau-3.-Tag-das-Team-bei-der-Arbeit-an-den-Vitrinenschraenken-im-Buero-1.jpg 650w, https:\/\/www.foerderverein-bibliothek.de\/wp-content\/uploads\/2023\/03\/00k_Regalaufbau-3.-Tag-das-Team-bei-der-Arbeit-an-den-Vitrinenschraenken-im-Buero-1-300x225.jpg 300w\" sizes=\"auto, (max-width: 650px) 100vw, 650px\" \/><figcaption class=\"wp-element-caption\">Regalaufbau 3. Tag &#8211; das Team bei der Arbeit an den Vitrinenschr\u00e4nken im B\u00fcro<\/figcaption><\/figure>\n\n\n\n<p>Am 1. Februar um 20.45 Uhr hat das Team der Fa. EcoDesignLibrary ihr Werkzeug im Auto verstaut und ist abfahrbereit. Ob es zum geplanten Abendessen im Marienbr\u00e4u noch gereicht hat, wissen wir nicht. Wir hoffen aber, dass das Marienbr\u00e4u die K\u00fcche lange genug offen hatte, um den flei\u00dfigen Werkern ein verdientes Abendbrot zu servieren<sup class=\"modern-footnotes-footnote modern-footnotes-footnote--hover-on-desktop \" data-mfn=\"1\" data-mfn-post-scope=\"00000000000001810000000000000000_638\"><a href=\"javascript:void(0)\"  role=\"button\" aria-pressed=\"false\" aria-describedby=\"mfn-content-00000000000001810000000000000000_638-1\">1<\/a><\/sup><span id=\"mfn-content-00000000000001810000000000000000_638-1\" role=\"tooltip\" class=\"modern-footnotes-footnote__note\" tabindex=\"0\" data-mfn=\"1\"><strong>Das Marienbr\u00e4u hatte leider geschlossen; im weiteren Verlauf trafen sie auf geschlossene K\u00fcchen und geschlossene Lokale.<\/strong><\/span>. Wir bedanken uns ganz herzlich f\u00fcr solide, kreative und verantwortungsbewusste Arbeit und freundliches Auftreten.<\/p>\n\n\n\n<figure class=\"wp-block-image size-full\"><img loading=\"lazy\" decoding=\"async\" width=\"650\" height=\"532\" src=\"https:\/\/www.foerderverein-bibliothek.de\/wp-content\/uploads\/2023\/03\/00k_Regalaufbau-3.-Tag-es-wird-Blick-in-den-Flur-und-in-das-Buero.jpg\" alt=\"\" class=\"wp-image-1076\" srcset=\"https:\/\/www.foerderverein-bibliothek.de\/wp-content\/uploads\/2023\/03\/00k_Regalaufbau-3.-Tag-es-wird-Blick-in-den-Flur-und-in-das-Buero.jpg 650w, https:\/\/www.foerderverein-bibliothek.de\/wp-content\/uploads\/2023\/03\/00k_Regalaufbau-3.-Tag-es-wird-Blick-in-den-Flur-und-in-das-Buero-300x246.jpg 300w\" sizes=\"auto, (max-width: 650px) 100vw, 650px\" \/><figcaption class=\"wp-element-caption\">Regalaufbau 3. Tag &#8211; es wird! <br>Blick in den Flur und in das B\u00fcro<\/figcaption><\/figure>\n\n\n\n<p>__________________________<\/p>\n\n\n\n<p><em>November 2022<\/em>:    Der F\u00f6rderverein hat die Anschaffung von Glasschr\u00e4nken f\u00fcr die angemessene Unterbringung der J\u00fcrgensbibliothek und Teile der Schulbibliothek des 19. Jahrhunderts initiiert. Mit der Anschaffung dieser Vitrinenschr\u00e4nke wird die Ausstattung der Bibliothek des Mariengymnasiums weiter optimiert und aufgewertet.&nbsp;<\/p>\n\n\n\n<p>Diese Anschaffung hat ein finanzielles Volumen von mehr als 46.000,- \u20ac. Eine derartig hohe finanzielle Aufwendung kann nicht allein aus dem Verm\u00f6gen des F\u00f6rdervereins get\u00e4tigt werden. So wurden vom F\u00f6rderverein Antr\u00e4ge auf Unterst\u00fctzung gestellt. <\/p>\n\n\n\n<figure class=\"wp-block-image aligncenter size-full is-resized\"><img loading=\"lazy\" decoding=\"async\" width=\"656\" height=\"232\" src=\"https:\/\/www.foerderverein-bibliothek.de\/wp-content\/uploads\/2022\/12\/Logo-Ol-Land-4c.jpg\" alt=\"\" class=\"wp-image-1004\" style=\"width:218px;height:75px\" srcset=\"https:\/\/www.foerderverein-bibliothek.de\/wp-content\/uploads\/2022\/12\/Logo-Ol-Land-4c.jpg 656w, https:\/\/www.foerderverein-bibliothek.de\/wp-content\/uploads\/2022\/12\/Logo-Ol-Land-4c-300x106.jpg 300w\" sizes=\"auto, (max-width: 656px) 100vw, 656px\" \/><\/figure>\n\n\n\n<p>Eine gro\u00dfz\u00fcgige Finanzierungshilfe wurde durch die Oldenburgische Landschaft gew\u00e4hrt. Diese teilte uns am 6. Dezember mit, dass sie 25.000,- aus dem Verm\u00e4chtnis der Eheleute Irmgard und Egon Hanschen aus Wilhelmshaven beisteuern w\u00fcrde. Da hat der Nikolaus f\u00fcr uns ein gro\u00dfes Geschenk in seinem Sack gehabt, denn ohne diese Geldzuwendung w\u00e4re die Komplettl\u00f6sung nicht zu stemmen gewesen. <\/p>\n\n\n\n<figure class=\"wp-block-image alignright size-full is-resized\"><img loading=\"lazy\" decoding=\"async\" width=\"883\" height=\"370\" src=\"https:\/\/www.foerderverein-bibliothek.de\/wp-content\/uploads\/2022\/12\/LzO-Logo_meineSparkasse_Rot_cmyk.jpg\" alt=\"\" class=\"wp-image-1025\" style=\"width:136px;height:57px\" srcset=\"https:\/\/www.foerderverein-bibliothek.de\/wp-content\/uploads\/2022\/12\/LzO-Logo_meineSparkasse_Rot_cmyk.jpg 883w, https:\/\/www.foerderverein-bibliothek.de\/wp-content\/uploads\/2022\/12\/LzO-Logo_meineSparkasse_Rot_cmyk-300x126.jpg 300w, https:\/\/www.foerderverein-bibliothek.de\/wp-content\/uploads\/2022\/12\/LzO-Logo_meineSparkasse_Rot_cmyk-768x322.jpg 768w\" sizes=\"auto, (max-width: 883px) 100vw, 883px\" \/><\/figure>\n\n\n\n<p>Die Landessparkasse zu Oldenburg hat weitere 3.000,- \u20ac beigetragen. Der Landkreis Friesland hatte die \u00dcbernahme der noch fehlenden 4.100,- \u20ac bereits zugesagt; der Antrag auf Zuteilung wurde vom F\u00f6rderverein nun gestellt. Aus dem Verm\u00f6gen des F\u00f6rdervereins wird ein Betrag von etwa 14.000,- \u20ac erbracht.<\/p>\n\n\n\n<figure class=\"wp-block-image alignright size-large is-resized\"><img loading=\"lazy\" decoding=\"async\" width=\"1024\" height=\"283\" src=\"https:\/\/www.foerderverein-bibliothek.de\/wp-content\/uploads\/2022\/12\/landkreis_friesland_logo_ab_2016-2-1024x283.jpg\" alt=\"\" class=\"wp-image-1010\" style=\"width:222px;height:61px\" srcset=\"https:\/\/www.foerderverein-bibliothek.de\/wp-content\/uploads\/2022\/12\/landkreis_friesland_logo_ab_2016-2-1024x283.jpg 1024w, https:\/\/www.foerderverein-bibliothek.de\/wp-content\/uploads\/2022\/12\/landkreis_friesland_logo_ab_2016-2-300x83.jpg 300w, https:\/\/www.foerderverein-bibliothek.de\/wp-content\/uploads\/2022\/12\/landkreis_friesland_logo_ab_2016-2-768x212.jpg 768w, https:\/\/www.foerderverein-bibliothek.de\/wp-content\/uploads\/2022\/12\/landkreis_friesland_logo_ab_2016-2.jpg 1110w\" sizes=\"auto, (max-width: 1024px) 100vw, 1024px\" \/><\/figure>\n\n\n\n<p>F\u00fcr die finanzielle Unterst\u00fctzung sind wir sehr dankbar. Es zeigt sich wieder einmal, dass in unserer Region eine gro\u00dfe Bereitschaft besteht, kulturelle Einrichtungen mitzutragen. Die Bibliothek des Mariengymnasiums als Alleinstellungsmerkmal im Schulbezirk Weser-Ems wird nun weiter aufgewertet. Daf\u00fcr arbeitet der F\u00f6rderverein.<\/p>\n\n\n\n<p>Zur geplanten Aufstellung der <strong>Glasschr\u00e4nke<\/strong> wird eine gro\u00dfe und komplizierte Umr\u00e4umaktion stattfinden m\u00fcssen, um die 1.200 B\u00e4nde umfassende J\u00fcrgens-Bibliothek sowie B\u00fccher aus dem historischen Schulbestand in eben diesen Glasschr\u00e4nken zu pr\u00e4sentieren. Regale m\u00fcssen abgebaut werden und an anderer Stelle aufgebaut bzw. zwischengelagert werden. Dies wird durch die Schule erledigt. Auch die in diesen Regalen befindlichen B\u00fccher m\u00fcssen in ein Zwischenlager verbracht werden, bevor sie wieder eingestellt werden k\u00f6nnen. Hier ist t\u00e4tige Mithilfe durch die Vereinsmitglieder n\u00f6tig. Den Aufbau der Vitrinenschr\u00e4nke werden Mitarbeiter der Fa. EcoDesign Library durchf\u00fchren.<\/p>\n\n\n\n<p>________________________<\/p>\n\n\n\n<p class=\"has-text-align-center\"><strong><mark style=\"background-color:rgba(0, 0, 0, 0);color:#7e0a0a\" class=\"has-inline-color\"><span style=\"text-decoration: underline;\" class=\"ek-underline\">Eingabe in den GBV<\/span><\/mark><\/strong><\/p>\n\n\n\n<p>W\u00f6chentlich geben wir die Titel der historischen Bibliothek in den Katalog des GBV (Gemeinsamer Bibliotheksverbund) ein. Diese Arbeit wird Mitglieder des F\u00f6rdervereins noch auf Jahre besch\u00e4ftigen, es sei denn, der Landkreis Friesland richtet eine Stelle f\u00fcr eine Fachkraft ein, die diese wichtige Arbeit \u00fcbernimmt.<\/p>\n\n\n\n<p>________________________<\/p>\n\n\n\n<p class=\"has-text-align-center\"><strong><mark style=\"background-color:rgba(0, 0, 0, 0);color:#730808\" class=\"has-inline-color\"><span style=\"text-decoration: underline;\" class=\"ek-underline\"><span class=\"uppercase\">Der Buchrestaurator zu Besuch<\/span><\/span><\/mark><\/strong><\/p>\n\n\n\n<p>Am <em>23. November 2022<\/em> konnten Mitglieder des Vorstandes des F\u00f6rdervereins und die Bibliotheksleiterin Herrn Gerit Depping von der Buchbinderei Depping in M\u00fcnster in der Bibliothek begr\u00fc\u00dfen. Dieser Betrieb ist u.a. auf die Restaurierung von alten B\u00fcchern spezialisiert. <\/p>\n\n\n\n<p>Herr Depping lieferte restaurierte B\u00fccher aus dem historischen Schulbestand und der Ehrentrautschen Sammlung sowie letzte Restaurierungen aus der J\u00fcrgensbibliothek an. Diese Buchrestaurierungen waren durch den F\u00f6rderverein mit einem hohen vierstelligen Betrag finanziert worden. <\/p>\n\n\n\n<figure class=\"wp-block-image size-large\"><img loading=\"lazy\" decoding=\"async\" width=\"1024\" height=\"576\" src=\"https:\/\/www.foerderverein-bibliothek.de\/wp-content\/uploads\/2022\/11\/Mit-Herrn-Depping-Juergens-Restaurierungen-1024x576.jpg\" alt=\"\" class=\"wp-image-981\" srcset=\"https:\/\/www.foerderverein-bibliothek.de\/wp-content\/uploads\/2022\/11\/Mit-Herrn-Depping-Juergens-Restaurierungen-1024x576.jpg 1024w, https:\/\/www.foerderverein-bibliothek.de\/wp-content\/uploads\/2022\/11\/Mit-Herrn-Depping-Juergens-Restaurierungen-300x169.jpg 300w, https:\/\/www.foerderverein-bibliothek.de\/wp-content\/uploads\/2022\/11\/Mit-Herrn-Depping-Juergens-Restaurierungen-768x432.jpg 768w, https:\/\/www.foerderverein-bibliothek.de\/wp-content\/uploads\/2022\/11\/Mit-Herrn-Depping-Juergens-Restaurierungen-1536x864.jpg 1536w, https:\/\/www.foerderverein-bibliothek.de\/wp-content\/uploads\/2022\/11\/Mit-Herrn-Depping-Juergens-Restaurierungen-2048x1152.jpg 2048w\" sizes=\"auto, (max-width: 1024px) 100vw, 1024px\" \/><figcaption class=\"wp-element-caption\">Gerit Depping (links) zeigt Dr. Anja Belemann-Smit (Bibliotheksleitung), Hartmut Kroll, Hartmut Peters und Hans-J\u00fcrgen Klitsch (alle F\u00f6rderverein) die restaurierten B\u00fccher<\/figcaption><\/figure>\n\n\n\n<p>Die Restaurierungsarbeiten wurden wie immer zur \u00e4u\u00dfersten Zufriedenheit des F\u00f6rdervereins und der Bibliotheksleitung durchgef\u00fchrt. Anschlie\u00dfend sichtete Herr Depping einen restaurierungsbed\u00fcrftigen Bestand aus der \u00dcberlassung von historischen B\u00fcchern der evangelischen Kirchengemeinde Jever. Auch diese Restaurierung gedenkt der F\u00f6rderverein finanziell zu erm\u00f6glichen.<\/p>\n\n\n\n<p>________________________<\/p>\n\n\n\n<p class=\"has-text-align-center\"><strong><mark style=\"background-color:rgba(0, 0, 0, 0);color:#6c0a0a\" class=\"has-inline-color\"><span style=\"text-decoration: underline;\" class=\"ek-underline\">Ausstellung J\u00fcrgensbibliothek<\/span><\/mark><\/strong><\/p>\n\n\n\n<p><\/p>\n\n\n\n<figure class=\"wp-block-image aligncenter size-full is-resized\"><img loading=\"lazy\" decoding=\"async\" width=\"427\" height=\"900\" src=\"https:\/\/www.foerderverein-bibliothek.de\/wp-content\/uploads\/2022\/11\/00k_Einladung.jpg\" alt=\"\" class=\"wp-image-937\" style=\"width:266px;height:560px\" srcset=\"https:\/\/www.foerderverein-bibliothek.de\/wp-content\/uploads\/2022\/11\/00k_Einladung.jpg 427w, https:\/\/www.foerderverein-bibliothek.de\/wp-content\/uploads\/2022\/11\/00k_Einladung-142x300.jpg 142w\" sizes=\"auto, (max-width: 427px) 100vw, 427px\" \/><\/figure>\n\n\n\n<p>Zum <em>13. November 2022 <\/em>hatte die Bibliotheksleitung eine Buchausstellung zur J\u00fcrgensbibliothek mit einem Vortrag von Dr. Matthias Bollmeyer (Landesbibliothek Oldenburg) &#8222;<em>Die Bibliothek des jeverschen B\u00fcrgermeisters und Botanikers Georg Heinrich Bernhard J\u00fcrgens im personengeschichtlichen Kontext\u201c<\/em> in Planung.<\/p>\n\n\n\n<p>Diese Veranstaltung hat nun stattgefunden. Sie war erfreulich gut besucht; auch ein Ur-Ur-Urenkel von Georg Heinrich Bernhard J\u00fcrgens war aus S\u00fcddeutschland angereist: Dr. Dr. Jan J\u00fcrgens.  Der Vortrag von Dr. Bollmeyer war inhaltlich, sprachlich sowie in der medialen Untermalung \u00e4u\u00dferst gelungen und brachte viele neue Erkenntnisse. Jan J\u00fcrgens sagte anschlie\u00dfend: &#8222;Da habe ich viel Neues \u00fcber meine Vorfahren erfahren.&#8220;<\/p>\n\n\n\n<figure class=\"wp-block-image size-full\"><img loading=\"lazy\" decoding=\"async\" width=\"900\" height=\"582\" src=\"https:\/\/www.foerderverein-bibliothek.de\/wp-content\/uploads\/2022\/11\/00k_Juergensausstellung_06.jpg\" alt=\"\" class=\"wp-image-994\" srcset=\"https:\/\/www.foerderverein-bibliothek.de\/wp-content\/uploads\/2022\/11\/00k_Juergensausstellung_06.jpg 900w, https:\/\/www.foerderverein-bibliothek.de\/wp-content\/uploads\/2022\/11\/00k_Juergensausstellung_06-300x194.jpg 300w, https:\/\/www.foerderverein-bibliothek.de\/wp-content\/uploads\/2022\/11\/00k_Juergensausstellung_06-768x497.jpg 768w\" sizes=\"auto, (max-width: 900px) 100vw, 900px\" \/><figcaption class=\"wp-element-caption\">Blick in die Ausstellung mit Besuchern<\/figcaption><\/figure>\n\n\n\n<p>Die dazugeh\u00f6rige Buchausstellung mit ausgew\u00e4hlten B\u00e4nden aus der J\u00fcrgensbibliothek wurde vom F\u00f6rdervereinsmitglied Hartmut Peters kuratiert und zusammen mit Hans-J\u00fcrgen Klitsch, ebenfalls vom F\u00f6rderverein, aufgebaut. Ihnen gelang eine ansprechende und interessante Pr\u00e4sentation.<\/p>\n\n\n\n<p>Die Ausstellung gliederte sich in 8 Abteilungen wozu Peters und Klitsch einen ausf\u00fchrlichen Leitfaden erstellten.<\/p>\n\n\n\n<figure class=\"wp-block-image size-full\"><img loading=\"lazy\" decoding=\"async\" width=\"900\" height=\"562\" src=\"https:\/\/www.foerderverein-bibliothek.de\/wp-content\/uploads\/2022\/11\/00k_Juergensausstellung_05.jpg\" alt=\"\" class=\"wp-image-995\" srcset=\"https:\/\/www.foerderverein-bibliothek.de\/wp-content\/uploads\/2022\/11\/00k_Juergensausstellung_05.jpg 900w, https:\/\/www.foerderverein-bibliothek.de\/wp-content\/uploads\/2022\/11\/00k_Juergensausstellung_05-300x187.jpg 300w, https:\/\/www.foerderverein-bibliothek.de\/wp-content\/uploads\/2022\/11\/00k_Juergensausstellung_05-768x480.jpg 768w\" sizes=\"auto, (max-width: 900px) 100vw, 900px\" \/><figcaption class=\"wp-element-caption\">Blick in die Ausstellung mit Besuchern<\/figcaption><\/figure>\n\n\n\n<p><strong>Leitfaden durch die Ausstellung \u201eDie J\u00fcrgensbibliothek\u201c<\/strong> <\/p>\n\n\n\n<p>Abteilung 1: <strong>Algae Aquaticae<\/strong><\/p>\n\n\n\n<p>Abteilung 2: <strong>J\u00fcrgens als Naturwissenschaftler und juristische B\u00fccher aus der J\u00fcrgensbibliothek<\/strong><\/p>\n\n\n\n<p>Abteilung 3: <strong>Widmungsexemplare von Autoren<\/strong><\/p>\n\n\n\n<p>Abteilung 4: <strong>Zwei Meter aus der J\u00fcrgensbibliothek<\/strong><\/p>\n\n\n\n<p>Abteilung 5: <strong>Ausgew\u00e4hlte Abbildungen aus naturkundlichen B\u00fcchern der J\u00fcrgensbibliothek<\/strong><\/p>\n\n\n\n<p>Abteilung 6: <strong>Schenkungsexemplar von Sophie de la Roche an J\u00fcrgens<\/strong><\/p>\n\n\n\n<p>Abteilung 7: <strong>Kuriosa mit Bezug zu Jever<\/strong><\/p>\n\n\n\n<p>Abteilung 8: <strong>Ausgew\u00e4hlte Buchprovenienzen<\/strong><\/p>\n\n\n\n<figure class=\"wp-block-image size-full\"><img loading=\"lazy\" decoding=\"async\" width=\"900\" height=\"675\" src=\"https:\/\/www.foerderverein-bibliothek.de\/wp-content\/uploads\/2022\/11\/00k_Assstellung-JUeRGENS-Vortrag-Bollmeyer.jpg\" alt=\"\" class=\"wp-image-939\" srcset=\"https:\/\/www.foerderverein-bibliothek.de\/wp-content\/uploads\/2022\/11\/00k_Assstellung-JUeRGENS-Vortrag-Bollmeyer.jpg 900w, https:\/\/www.foerderverein-bibliothek.de\/wp-content\/uploads\/2022\/11\/00k_Assstellung-JUeRGENS-Vortrag-Bollmeyer-300x225.jpg 300w, https:\/\/www.foerderverein-bibliothek.de\/wp-content\/uploads\/2022\/11\/00k_Assstellung-JUeRGENS-Vortrag-Bollmeyer-768x576.jpg 768w\" sizes=\"auto, (max-width: 900px) 100vw, 900px\" \/><figcaption class=\"wp-element-caption\">Vortrag Dr. Matthias Bollmeyer, rechts in der ersten Stuhlreihe unser Landrat Sven Ambrosy<\/figcaption><\/figure>\n\n\n\n<p>Am <em>20. November<\/em> konnte die Buchausstellung noch einmal besucht werden (16 Uhr bis 18 Uhr).<\/p>\n\n\n\n<figure class=\"wp-block-image aligncenter size-full is-resized\"><img loading=\"lazy\" decoding=\"async\" width=\"900\" height=\"573\" src=\"https:\/\/www.foerderverein-bibliothek.de\/wp-content\/uploads\/2022\/11\/00k_Juergensausstellung_04-1.jpg\" alt=\"\" class=\"wp-image-996\" style=\"width:381px;height:242px\" srcset=\"https:\/\/www.foerderverein-bibliothek.de\/wp-content\/uploads\/2022\/11\/00k_Juergensausstellung_04-1.jpg 900w, https:\/\/www.foerderverein-bibliothek.de\/wp-content\/uploads\/2022\/11\/00k_Juergensausstellung_04-1-300x191.jpg 300w, https:\/\/www.foerderverein-bibliothek.de\/wp-content\/uploads\/2022\/11\/00k_Juergensausstellung_04-1-768x489.jpg 768w\" sizes=\"auto, (max-width: 900px) 100vw, 900px\" \/><\/figure>\n\n\n\n<p><\/p>\n\n\n\n<p>________________________<\/p>\n\n\n\n<p>Zum <strong>450. Schuljubil\u00e4um <\/strong>im September 2023 \u2013 gleichzeitig besteht unser Verein dann 25 Jahre &#8211; planen wir eine gro\u00dfe Buchausstellung, u.a. mit B\u00fcchern, die in Deutschland nur in der Bibliothek des Mariengymnasiums nachgewiesen sind.<\/p>\n\n\n\n<p><\/p>\n<\/div>\n\n\n\n<div class=\"wp-block-column is-layout-flow wp-block-column-is-layout-flow\">\n<p class=\"has-text-align-center\"><strong>TERMINE DER BIBLIOTHEKSLEITUNG<\/strong><\/p>\n\n\n\n<figure class=\"wp-block-image size-large is-resized\"><img loading=\"lazy\" decoding=\"async\" width=\"1024\" height=\"487\" src=\"https:\/\/www.foerderverein-bibliothek.de\/wp-content\/uploads\/2026\/01\/MG_RZ_Mariengymnasium_Logo-Bibliothek-1024x487.jpg\" alt=\"\" class=\"wp-image-1688\" style=\"aspect-ratio:2.102552591059197;width:256px;height:auto\" srcset=\"https:\/\/www.foerderverein-bibliothek.de\/wp-content\/uploads\/2026\/01\/MG_RZ_Mariengymnasium_Logo-Bibliothek-1024x487.jpg 1024w, https:\/\/www.foerderverein-bibliothek.de\/wp-content\/uploads\/2026\/01\/MG_RZ_Mariengymnasium_Logo-Bibliothek-300x143.jpg 300w, https:\/\/www.foerderverein-bibliothek.de\/wp-content\/uploads\/2026\/01\/MG_RZ_Mariengymnasium_Logo-Bibliothek-768x365.jpg 768w, https:\/\/www.foerderverein-bibliothek.de\/wp-content\/uploads\/2026\/01\/MG_RZ_Mariengymnasium_Logo-Bibliothek-1536x731.jpg 1536w, https:\/\/www.foerderverein-bibliothek.de\/wp-content\/uploads\/2026\/01\/MG_RZ_Mariengymnasium_Logo-Bibliothek.jpg 1965w\" sizes=\"auto, (max-width: 1024px) 100vw, 1024px\" \/><\/figure>\n\n\n\n<p><\/p>\n\n\n\n<p class=\"has-text-align-left\"><strong>29.01.26<\/strong>  18:30 h &#8211; 20:00 h F\u00fchrung durch die Bibliothek des Mariengymnasiums, Dr. Anja Belemann-Smit (Anmeldung \u00fcber Tourist-Information Stadt Jever 04461-939261)<\/p>\n\n\n\n<p><\/p>\n\n\n\n<p><strong>26.02.26 <\/strong>18:30 h &#8211; 20:45 h F\u00fchrung: &#8222;Auf Spurensuche nach der friesischen Heimat&#8220;, Dr. Anja Belemann-Smit (Anmeldung \u00fcber VHS Friesland-Wittmund)<\/p>\n\n\n\n<p><strong>23.04.26<\/strong> 18:30 h &#8211; 20:00 h F\u00fchrung &#8222;Stadt Jever&#8220;, Dr. Anja Belemann-Smit (Anmeldung \u00fcber Tourist-Information Stadt Jever 04461-939261)<\/p>\n\n\n\n<p style=\"--ek-indent:20px\" class=\"has-ek-indent\"><\/p>\n\n\n\n<p style=\"--ek-indent:20px\" class=\"has-ek-indent\"><br>Es ist auch m\u00f6glich, Gruppenf\u00fchrungen durch die Bibliothek auf Anfrage zu organisieren.<\/p>\n\n\n\n<p>Eingang Bibliothek, P.-W.-Janssen-Weg (bitte klingeln)<\/p>\n<\/div>\n<\/div>\n<\/div>\n<ul class=\"modern-footnotes-list \"><li><span>1<\/span><div><strong>Das Marienbr\u00e4u hatte leider geschlossen; im weiteren Verlauf trafen sie auf geschlossene K\u00fcchen und geschlossene Lokale.<\/strong><\/div><\/li><\/ul>","protected":false},"excerpt":{"rendered":"<p>TERMINE DES F\u00d6RDERVEREINS Neuer Vorstand Jahreshauptversammlung am 21. April 2026 um 19 Uhr im Fritz-Levy-Raum in der Bibliothek. Die Jahreshauptversammlung hat stattgefunden. Es wurden die Jahresberichte des F\u00f6rdervereinsvorstands, des Schatzmeisters und der Bibliotheksleitung vorgelegt. Die vielf\u00e4ltigen Aktivit\u00e4ten wurden erfreut zur Kenntnis genommen. F\u00fcr die Zukunft wurde eine Verj\u00fcngung der Vereinsmitgliederstruktur anvisiert. Dazu wurden Ideen dargelegt. [&hellip;]<\/p>\n","protected":false},"author":1,"featured_media":0,"parent":0,"menu_order":0,"comment_status":"closed","ping_status":"closed","template":"","meta":{"_editorskit_title_hidden":false,"_editorskit_reading_time":6,"_editorskit_is_block_options_detached":false,"_editorskit_block_options_position":"{}","footnotes":""},"class_list":["post-638","page","type-page","status-publish","hentry"],"_links":{"self":[{"href":"https:\/\/www.foerderverein-bibliothek.de\/index.php?rest_route=\/wp\/v2\/pages\/638","targetHints":{"allow":["GET"]}}],"collection":[{"href":"https:\/\/www.foerderverein-bibliothek.de\/index.php?rest_route=\/wp\/v2\/pages"}],"about":[{"href":"https:\/\/www.foerderverein-bibliothek.de\/index.php?rest_route=\/wp\/v2\/types\/page"}],"author":[{"embeddable":true,"href":"https:\/\/www.foerderverein-bibliothek.de\/index.php?rest_route=\/wp\/v2\/users\/1"}],"replies":[{"embeddable":true,"href":"https:\/\/www.foerderverein-bibliothek.de\/index.php?rest_route=%2Fwp%2Fv2%2Fcomments&post=638"}],"version-history":[{"count":314,"href":"https:\/\/www.foerderverein-bibliothek.de\/index.php?rest_route=\/wp\/v2\/pages\/638\/revisions"}],"predecessor-version":[{"id":1723,"href":"https:\/\/www.foerderverein-bibliothek.de\/index.php?rest_route=\/wp\/v2\/pages\/638\/revisions\/1723"}],"wp:attachment":[{"href":"https:\/\/www.foerderverein-bibliothek.de\/index.php?rest_route=%2Fwp%2Fv2%2Fmedia&parent=638"}],"curies":[{"name":"wp","href":"https:\/\/api.w.org\/{rel}","templated":true}]}}