{"id":228,"date":"2022-08-16T08:32:02","date_gmt":"2022-08-16T06:32:02","guid":{"rendered":"https:\/\/www.foerderverein-bibliothek.de\/?page_id=228"},"modified":"2024-09-07T20:09:40","modified_gmt":"2024-09-07T18:09:40","slug":"presseartikel","status":"publish","type":"page","link":"https:\/\/www.foerderverein-bibliothek.de\/?page_id=228","title":{"rendered":"Pressearchiv"},"content":{"rendered":"\n<p class=\"has-background\" style=\"background-color:#dcdcdc\">In unserem Pressearchiv finden Sie ausgew\u00e4hlte Artikel \u00fcber unsere Arbeit.<\/p>\n\n\n\n<blockquote class=\"wp-block-quote is-layout-flow wp-block-quote-is-layout-flow\">\n<p>JW = Jeversches Wochenblatt,  NWZ = Nordwest-Zeitung,  WZ = Wilhelmshavener Zeitung. Weitere Angaben in den Fu\u00dfnoten.<\/p>\n<\/blockquote>\n\n\n\n<figure class=\"wp-block-table is-style-regular\"><table><thead><tr><th class=\"has-text-align-left\" data-align=\"left\">Datum<\/th><th class=\"has-text-align-left\" data-align=\"left\">Titel<\/th><th class=\"has-text-align-left\" data-align=\"left\">Quelle<\/th><\/tr><\/thead><tbody><tr><td class=\"has-text-align-left\" data-align=\"left\">6.9.2024<\/td><td class=\"has-text-align-left\" data-align=\"left\"><a href=\"https:\/\/www.foerderverein-bibliothek.de\/wp-content\/uploads\/2024\/09\/Jev_Foerderverein_BibMg.pdf\">Neuer Vorsitzender f\u00fcr Bibliotheks-F\u00f6rderverein<\/a><br>Redakteur Christoph Hinz l\u00f6st Hartmut Peters nach zehn Jahren ab &#8211; Schatzmeister gesucht<\/td><td class=\"has-text-align-left\" data-align=\"left\"><\/td><\/tr><tr><td class=\"has-text-align-left\" data-align=\"left\">2.4.2024<\/td><td class=\"has-text-align-left\" data-align=\"left\"><a href=\"https:\/\/www.foerderverein-bibliothek.de\/wp-content\/uploads\/2024\/04\/2024-04-02-JW-Kemper-Besprechung.pdf\" class=\"ek-link\">Jazz als &#8222;gesch\u00e4rfte Philosophie des Zusammenlebens&#8220;<\/a><br>Peter Kemper \u00fcber die politische Tragweite von <\/td><td class=\"has-text-align-left\" data-align=\"left\">[JW]<\/td><\/tr><tr><td class=\"has-text-align-left\" data-align=\"left\">5.2.2024<\/td><td class=\"has-text-align-left\" data-align=\"left\"><a href=\"https:\/\/www.foerderverein-bibliothek.de\/wp-content\/uploads\/2024\/03\/2023-02-05-JW-Vortrag-Peter.pdf\" class=\"ek-link\">Peter Kemper liest aus &#8222;The Sound of Rebellion&#8220;<\/a><br><strong>MULTIMEDIALE LESUNG <\/strong>Musikjournalist und Buchautor zu Gast in der Bibliothek<\/td><td class=\"has-text-align-left\" data-align=\"left\">[JW]<\/td><\/tr><tr><td class=\"has-text-align-left\" data-align=\"left\">5.1.2024<\/td><td class=\"has-text-align-left\" data-align=\"left\"><a href=\"https:\/\/www.foerderverein-bibliothek.de\/wp-content\/uploads\/2024\/01\/Fraeulein-Marien-Taler-Kroll-scaled.jpg\" class=\"ek-link\">Verdienstmedaille f\u00fcr Erik Reck<\/a><br>&#8230;und unser Schatzmeister Hartmut Kroll bekommt den <strong>Fr\u00e4ulein-Marien-Taler<\/strong> der Stadt Jever<\/td><td class=\"has-text-align-left\" data-align=\"left\">[NWZ]<\/td><\/tr><tr><td class=\"has-text-align-left\" data-align=\"left\">13.11.2023<\/td><td class=\"has-text-align-left\" data-align=\"left\"><a href=\"https:\/\/mariengymnasium-jever.de\/de\/das-mg\/aktuelles\/25-jahre-foerderverein-der-bibliothek\/\" class=\"ek-link\">25 Jahre F\u00f6rderverein Bibliothek Mariengymnasium Jever<\/a><br><strong>Radiofeature <\/strong>im &#8222;Kulturspiegel&#8220; auf NDR1<\/td><td class=\"has-text-align-left\" data-align=\"left\">NDR1<\/td><\/tr><tr><td class=\"has-text-align-left\" data-align=\"left\">13.11.2023<\/td><td class=\"has-text-align-left\" data-align=\"left\"><a href=\"https:\/\/www.foerderverein-bibliothek.de\/wp-content\/uploads\/2023\/11\/Jever_Jubilaeum_Foerderverein-min.pdf\" class=\"ek-link\">\u00dcber \u201ekleinen Ma\u00dfstab\u201c weit hinausgekommen<\/a><br>Die <strong>Festveranstaltung <\/strong>zu 25 Jahre F\u00f6rderverein Bibliothek des Mariengymnasiums Jever e.V. <\/td><td class=\"has-text-align-left\" data-align=\"left\">[JW]<\/td><\/tr><tr><td class=\"has-text-align-left\" data-align=\"left\">28.10.2023<\/td><td class=\"has-text-align-left\" data-align=\"left\"><a href=\"https:\/\/www.foerderverein-bibliothek.de\/wp-content\/uploads\/2023\/11\/2023-10-28-JW-Jubilaeum-Foerderverein-min.pdf\" class=\"ek-link\">Alte B\u00fccher brauchen viele Freunde<\/a><br><strong>25 JAHRE F\u00d6RDERVEREIN<\/strong> Vorausschau auf die Feierlichkeiten zum 25j\u00e4hrigen Bestehen des F\u00f6rdervereins<\/td><td class=\"has-text-align-left\" data-align=\"left\">[JW]<\/td><\/tr><tr><td class=\"has-text-align-left\" data-align=\"left\">30.08.2023<\/td><td class=\"has-text-align-left\" data-align=\"left\"><a href=\"https:\/\/www.foerderverein-bibliothek.de\/wp-content\/uploads\/2023\/08\/2023-08-30-JWHistorische-Bibliothek-in-neue-Regale-geraeumt.jpg\" class=\"ek-link\">Historische Bibliothek in neue Regale ger\u00e4umt <\/a><br><strong>BIBLIOTHEK <\/strong>Die J\u00fcrgens-Bibliothek nun komplett in den neuen Vitrinenschr\u00e4nken <\/td><td class=\"has-text-align-left\" data-align=\"left\">[JW]<\/td><\/tr><tr><td class=\"has-text-align-left\" data-align=\"left\">22.08.2023<\/td><td class=\"has-text-align-left\" data-align=\"left\"><a href=\"https:\/\/www.foerderverein-bibliothek.de\/wp-content\/uploads\/2023\/09\/2023-08-22-NWZ-Kroll-Friesland-Taler-min.pdf\" class=\"ek-link\">Mit Standard-Satz &#8218;Wir m\u00fcssen reden&#8216; zum Erfolg<\/a><br><strong>EHRUNG <\/strong>Unserem Schatzmeister Hartmut Kroll wird der Friesentaler f\u00fcr seine Verdienste verliehen<\/td><td class=\"has-text-align-left\" data-align=\"left\">[NWZ]<\/td><\/tr><tr><td class=\"has-text-align-left\" data-align=\"left\">22.08.2023<\/td><td class=\"has-text-align-left\" data-align=\"left\"><a href=\"https:\/\/www.foerderverein-bibliothek.de\/wp-content\/uploads\/2023\/09\/2023-08-22-JW-Kroll-Friesland-Taler-min.pdf\" class=\"ek-link\">Ehrenamt: Friesland-Taler f\u00fcr Hartmut Kroll<\/a><br><strong>EHRUNG <\/strong>Unser Schatzmeister wird f\u00fcr seine T\u00e4tigkeit vom Landkreis Friesland geehrt<\/td><td class=\"has-text-align-left\" data-align=\"left\">[JW]<\/td><\/tr><tr><td class=\"has-text-align-left\" data-align=\"left\">24.02.2023<\/td><td class=\"has-text-align-left\" data-align=\"left\"><a aria-label=\"Buchsch\u00e4tze unter Dach und Fach (opens in a new tab)\" href=\"https:\/\/www.foerderverein-bibliothek.de\/wp-content\/uploads\/2023\/02\/2023-02-24_JW-Spezialregale-min.pdf\" target=\"_blank\" rel=\"noreferrer noopener\" class=\"ek-link\">Buchsch\u00e4tze unter Dach und Fach<\/a><br><strong>BIBLIOTHEK <\/strong>Neues Regalsystem f\u00fcr 47.000 Euro in Schulbibliothek eingebaut &#8211; F\u00f6rderverein wirbt n\u00f6tige Mittel ein<\/td><td class=\"has-text-align-left\" data-align=\"left\">[JW]<\/td><\/tr><tr><td class=\"has-text-align-left\" data-align=\"left\">25.11.2022 <\/td><td class=\"has-text-align-left\" data-align=\"left\"><a href=\"https:\/\/www.foerderverein-bibliothek.de\/wp-content\/uploads\/2022\/11\/2022-11-25_JW-Juergens-Ausstellung-min.pdf\" class=\"ek-link\">Jetzt geht die Forschung erst so richtig los<\/a><br><strong>AUSSTELLUNG <\/strong>Bericht \u00fcber Vortrag und Ausstellung zur J\u00fcrgens-Bibliothek<\/td><td class=\"has-text-align-left\" data-align=\"left\">[JW]<\/td><\/tr><tr><td class=\"has-text-align-left\" data-align=\"left\">07.11.2022<\/td><td class=\"has-text-align-left\" data-align=\"left\"><a href=\"https:\/\/www.foerderverein-bibliothek.de\/wp-content\/uploads\/2022\/11\/2022-11-07_JW-Juergens-Ausstellung-min.pdf\" class=\"ek-link\">Gelehrter, Sammler und B\u00fcrgermeister<\/a><br>Ank\u00fcndigung zur Ausstellung der J\u00fcrgens-Bibliothek<\/td><td class=\"has-text-align-left\" data-align=\"left\">[JW]<\/td><\/tr><tr><td class=\"has-text-align-left\" data-align=\"left\">03.05.2022<\/td><td class=\"has-text-align-left\" data-align=\"left\"><strong><a href=\"https:\/\/www.foerderverein-bibliothek.de\/wp-content\/uploads\/2022\/09\/2022-05-03-JW-Foerderverein-JHV-Bibliothek-JHV-min.pdf\" target=\"_blank\" aria-label=\"Mariengymnasium plant gro\u00dfe Festwoche (opens in a new tab)\" rel=\"noreferrer noopener\" class=\"ek-link\">Mariengymnasium plant gro\u00dfe Festwoche<\/a><\/strong><br><strong>JUBIL\u00c4UM<\/strong> F\u00f6rderverein der Bibliothek will 2023 zum 450-j\u00e4hrigen Bestehen besonders seltene Buchsch\u00e4tze zeigen<\/td><td class=\"has-text-align-left\" data-align=\"left\">[JW]<\/td><\/tr><tr><td class=\"has-text-align-left\" data-align=\"left\">17.11.2021<\/td><td class=\"has-text-align-left\" data-align=\"left\"><strong><a aria-label=\"Buchausstellung in der Bibliothek (opens in a new tab)\" href=\"https:\/\/www.foerderverein-bibliothek.de\/wp-content\/uploads\/2022\/09\/2021-11-17-JW-Ausstellung-ueber-Buch.pdf\" target=\"_blank\" rel=\"noreferrer noopener\" class=\"ek-link\">Buchausstellung in der Bibliothek<\/a><\/strong><br><strong>AUSSTELLUNG <\/strong>Pr\u00e4sentation der im Buch \u00fcber die Bibliothek dargestellten B\u00fccher <\/td><td class=\"has-text-align-left\" data-align=\"left\">[JW]<\/td><\/tr><tr><td class=\"has-text-align-left\" data-align=\"left\">16.11.2021<\/td><td class=\"has-text-align-left\" data-align=\"left\"><strong><a href=\"https:\/\/www.foerderverein-bibliothek.de\/wp-content\/uploads\/2022\/09\/2021-11-16-NWZ-Ausstellung-ueber-Buch.pdf\" target=\"_blank\" aria-label=\"Alte B\u00fcchersch\u00e4tze entdecken (opens in a new tab)\" rel=\"noreferrer noopener\" class=\"ek-link\">Alte B\u00fcchersch\u00e4tze entdecken<\/a><\/strong><br><strong>MARIENGYMNASIUM<\/strong> Bibliothek l\u00e4dt zum Erkunden ein &#8211; Werke von 1491 bis 1977<\/td><td class=\"has-text-align-left\" data-align=\"left\">[NWZ]<\/td><\/tr><tr><td class=\"has-text-align-left\" data-align=\"left\">04.11.2021<\/td><td class=\"has-text-align-left\" data-align=\"left\"><strong><a aria-label=\"Besonderen Charme der Orginalausgaben erleben (opens in a new tab)\" href=\"https:\/\/www.foerderverein-bibliothek.de\/wp-content\/uploads\/2022\/09\/2021-11-04-JW-Ausstellung-ueber-Buch-Vorankuendigung.pdf\" target=\"_blank\" rel=\"noreferrer noopener\" class=\"ek-link\">Besonderen Charme der Orginalausgaben erleben<\/a><\/strong><br><strong>AUSSTELLUNG<\/strong> Bibliothek des Mariengymnasiums zeigt B\u00fccher aus dem Band &#8222;Ein Kosmos f\u00fcr sich&#8220;<\/td><td class=\"has-text-align-left\" data-align=\"left\">[JW]<\/td><\/tr><tr><td class=\"has-text-align-left\" data-align=\"left\">09.11.2020<\/td><td class=\"has-text-align-left\" data-align=\"left\"><strong><a href=\"https:\/\/www.foerderverein-bibliothek.de\/wp-content\/uploads\/2022\/09\/2020-11-09-NWZ-Buchproesentation.pdf\" target=\"_blank\" aria-label=\"Von Lebenszeichen und Pandemien (opens in a new tab)\" rel=\"noreferrer noopener\" class=\"ek-link\">Von Lebenszeichen und Pandemien<\/a><\/strong><br><strong>NEUERSCHEINUNG<\/strong> F\u00f6rderverein ver\u00f6ffentlicht Bildband \u00fcber den Altbestand der MG-Bibliothek<\/td><td class=\"has-text-align-left\" data-align=\"left\">[NWZ]<\/td><\/tr><tr><td class=\"has-text-align-left\" data-align=\"left\">14.12.2019<\/td><td class=\"has-text-align-left\" data-align=\"left\"><strong><a href=\"https:\/\/www.foerderverein-bibliothek.de\/wp-content\/uploads\/2022\/09\/2019-12-14-JW-Spende-Lions-Clubs.pdf\" target=\"_blank\" aria-label=\"Bibliothek erh\u00e4lt Spende von sieben regionalen Lions-Clubs (opens in a new tab)\" rel=\"noreferrer noopener\" class=\"ek-link\">Bibliothek erh\u00e4lt Spende von sieben regionalen Lions-Clubs<\/a><\/strong><\/td><td class=\"has-text-align-left\" data-align=\"left\">[JW]<\/td><\/tr><tr><td class=\"has-text-align-left\" data-align=\"left\">30.12.2019<\/td><td class=\"has-text-align-left\" data-align=\"left\"><strong><a aria-label=\"Wie Kinder fr\u00fcher das Lesen erlernten (opens in a new tab)\" href=\"https:\/\/www.foerderverein-bibliothek.de\/wp-content\/uploads\/2022\/09\/2019-10-30-WZ-Schenkung-Krtschka_cut.jpg\" target=\"_blank\" rel=\"noreferrer noopener\" class=\"ek-link\">Wie Kinder fr\u00fcher das Lesen erlernten<\/a><\/strong><br><strong>GESCHICHTE<\/strong> Ilse Krtschka spendet historische Fibelsammlung an Bibliothek des Mariengymnasiums<\/td><td class=\"has-text-align-left\" data-align=\"left\">[WZ]<\/td><\/tr><tr><td class=\"has-text-align-left\" data-align=\"left\">01.03.2019<\/td><td class=\"has-text-align-left\" data-align=\"left\"><strong><a href=\"https:\/\/www.foerderverein-bibliothek.de\/wp-content\/uploads\/2022\/09\/2019-03-01-JW-Frauen.pdf\" target=\"_blank\" aria-label=\"Die Damen aus den Buchregalen (opens in a new tab)\" rel=\"noreferrer noopener\" class=\"ek-link\">Die Damen aus den Buchregalen<\/a><\/strong><br><strong>BIBLIOTHEK<\/strong> Mariengymnasium zeigt historische B\u00e4nde: &#8222;Auf den Spuren der Frauen&#8220;<\/td><td class=\"has-text-align-left\" data-align=\"left\">[JW]<\/td><\/tr><tr><td class=\"has-text-align-left\" data-align=\"left\">11\/2018<\/td><td class=\"has-text-align-left\" data-align=\"left\"><strong><a aria-label=\"B\u00fccher vor dem Verffall retten (opens in a new tab)\" href=\"https:\/\/www.foerderverein-bibliothek.de\/wp-content\/uploads\/2022\/09\/2018-11_Guten-Morgen-Sonntag.jpg\" target=\"_blank\" rel=\"noreferrer noopener\" class=\"ek-link\">B\u00fccher vor dem Verfall retten<\/a><\/strong><br><strong>ENGAGEMENT<\/strong> F\u00f6rderverein der Bibliothek besteht 20 Jahre &#8211; Auf Spenden angewiesen<\/td><td class=\"has-text-align-left\" data-align=\"left\">[1]<\/td><\/tr><tr><td class=\"has-text-align-left\" data-align=\"left\">25.11.2017<\/td><td class=\"has-text-align-left\" data-align=\"left\"><strong><a href=\"https:\/\/www.foerderverein-bibliothek.de\/wp-content\/uploads\/2022\/09\/2017-11-25_NWZ_-Wasserflut-min.pdf\" target=\"_blank\" aria-label=\"Als die See bis Jever stand (opens in a new tab)\" rel=\"noreferrer noopener\" class=\"ek-link\">Als die See bis Jever stand<\/a><\/strong><br><strong>GESCHICHTE<\/strong> Karte der Weihnachtsflut 1717 im Mariengymnasium erh\u00e4ltlich<\/td><td class=\"has-text-align-left\" data-align=\"left\">[NWZ]<\/td><\/tr><tr><td class=\"has-text-align-left\" data-align=\"left\">23.11.2017<\/td><td class=\"has-text-align-left\" data-align=\"left\"><a href=\"https:\/\/www.foerderverein-bibliothek.de\/wp-content\/uploads\/2022\/11\/2017-11-23-Wasser-Flut-1717-WZ.pdf\" target=\"_blank\" aria-label=\"J\u00e4mmerliche Wasser-Flut 1717 (opens in a new tab)\" rel=\"noreferrer noopener\" class=\"ek-link\">J\u00e4mmerliche Wasser-Flut 1717<\/a><br><strong>GESCHICHTE <\/strong>Nachdruck einer Karte aus Homann-Atlas im Mariengymnasium<\/td><td class=\"has-text-align-left\" data-align=\"left\">[WZ]<\/td><\/tr><tr><td class=\"has-text-align-left\" data-align=\"left\">06.06.2017<\/td><td class=\"has-text-align-left\" data-align=\"left\"><a href=\"https:\/\/www.foerderverein-bibliothek.de\/wp-content\/uploads\/2022\/11\/2017-06-06-JW-Jahresjauptversammlung.pdf\" target=\"_blank\" aria-label=\"Geben und nehmen zugleich (opens in a new tab)\" rel=\"noreferrer noopener\" class=\"ek-link\">Geben und nehmen zugleich<\/a><br><strong>BIBLIOTHEK <\/strong>Ein gro\u00dfer Schatz &#8211; nicht nur f\u00fcr Sch\u00fcler<\/td><td class=\"has-text-align-left\" data-align=\"left\">[JW]<\/td><\/tr><tr><td class=\"has-text-align-left\" data-align=\"left\">21.02.2017<\/td><td class=\"has-text-align-left\" data-align=\"left\"><a aria-label=\"Auf Spurensuche in den Luthersch\u00e4tzen der Bibhothek (opens in a new tab)\" href=\"https:\/\/www.foerderverein-bibliothek.de\/wp-content\/uploads\/2022\/11\/2017-02-21-WZ-Luther.pdf\" target=\"_blank\" rel=\"noreferrer noopener\" class=\"ek-link\">Auf Spurensuche in den Luthersch\u00e4tzen der Bibliothek<\/a><br><strong>AUSSTELLUNG <\/strong>\u201eAlles in Luther&#8220; im Mariengymnasium zeigte auch Auswirkungen auf das Jeverland auf<\/td><td class=\"has-text-align-left\" data-align=\"left\">[WZ]<\/td><\/tr><tr><td class=\"has-text-align-left\" data-align=\"left\">18.01.2017<\/td><td class=\"has-text-align-left\" data-align=\"left\"><a href=\"https:\/\/www.foerderverein-bibliothek.de\/wp-content\/uploads\/2022\/11\/2017-01-28-WZ-Seetzen-Schueler.pdf\" target=\"_blank\" aria-label=\"Anl\u00e4sslich des 250. Geburtstages von Ulrich Jasper Seetzen (opens in a new tab)\" rel=\"noreferrer noopener\" class=\"ek-link\"><strong>Anl\u00e4sslich <\/strong>des 250. Geburtstages von Ulrich Jasper Seetzen<\/a><\/td><td class=\"has-text-align-left\" data-align=\"left\">[WZ]<\/td><\/tr><tr><td class=\"has-text-align-left\" data-align=\"left\">10.12.2016<\/td><td class=\"has-text-align-left\" data-align=\"left\"><a href=\"https:\/\/www.foerderverein-bibliothek.de\/wp-content\/uploads\/2022\/11\/2016-12-10-JW-Foerderverein-Jubilaeum.pdf\" target=\"_blank\" aria-label=\"B\u00fccher vor dem Verfall retten (opens in a new tab)\" rel=\"noreferrer noopener\" class=\"ek-link\">B\u00fccher vor dem Verfall retten<\/a><br><strong>ENGAGEMENT <\/strong>F\u00f6rderverein der Bibliothek besteht 18 Jahre &#8211; Auf Spenden angewiesen<\/td><td class=\"has-text-align-left\" data-align=\"left\">[JW]<\/td><\/tr><tr><td class=\"has-text-align-left\" data-align=\"left\">29.04.2016<\/td><td class=\"has-text-align-left\" data-align=\"left\"><a href=\"https:\/\/www.foerderverein-bibliothek.de\/wp-content\/uploads\/2022\/11\/2016-04-29-JW-Jahreshauptversammlung.pdf\" target=\"_blank\" aria-label=\"Buchtitel bald alle digital archiviert (opens in a new tab)\" rel=\"noreferrer noopener\" class=\"ek-link\">Buchtitel bald alle digital archiviert<\/a><br><strong>BIBLIOTHEK <\/strong>Verein unterst\u00fctzt kr\u00e4ftig<\/td><td class=\"has-text-align-left\" data-align=\"left\">[JW]<\/td><\/tr><tr><td class=\"has-text-align-left\" data-align=\"left\">22.04.2016<\/td><td class=\"has-text-align-left\" data-align=\"left\"><a href=\"https:\/\/www.foerderverein-bibliothek.de\/wp-content\/uploads\/2022\/11\/2016-04-22-JW-Naturkundliche-Werke-Menke.pdf\" target=\"_blank\" aria-label=\"Von Algenflora bis Einhorn (opens in a new tab)\" rel=\"noreferrer noopener\" class=\"ek-link\">Von Algenflora bis Einhorn<\/a><br><strong>AUSSTELLUNG<\/strong> Naturkundliche Werke aus f\u00fcnf Jahrhunderten in der MG-Bibliothek<\/td><td class=\"has-text-align-left\" data-align=\"left\">[JW]<\/td><\/tr><tr><td class=\"has-text-align-left\" data-align=\"left\">19.02.2016<\/td><td class=\"has-text-align-left\" data-align=\"left\"><a href=\"https:\/\/www.foerderverein-bibliothek.de\/wp-content\/uploads\/2022\/11\/2016-02-19-NWZ-Kooperation-mit-VHS.pdf\" target=\"_blank\" aria-label=\"Alter Bestand aus ganz verschiedenen Blickwinkeln (opens in a new tab)\" rel=\"noreferrer noopener\" class=\"ek-link\">Alter Bestand aus ganz verschiedenen Blickwinkeln<\/a><br><strong>VERANSTALTUNGSREIHE <\/strong>Mariengymnasium und Volkshochschule stellen B\u00fccher in Bibliothek vor<\/td><td class=\"has-text-align-left\" data-align=\"left\">[NWZ]<\/td><\/tr><tr><td class=\"has-text-align-left\" data-align=\"left\">19.02.2016<\/td><td class=\"has-text-align-left\" data-align=\"left\"><a aria-label=\"Die \u201eSch\u00e4tze&quot; der Bibhothek (opens in a new tab)\" href=\"https:\/\/www.foerderverein-bibliothek.de\/wp-content\/uploads\/2022\/11\/2016-02-19-JW-Kooperation-VHS.pdf\" target=\"_blank\" rel=\"noreferrer noopener\" class=\"ek-link\">Die \u201eSch\u00e4tze&#8220; der Bibliothek<\/a><br><strong>KOOPERATION <\/strong>Vortragsreihe am Mariengymnasium<\/td><td class=\"has-text-align-left\" data-align=\"left\">[JW]<\/td><\/tr><tr><td class=\"has-text-align-left\" data-align=\"left\">24.06.2015<\/td><td class=\"has-text-align-left\" data-align=\"left\"><a href=\"https:\/\/www.foerderverein-bibliothek.de\/wp-content\/uploads\/2022\/11\/2015-06-24-JW-Pohl-Furchheim-Kirche.pdf\" target=\"_blank\" aria-label=\"Alte Kl\u00e4nge \u201ewieder zum Leben erweckt&quot; (opens in a new tab)\" rel=\"noreferrer noopener\" class=\"ek-link\">Alte Kl\u00e4nge \u201ewieder zum Leben erweckt&#8220;<\/a><br><strong>MUSIK<\/strong> Gerd Pohl \u00fcbertr\u00e4gt Fundst\u00fcck von 1674 &#8211; Auftritt in der Stadtkirche<\/td><td class=\"has-text-align-left\" data-align=\"left\">[JW]<\/td><\/tr><tr><td class=\"has-text-align-left\" data-align=\"left\">24.04.2015<\/td><td class=\"has-text-align-left\" data-align=\"left\"><a href=\"https:\/\/www.foerderverein-bibliothek.de\/wp-content\/uploads\/2022\/11\/2015-04-24-JW-Bestand-online.pdf\" target=\"_blank\" aria-label=\"Bibliotheksbestand auch online abrufbar (opens in a new tab)\" rel=\"noreferrer noopener\" class=\"ek-link\">Bibliotheksbestand auch online abrufbar<\/a><br><strong>MARIENGYMNASIUM <\/strong>Bereits etwa eine Million Euro f\u00fcr die Buchsanierung ausgegeben &#8211; Alte B\u00fccher digitalisieren<\/td><td class=\"has-text-align-left\" data-align=\"left\">[JW]<\/td><\/tr><tr><td class=\"has-text-align-left\" data-align=\"left\">29.01.2015<\/td><td class=\"has-text-align-left\" data-align=\"left\"><a href=\"https:\/\/www.foerderverein-bibliothek.de\/wp-content\/uploads\/2022\/11\/2015-01-29-JW-Spende-LzO.pdf\" target=\"_blank\" aria-label=\"5000 Euro gespendet (opens in a new tab)\" rel=\"noreferrer noopener\" class=\"ek-link\">5000 Euro gespendet<\/a><br><strong>BIBLIOTHEK <\/strong>Alten Buchbestand sichern<\/td><td class=\"has-text-align-left\" data-align=\"left\">[JW]<\/td><\/tr><tr><td class=\"has-text-align-left\" data-align=\"left\">25.11.2014<\/td><td class=\"has-text-align-left\" data-align=\"left\"><a href=\"https:\/\/www.foerderverein-bibliothek.de\/wp-content\/uploads\/2022\/11\/2014-11-25-NWZ-Andrae-Raum-Lesung.pdf\" target=\"_blank\" aria-label=\"Unver\u00f6ffentlichtes und Bekanntes (opens in a new tab)\" rel=\"noreferrer noopener\" class=\"ek-link\">Unver\u00f6ffentlichtes und Bekanntes<\/a><br><strong>MARIENGYMNASIUM <\/strong>Oswald-Andrae-Raum der Bibliothek feierlich er\u00f6ffnet<\/td><td class=\"has-text-align-left\" data-align=\"left\">[NWZ]<\/td><\/tr><tr><td class=\"has-text-align-left\" data-align=\"left\">16.05.2014<\/td><td class=\"has-text-align-left\" data-align=\"left\"><a href=\"https:\/\/www.foerderverein-bibliothek.de\/wp-content\/uploads\/2022\/11\/2014-05-16-JW-JHV-Schoenbohm-zu-Peters.pdf\" target=\"_blank\" aria-label=\"F\u00f6rderverein w\u00e4hlt neuen Vorsitzenden (opens in a new tab)\" rel=\"noreferrer noopener\" class=\"ek-link\">F\u00f6rderverein w\u00e4hlt neuen Vorsitzenden<\/a><br><strong>BIBLIOTHEK <\/strong>Hartmut Peters tritt in die Fu\u00dfstapfen von Enno Sch\u00f6nbohm &#8211; Ereignisreiches Jahr 2013<\/td><td class=\"has-text-align-left\" data-align=\"left\">[JW]<\/td><\/tr><tr><td class=\"has-text-align-left\" data-align=\"left\">12.02.2014<\/td><td class=\"has-text-align-left\" data-align=\"left\"><a href=\"https:\/\/www.foerderverein-bibliothek.de\/wp-content\/uploads\/2022\/11\/2014-02-12-JW-Anja-uebernimmt-Bibliothek.pdf\" target=\"_blank\" aria-label=\"\u00d6ffnung der Bibliothek nach au\u00dfen und innen ausbauen (opens in a new tab)\" rel=\"noreferrer noopener\" class=\"ek-link\">\u00d6ffnung der Bibliothek nach au\u00dfen und innen ausbauen<\/a><br><strong>MARIENGYMNASIUM <\/strong>Dr. Anja Belemann-Smit leitet Bibliothek<\/td><td class=\"has-text-align-left\" data-align=\"left\">[JW]<\/td><\/tr><tr><td class=\"has-text-align-left\" data-align=\"left\">21.01.2014<\/td><td class=\"has-text-align-left\" data-align=\"left\"><a href=\"https:\/\/www.foerderverein-bibliothek.de\/wp-content\/uploads\/2022\/11\/2014-01-21-JW-Peters-Ruhestand.pdf\" target=\"_blank\" aria-label=\"Herr der B\u00fccher geht (opens in a new tab)\" rel=\"noreferrer noopener\" class=\"ek-link\">Herr der B\u00fccher geht<\/a><br><strong>RUHESTAND <\/strong>Hartmut Peters verl\u00e4sst das Mariengymnasium<\/td><td class=\"has-text-align-left\" data-align=\"left\">[JW]<\/td><\/tr><tr><td class=\"has-text-align-left\" data-align=\"left\">18.11.2013<\/td><td class=\"has-text-align-left\" data-align=\"left\"><a href=\"https:\/\/www.foerderverein-bibliothek.de\/wp-content\/uploads\/2023\/02\/2013-11-18-WZ-Buchjuwelen.pdf\" target=\"_blank\" aria-label=\"Bibliothek zeigte &quot;Buchjuwelen&quot; (opens in a new tab)\" rel=\"noreferrer noopener\" class=\"ek-link\">Bibliothek zeigte &#8222;Buchjuwelen&#8220;<\/a><br><strong>GESCHICHTE<\/strong> Tag der offenen T\u00fcr am Mariengymnasium<\/td><td class=\"has-text-align-left\" data-align=\"left\">[WZ]<\/td><\/tr><tr><td class=\"has-text-align-left\" data-align=\"left\">18.11.2013<\/td><td class=\"has-text-align-left\" data-align=\"left\"><a href=\"https:\/\/www.foerderverein-bibliothek.de\/wp-content\/uploads\/2023\/02\/2013-11-18-NWZ-Buchjuwelen-Klitsch.pdf\" target=\"_blank\" aria-label=\"Sch\u00e4tze aus l\u00e4ngst vergangenen Zeiten (opens in a new tab)\" rel=\"noreferrer noopener\" class=\"ek-link\">Sch\u00e4tze aus l\u00e4ngst vergangenen Zeiten<\/a><br><strong>MARIENGYMNASIUM<\/strong> Bei Tag der offenen T\u00fcr in Bibliothek historische B\u00fccher pr\u00e4sentiert &#8211; Zahlreiche Besucher<\/td><td class=\"has-text-align-left\" data-align=\"left\">[NWZ]<\/td><\/tr><tr><td class=\"has-text-align-left\" data-align=\"left\">18.12.2012<\/td><td class=\"has-text-align-left\" data-align=\"left\"><a href=\"https:\/\/www.foerderverein-bibliothek.de\/wp-content\/uploads\/2023\/02\/2012-12-18-WZ-Staatsminister-Neumann-Besuch.pdf\" target=\"_blank\" aria-label=\"Jever ist weit mehr als nur ein gutes [...] (opens in a new tab)\" rel=\"noreferrer noopener\" class=\"ek-link\">Jever ist weit mehr als nur ein gutes [&#8230;]<\/a><br><strong>KULTUR<\/strong> Staatsminister Bernd Neumann besuchte Bibliothek, Edo-Wiemken-Denkmal und [&#8230;]<\/td><td class=\"has-text-align-left\" data-align=\"left\">[WZ]<\/td><\/tr><tr><td class=\"has-text-align-left\" data-align=\"left\">07.11.2012<\/td><td class=\"has-text-align-left\" data-align=\"left\"><a href=\"https:\/\/www.foerderverein-bibliothek.de\/wp-content\/uploads\/2023\/02\/2012-11-07-NWZ-Friesland-im-Spiegel.pdf\" target=\"_blank\" aria-label=\"Wo Jevers Maria auf Goethe trifft (opens in a new tab)\" rel=\"noreferrer noopener\" class=\"ek-link\">Wo Jevers Maria auf Goethe trifft<\/a><br><strong>MARIENGYMNASIUM<\/strong> Tag der offenen T\u00fcr in der Schulbibliothek am 17. November<\/td><td class=\"has-text-align-left\" data-align=\"left\">[NWZ]<\/td><\/tr><tr><td class=\"has-text-align-left\" data-align=\"left\">07.11.2012<\/td><td class=\"has-text-align-left\" data-align=\"left\"><a href=\"https:\/\/www.foerderverein-bibliothek.de\/wp-content\/uploads\/2023\/02\/2012-11-07-JW-Friesland-im-Spiegel.pdf\" target=\"_blank\" aria-label=\"Die Bibliothek selbst wird zur Ausstellung (opens in a new tab)\" rel=\"noreferrer noopener\" class=\"ek-link\">Die Bibliothek selbst wird zur Ausstellung<\/a><br><strong>MARIENGYMNASIUM<\/strong> Tag der offenen T\u00fcr am 17. November &#8211; Seltene B\u00fccher, Karten und Stiche entdecken<\/td><td class=\"has-text-align-left\" data-align=\"left\">[JW]<\/td><\/tr><tr><td class=\"has-text-align-left\" data-align=\"left\">11.08.2012<\/td><td class=\"has-text-align-left\" data-align=\"left\"><a href=\"https:\/\/www.foerderverein-bibliothek.de\/wp-content\/uploads\/2023\/02\/2012-08-11-NWZ-Ilchmann-macht-weiter.pdf\" target=\"_blank\" aria-label=\"Ein Leben f\u00fcr historische B\u00fccher (opens in a new tab)\" rel=\"noreferrer noopener\" class=\"ek-link\">Ein Leben f\u00fcr historische B\u00fccher<\/a><br><strong>MARIENGYMNASIUM<\/strong> Bibliothekarin Heide Ilchmann denkt nicht ans Aufh\u00f6ren<\/td><td class=\"has-text-align-left\" data-align=\"left\">[NWZ]<\/td><\/tr><tr><td class=\"has-text-align-left\" data-align=\"left\">23.02.2011<\/td><td class=\"has-text-align-left\" data-align=\"left\"><a href=\"https:\/\/www.foerderverein-bibliothek.de\/wp-content\/uploads\/2023\/02\/2011-02-23-JW-Stiftung-Hartleben-Fuerlus.pdf\" target=\"_blank\" aria-label=\"Am Gymnasium in die Literatur verliebt (opens in a new tab)\" rel=\"noreferrer noopener\" class=\"ek-link\">Am Gymnasium in die Literatur verliebt<\/a><br><strong>BIBLIOTHEK<\/strong> Eckhard F\u00fcrlus schenkt dem MG das literarische Werk Otto Erich Hartlebens<\/td><td class=\"has-text-align-left\" data-align=\"left\">[JW]<\/td><\/tr><tr><td class=\"has-text-align-left\" data-align=\"left\">30.10.2010<\/td><td class=\"has-text-align-left\" data-align=\"left\"><a href=\"https:\/\/www.foerderverein-bibliothek.de\/wp-content\/uploads\/2023\/02\/2010-10-30-WZ-Schenkung-Prachtband-Dt.-Gesch.pdf\" target=\"_blank\" aria-label=\"Prachtband f\u00fcr Schulbibliothek (opens in a new tab)\" rel=\"noreferrer noopener\" class=\"ek-link\">Prachtband f\u00fcr Schulbibliothek<\/a><br><strong>SCHENKUNG<\/strong> Historisches Geschichtswerk<\/td><td class=\"has-text-align-left\" data-align=\"left\">[WZ]<\/td><\/tr><tr><td class=\"has-text-align-left\" data-align=\"left\">21.05.2010<\/td><td class=\"has-text-align-left\" data-align=\"left\"><a href=\"https:\/\/www.foerderverein-bibliothek.de\/wp-content\/uploads\/2023\/03\/2010-05-21-JW-Almira-Arie-aufgefuehrt.pdf\" target=\"_blank\" aria-label=\"&quot;Almira&quot;-Arie musikalisch wachgek\u00fcsst (opens in a new tab)\" rel=\"noreferrer noopener\" class=\"ek-link\">&#8222;Almira&#8220;-Arie musikalisch wachgek\u00fcsst<\/a><br><strong>KAMMERKONZERT<\/strong> Entdeckte H\u00e4ndel-Arie kr\u00f6nte fantastisches Konzert des F\u00f6rdervereins Bibliothek<\/td><td class=\"has-text-align-left\" data-align=\"left\">[JW]<\/td><\/tr><tr><td class=\"has-text-align-left\" data-align=\"left\">31.10.2008<\/td><td class=\"has-text-align-left\" data-align=\"left\"><a href=\"https:\/\/www.foerderverein-bibliothek.de\/wp-content\/uploads\/2023\/03\/2008-10-31-WZ-10-Jahre-Foerderverein-Festakt.pdf\" target=\"_blank\" aria-label=\"Die Bibliothek gibt dem Gymnasium eine Seele (opens in a new tab)\" rel=\"noreferrer noopener\" class=\"ek-link\">Die Bibliothek gibt dem Gymnasium eine Seele<\/a><br><strong>FEIERSTUNDE<\/strong> F\u00f6rderverein &#8222;Bibliothek des Mariengymnasium&#8220; besteht seit zehn Jahren &#8211; Politik steht hinter dem Projekt<\/td><td class=\"has-text-align-left\" data-align=\"left\">[JW]<\/td><\/tr><tr><td class=\"has-text-align-left\" data-align=\"left\">23.03.2004<\/td><td class=\"has-text-align-left\" data-align=\"left\"><a href=\"https:\/\/www.foerderverein-bibliothek.de\/wp-content\/uploads\/2023\/03\/2004-03-23-WZ-Jahreshauptversammlung-im-Schloss.pdf\" target=\"_blank\" aria-label=\"Bibliothek des Mariengymnasiums hat Freunde (opens in a new tab)\" rel=\"noreferrer noopener\" class=\"ek-link\">Bibliothek des Mariengymnasiums hat Freunde<\/a><br>B\u00fccherschatz des Mariengymnasiums: F\u00f6rderverein warb 2003 Spenden in H\u00f6he von 66.000 Euro ein<\/td><td class=\"has-text-align-left\" data-align=\"left\">[WZ]<\/td><\/tr><tr><td class=\"has-text-align-left\" data-align=\"left\">31.10.2002<\/td><td class=\"has-text-align-left\" data-align=\"left\"><a href=\"https:\/\/www.foerderverein-bibliothek.de\/wp-content\/uploads\/2023\/03\/2002-10-32-WZ-Dank-an-die-Sponsoren.pdf\" target=\"_blank\" aria-label=\"&quot;Moderne Bibliothek unverzichtbar&quot; (opens in a new tab)\" rel=\"noreferrer noopener\" class=\"ek-link\">&#8222;Moderne Bibliothek unverzichtbar&#8220;<\/a><br>Sch\u00fcler am Mariengymnasium profitieren &#8211; Dank an Spender<br><br><a href=\"https:\/\/www.foerderverein-bibliothek.de\/wp-content\/uploads\/2023\/03\/2002-10-32-WZ-Dank-an-die-Sponsoren.pdf\" target=\"_blank\" aria-label=\" (opens in a new tab)\" rel=\"noreferrer noopener\" class=\"ek-link\">Alte Atlanten und neue Medien<\/a><br>Tag der offenen T\u00fcr in der Bibliothek &#8211; B\u00fccher-Flohmarkt<\/td><td class=\"has-text-align-left\" data-align=\"left\">[WZ]<\/td><\/tr><tr><td class=\"has-text-align-left\" data-align=\"left\">25.10.2002<\/td><td class=\"has-text-align-left\" data-align=\"left\"><a href=\"https:\/\/www.foerderverein-bibliothek.de\/wp-content\/uploads\/2023\/03\/2002-10-25-JW-50.000-E-Stiftung-Nds..pdf\" target=\"_blank\" aria-label=\"51.100 \u20ac f\u00fcr Bibliothek (opens in a new tab)\" rel=\"noreferrer noopener\" class=\"ek-link\">51.100 \u20ac f\u00fcr Bibliothek<\/a><br>Stiftung Niedersachsen f\u00f6rdert Restaurierung historischer Remmer-B\u00e4nde<\/td><td class=\"has-text-align-left\" data-align=\"left\">[JW]<\/td><\/tr><tr><td class=\"has-text-align-left\" data-align=\"left\">04.2002<\/td><td class=\"has-text-align-left\" data-align=\"left\"><a href=\"https:\/\/www.foerderverein-bibliothek.de\/wp-content\/uploads\/2023\/03\/2002-04-c-JW-Jahreshauptversammlung.pdf\" target=\"_blank\" aria-label=\"F\u00fcrstenbibliothek wird ausgestellt (opens in a new tab)\" rel=\"noreferrer noopener\" class=\"ek-link\">F\u00fcrstenbibliothek wird ausgestellt<\/a><br>F\u00f6rderverein der Bibliothek des Mariengymnasiums w\u00e4hlte Werner Beyer in den Vorstand<\/td><td class=\"has-text-align-left\" data-align=\"left\">[JW]<\/td><\/tr><tr><td class=\"has-text-align-left\" data-align=\"left\">23.10.2001<\/td><td class=\"has-text-align-left\" data-align=\"left\"><a href=\"https:\/\/www.foerderverein-bibliothek.de\/wp-content\/uploads\/2023\/03\/2001-10-23-WZ-Bookscanner-Eden-Stiftung.pdf\" target=\"_blank\" aria-label=\"Eden-Stiftung spendete 31.000 Mark f\u00fcr Scanner (opens in a new tab)\" rel=\"noreferrer noopener\" class=\"ek-link\">Eden-Stiftung spendete 31.000 Mark f\u00fcr Scanner<\/a><br>Schonende Vervielf\u00e4ltigung alter B\u00fccher<\/td><td class=\"has-text-align-left\" data-align=\"left\">[WZ]<\/td><\/tr><tr><td class=\"has-text-align-left\" data-align=\"left\">28.02.2001<\/td><td class=\"has-text-align-left\" data-align=\"left\"><a href=\"https:\/\/www.foerderverein-bibliothek.de\/wp-content\/uploads\/2023\/03\/2001-02-28-NWZ-Spende-LzO.pdf\" target=\"_blank\" aria-label=\"Schattendasein ist bald beendet (opens in a new tab)\" rel=\"noreferrer noopener\" class=\"ek-link\">Schattendasein ist bald beendet<\/a><br>20.000 Euro f\u00fcr historische Gymnasiums-Bibliothek aus LzO-Stiftung &#8222;Kunst und Kultur&#8220;<\/td><td class=\"has-text-align-left\" data-align=\"left\">[NWZ]<\/td><\/tr><tr><td class=\"has-text-align-left\" data-align=\"left\">20.10.2000<\/td><td class=\"has-text-align-left\" data-align=\"left\"><a aria-label=\"Mit Rizinus\u00f6l und Ochsengalle im Kampf gegen Schimmelpilz und M\u00e4usedreck (opens in a new tab)\" href=\"https:\/\/www.foerderverein-bibliothek.de\/wp-content\/uploads\/2023\/03\/2000-10-20-WZ-Buchwerkstatt-Ilchmann.pdf\" target=\"_blank\" rel=\"noreferrer noopener\" class=\"ek-link\">Mit Rizinus\u00f6l und Ochsengalle im Kampf gegen Schimmelpilz und M\u00e4usedreck<\/a><br>Bibliothekarin nimmt sich der alten B\u00fccher am Mariengymnasium Jever an<\/td><td class=\"has-text-align-left\" data-align=\"left\">[WZ]<\/td><\/tr><tr><td class=\"has-text-align-left\" data-align=\"left\">07.06.2000<\/td><td class=\"has-text-align-left\" data-align=\"left\"><a href=\"https:\/\/www.foerderverein-bibliothek.de\/wp-content\/uploads\/2023\/03\/2000-06-07-WZ-Bier-an-der-Buchtheke.pdf\" target=\"_blank\" aria-label=\"Bier- und B\u00fccherfreunde haben es erm\u00f6glicht (opens in a new tab)\" rel=\"noreferrer noopener\" class=\"ek-link\">Bier- und B\u00fccherfreunde haben es erm\u00f6glicht<\/a><br>5000 DM kann die neu eingerichtete Bibliothek am Mariengymnasium Jever als Spende verbuchen<\/td><td class=\"has-text-align-left\" data-align=\"left\">[WZ]<\/td><\/tr><tr><td class=\"has-text-align-left\" data-align=\"left\">23.05.2000<\/td><td class=\"has-text-align-left\" data-align=\"left\"><a href=\"https:\/\/www.foerderverein-bibliothek.de\/wp-content\/uploads\/2023\/03\/2000-05-23-NWZ-Eroeffnung-Gesamtbibliothek.pdf\" target=\"_blank\" aria-label=\"Ein gro\u00dfer Schatz wird sichtbar (opens in a new tab)\" rel=\"noreferrer noopener\" class=\"ek-link\">Ein gro\u00dfer Schatz wird sichtbar<\/a><br>Neue B\u00fccherei des Mariengymnasiums ist Informations- und Kulturzentrum zugleich<\/td><td class=\"has-text-align-left\" data-align=\"left\">[NWZ]<\/td><\/tr><tr><td class=\"has-text-align-left\" data-align=\"left\">15.10.1999<\/td><td class=\"has-text-align-left\" data-align=\"left\"><a href=\"https:\/\/www.foerderverein-bibliothek.de\/wp-content\/uploads\/2023\/03\/1999-10-15-NWZ-Foerderverin-sucht-Sponsoren.pdf\" target=\"_blank\" aria-label=\" (opens in a new tab)\" rel=\"noreferrer noopener\" class=\"ek-link\">B\u00fccherei braucht mehr Sponsoren<\/a><br>F\u00f6rderverein stellt Fortschritt der Arbeiten am Mariengymnasium vor &#8211; 35.000 B\u00fccher<\/td><td class=\"has-text-align-left\" data-align=\"left\">[NWZ]<\/td><\/tr><tr><td class=\"has-text-align-left\" data-align=\"left\">28.09.1999<\/td><td class=\"has-text-align-left\" data-align=\"left\"><a href=\"https:\/\/www.foerderverein-bibliothek.de\/wp-content\/uploads\/2023\/03\/1999-09-28-NWZ-DM-von-der-LzO.pdf\" target=\"_blank\" aria-label=\"Jede Mark hilfreich (opens in a new tab)\" rel=\"noreferrer noopener\" class=\"ek-link\">Jede Mark hilfreich<\/a><br>LzO: 5000 DM f\u00fcr Gymnasiums-Bibliothek<\/td><td class=\"has-text-align-left\" data-align=\"left\">[NWZ]<\/td><\/tr><\/tbody><\/table><figcaption class=\"wp-element-caption\">[1] Guten Morgen Sonntag<\/figcaption><\/figure>\n","protected":false},"excerpt":{"rendered":"<p>In unserem Pressearchiv finden Sie ausgew\u00e4hlte Artikel \u00fcber unsere Arbeit. JW = Jeversches Wochenblatt, NWZ = Nordwest-Zeitung, WZ = Wilhelmshavener Zeitung. Weitere Angaben in den Fu\u00dfnoten. Datum Titel Quelle 6.9.2024 Neuer Vorsitzender f\u00fcr Bibliotheks-F\u00f6rdervereinRedakteur Christoph Hinz l\u00f6st Hartmut Peters nach zehn Jahren ab &#8211; Schatzmeister gesucht 2.4.2024 Jazz als &#8222;gesch\u00e4rfte Philosophie des Zusammenlebens&#8220;Peter Kemper \u00fcber [&hellip;]<\/p>\n","protected":false},"author":1,"featured_media":0,"parent":245,"menu_order":0,"comment_status":"closed","ping_status":"closed","template":"","meta":{"_editorskit_title_hidden":false,"_editorskit_reading_time":3,"_editorskit_is_block_options_detached":false,"_editorskit_block_options_position":"{}","footnotes":""},"class_list":["post-228","page","type-page","status-publish","hentry"],"_links":{"self":[{"href":"https:\/\/www.foerderverein-bibliothek.de\/index.php?rest_route=\/wp\/v2\/pages\/228","targetHints":{"allow":["GET"]}}],"collection":[{"href":"https:\/\/www.foerderverein-bibliothek.de\/index.php?rest_route=\/wp\/v2\/pages"}],"about":[{"href":"https:\/\/www.foerderverein-bibliothek.de\/index.php?rest_route=\/wp\/v2\/types\/page"}],"author":[{"embeddable":true,"href":"https:\/\/www.foerderverein-bibliothek.de\/index.php?rest_route=\/wp\/v2\/users\/1"}],"replies":[{"embeddable":true,"href":"https:\/\/www.foerderverein-bibliothek.de\/index.php?rest_route=%2Fwp%2Fv2%2Fcomments&post=228"}],"version-history":[{"count":85,"href":"https:\/\/www.foerderverein-bibliothek.de\/index.php?rest_route=\/wp\/v2\/pages\/228\/revisions"}],"predecessor-version":[{"id":1512,"href":"https:\/\/www.foerderverein-bibliothek.de\/index.php?rest_route=\/wp\/v2\/pages\/228\/revisions\/1512"}],"up":[{"embeddable":true,"href":"https:\/\/www.foerderverein-bibliothek.de\/index.php?rest_route=\/wp\/v2\/pages\/245"}],"wp:attachment":[{"href":"https:\/\/www.foerderverein-bibliothek.de\/index.php?rest_route=%2Fwp%2Fv2%2Fmedia&parent=228"}],"curies":[{"name":"wp","href":"https:\/\/api.w.org\/{rel}","templated":true}]}}