{"id":172,"date":"2022-08-01T22:27:43","date_gmt":"2022-08-01T20:27:43","guid":{"rendered":"https:\/\/www.foerderverein-bibliothek.de\/?page_id=172"},"modified":"2022-09-11T23:06:43","modified_gmt":"2022-09-11T21:06:43","slug":"sonstige-leistungen","status":"publish","type":"page","link":"https:\/\/www.foerderverein-bibliothek.de\/?page_id=172","title":{"rendered":"Was leisten der F\u00f6rderverein und seine ehrenamtlichen Mitglieder?"},"content":{"rendered":"\n<ul class=\"wp-block-list\"><li>Der F\u00f6rderverein unterst\u00fctzt ideell und finanziell Publikationen \u00fcber die Bibliothek und ihre Best\u00e4nde. Dabei bringt sich der Vorstand auch aktiv in die Mitarbeit ein.<\/li><\/ul>\n\n\n\n<figure class=\"wp-block-image aligncenter size-full is-resized\"><img loading=\"lazy\" decoding=\"async\" src=\"https:\/\/www.foerderverein-bibliothek.de\/wp-content\/uploads\/2022\/09\/00k_2012-05-02-Bibliothek-Wolke-Ausstellung-2.jpg\" alt=\"\" class=\"wp-image-629\" width=\"390\" height=\"263\" srcset=\"https:\/\/www.foerderverein-bibliothek.de\/wp-content\/uploads\/2022\/09\/00k_2012-05-02-Bibliothek-Wolke-Ausstellung-2.jpg 900w, https:\/\/www.foerderverein-bibliothek.de\/wp-content\/uploads\/2022\/09\/00k_2012-05-02-Bibliothek-Wolke-Ausstellung-2-300x203.jpg 300w, https:\/\/www.foerderverein-bibliothek.de\/wp-content\/uploads\/2022\/09\/00k_2012-05-02-Bibliothek-Wolke-Ausstellung-2-768x520.jpg 768w\" sizes=\"auto, (max-width: 390px) 100vw, 390px\" \/><figcaption>Ausstellung zu den Werken von Christian Heinrich Wolke am 2. Mai 2012<\/figcaption><\/figure>\n\n\n\n<ul class=\"wp-block-list\"><li>Der F\u00f6rderverein arbeitet aktiv mit Verlagen bei Editionen und Faksimiles der vorhandenen Unikate zusammen. <\/li><li>Der F\u00f6rderverein beteiligt sich planerisch, technisch und finanziell an der Verbesserung der r\u00e4umlichen und funktionalen Ausstattung der Bibliothek.<\/li><li>Der F\u00f6rderverein arbeitet aktiv mit bei Buchausstellungen und Autorenlesungen. Er stellt i.d.R. die Mittel zur Verf\u00fcgung, um Werbematerialien zu drucken. <\/li><\/ul>\n\n\n\n<figure class=\"wp-block-image aligncenter size-full is-resized\"><img loading=\"lazy\" decoding=\"async\" src=\"https:\/\/www.foerderverein-bibliothek.de\/wp-content\/uploads\/2022\/09\/00k_Bild-3-1.jpg\" alt=\"\" class=\"wp-image-583\" width=\"423\" height=\"324\" srcset=\"https:\/\/www.foerderverein-bibliothek.de\/wp-content\/uploads\/2022\/09\/00k_Bild-3-1.jpg 900w, https:\/\/www.foerderverein-bibliothek.de\/wp-content\/uploads\/2022\/09\/00k_Bild-3-1-300x230.jpg 300w, https:\/\/www.foerderverein-bibliothek.de\/wp-content\/uploads\/2022\/09\/00k_Bild-3-1-768x589.jpg 768w\" sizes=\"auto, (max-width: 423px) 100vw, 423px\" \/><figcaption>Tag der Offenen T\u00fcr 2013, im Vordergrund die L\u00fcbecker Bibel<\/figcaption><\/figure>\n\n\n\n<ul class=\"wp-block-list\"><li>F\u00f6rdervereinsmitglieder arbeiten aktiv an der Pr\u00e4sentation der B\u00fccher des historischen Bestandes in den entsprechenden R\u00e4umen. Sie stellen Systematiken zusammen und setzen diese in die Tat um. Sie platzieren die B\u00fccher an den gew\u00e4hlten Orten.<\/li><li>F\u00f6rdervereinsmitglieder sind bei der dringend notwendigen digitalen Katalogisierung des historischen Bestandes in den <em>Gemeinsamen Bibliotheksverbund<\/em> (GBV) aktiv. Diese Digitalisierung wird allein durch das Ehrenamt der Mitglieder m\u00f6glich. Dadurch erhalten Externe Zugriff auf den historischen Bestand am Mariengymnasium. <\/li><li>Der F\u00f6rderverein finanziert den antiquarischen Ankauf von B\u00fcchern zur Erg\u00e4nzung bestimmter Spezialsammlungen in der Bibliothek und Neuerscheinungen, um diese Sammlungen zu vervollst\u00e4ndigen.<\/li><\/ul>\n\n\n\n<figure class=\"wp-block-image aligncenter size-large is-resized\"><img loading=\"lazy\" decoding=\"async\" src=\"https:\/\/www.foerderverein-bibliothek.de\/wp-content\/uploads\/2022\/09\/Seetzen-Buecher-1024x711.jpg\" alt=\"\" class=\"wp-image-574\" width=\"392\" height=\"272\" srcset=\"https:\/\/www.foerderverein-bibliothek.de\/wp-content\/uploads\/2022\/09\/Seetzen-Buecher-1024x711.jpg 1024w, https:\/\/www.foerderverein-bibliothek.de\/wp-content\/uploads\/2022\/09\/Seetzen-Buecher-300x208.jpg 300w, https:\/\/www.foerderverein-bibliothek.de\/wp-content\/uploads\/2022\/09\/Seetzen-Buecher-768x534.jpg 768w, https:\/\/www.foerderverein-bibliothek.de\/wp-content\/uploads\/2022\/09\/Seetzen-Buecher-1536x1067.jpg 1536w, https:\/\/www.foerderverein-bibliothek.de\/wp-content\/uploads\/2022\/09\/Seetzen-Buecher.jpg 1730w\" sizes=\"auto, (max-width: 392px) 100vw, 392px\" \/><figcaption>Ausschnitt aus der Ulrich-Jasper-Seetzen-Sammlung<\/figcaption><\/figure>\n\n\n\n<ul class=\"wp-block-list\"><li>Der F\u00f6rderverein hat bis 2019 ideell, materiell und finanziell zum Unterhalt einer Buchwerkstatt und der dort t\u00e4tigen Buchpflegerin beigetragen.<\/li><\/ul>\n\n\n\n<figure class=\"wp-block-image aligncenter size-full is-resized\"><img loading=\"lazy\" decoding=\"async\" src=\"https:\/\/www.foerderverein-bibliothek.de\/wp-content\/uploads\/2022\/09\/00k_Buchwerkstatt-Entfernung-von-Plastiketiketten.jpg\" alt=\"\" class=\"wp-image-613\" width=\"392\" height=\"293\" srcset=\"https:\/\/www.foerderverein-bibliothek.de\/wp-content\/uploads\/2022\/09\/00k_Buchwerkstatt-Entfernung-von-Plastiketiketten.jpg 900w, https:\/\/www.foerderverein-bibliothek.de\/wp-content\/uploads\/2022\/09\/00k_Buchwerkstatt-Entfernung-von-Plastiketiketten-300x225.jpg 300w, https:\/\/www.foerderverein-bibliothek.de\/wp-content\/uploads\/2022\/09\/00k_Buchwerkstatt-Entfernung-von-Plastiketiketten-768x576.jpg 768w\" sizes=\"auto, (max-width: 392px) 100vw, 392px\" \/><figcaption>Ehrenamtliche F\u00f6rdervereinsmitglieder arbeiten in der Buchwerkstatt mit. Hier werden sie von der Buchwerkstattsmitarbeiterin Heide Ilchmann im schonenden Entfernen von Plastiketiketten unterwiesen.<\/figcaption><\/figure>\n\n\n\n<ul class=\"wp-block-list\"><li>Der F\u00f6rderverein \u00fcbernimmt z. Z. einen Teil der Kosten f\u00fcr eine die t\u00e4gliche Bibliotheksarbeit in der Pr\u00e4senzbibliothek unterst\u00fctzende Bundesfreiwilligendienstleistende, eine sogenannte Bufdi. <\/li><\/ul>\n\n\n\n<figure class=\"wp-block-image aligncenter size-full is-resized\"><img loading=\"lazy\" decoding=\"async\" src=\"https:\/\/www.foerderverein-bibliothek.de\/wp-content\/uploads\/2022\/09\/000k_DSC_0176.jpg\" alt=\"\" class=\"wp-image-589\" width=\"405\" height=\"269\" srcset=\"https:\/\/www.foerderverein-bibliothek.de\/wp-content\/uploads\/2022\/09\/000k_DSC_0176.jpg 500w, https:\/\/www.foerderverein-bibliothek.de\/wp-content\/uploads\/2022\/09\/000k_DSC_0176-300x199.jpg 300w\" sizes=\"auto, (max-width: 405px) 100vw, 405px\" \/><figcaption>Gut gef\u00fclltes Foyer anl\u00e4sslich des Georg-von-der-Vring-Abends<\/figcaption><\/figure>\n","protected":false},"excerpt":{"rendered":"<p>Der F\u00f6rderverein unterst\u00fctzt ideell und finanziell Publikationen \u00fcber die Bibliothek und ihre Best\u00e4nde. Dabei bringt sich der Vorstand auch aktiv in die Mitarbeit ein. Der F\u00f6rderverein arbeitet aktiv mit Verlagen bei Editionen und Faksimiles der vorhandenen Unikate zusammen. Der F\u00f6rderverein beteiligt sich planerisch, technisch und finanziell an der Verbesserung der r\u00e4umlichen und funktionalen Ausstattung der [&hellip;]<\/p>\n","protected":false},"author":1,"featured_media":0,"parent":143,"menu_order":20,"comment_status":"closed","ping_status":"closed","template":"","meta":{"_editorskit_title_hidden":false,"_editorskit_reading_time":1,"_editorskit_is_block_options_detached":false,"_editorskit_block_options_position":"{}","footnotes":""},"class_list":["post-172","page","type-page","status-publish","hentry"],"_links":{"self":[{"href":"https:\/\/www.foerderverein-bibliothek.de\/index.php?rest_route=\/wp\/v2\/pages\/172","targetHints":{"allow":["GET"]}}],"collection":[{"href":"https:\/\/www.foerderverein-bibliothek.de\/index.php?rest_route=\/wp\/v2\/pages"}],"about":[{"href":"https:\/\/www.foerderverein-bibliothek.de\/index.php?rest_route=\/wp\/v2\/types\/page"}],"author":[{"embeddable":true,"href":"https:\/\/www.foerderverein-bibliothek.de\/index.php?rest_route=\/wp\/v2\/users\/1"}],"replies":[{"embeddable":true,"href":"https:\/\/www.foerderverein-bibliothek.de\/index.php?rest_route=%2Fwp%2Fv2%2Fcomments&post=172"}],"version-history":[{"count":22,"href":"https:\/\/www.foerderverein-bibliothek.de\/index.php?rest_route=\/wp\/v2\/pages\/172\/revisions"}],"predecessor-version":[{"id":653,"href":"https:\/\/www.foerderverein-bibliothek.de\/index.php?rest_route=\/wp\/v2\/pages\/172\/revisions\/653"}],"up":[{"embeddable":true,"href":"https:\/\/www.foerderverein-bibliothek.de\/index.php?rest_route=\/wp\/v2\/pages\/143"}],"wp:attachment":[{"href":"https:\/\/www.foerderverein-bibliothek.de\/index.php?rest_route=%2Fwp%2Fv2%2Fmedia&parent=172"}],"curies":[{"name":"wp","href":"https:\/\/api.w.org\/{rel}","templated":true}]}}