{"id":170,"date":"2022-08-01T22:27:19","date_gmt":"2022-08-01T20:27:19","guid":{"rendered":"https:\/\/www.foerderverein-bibliothek.de\/?page_id=170"},"modified":"2023-04-26T00:54:35","modified_gmt":"2023-04-25T22:54:35","slug":"buch-und-inhaltsangabe","status":"publish","type":"page","link":"https:\/\/www.foerderverein-bibliothek.de\/?page_id=170","title":{"rendered":"Unser Buch \u00fcber die historische Bibliothek"},"content":{"rendered":"\n<p class=\"has-text-align-left\">Am 8. November 2020 stellte der F\u00f6rderverein das im Selbstverlag erschienene Buch \u201eDie Bibliothek des Mariengymnasiums Jever \u2013 ein Kosmos f\u00fcr sich\u201c &nbsp;vor \u2013 vor einer kleinen Auswahl von Honoratioren und F\u00f6rderern. Gew\u00fcnscht hatten wir uns nat\u00fcrlich eine gro\u00dfe Veranstaltung, mit allen Autoren und einer sch\u00f6nen Buchausstellung dazu, aber Corona machte uns einen Strich durch die Rechnung. So musste die Promotion f\u00fcr das Buch \u00fcber die Presse und die Mund-zu-Mund-Propaganda gehen, aber im Nachhinein muss man sagen: Das hat ganz wunderbar funktioniert.<br><\/p>\n\n\n\n<figure class=\"wp-block-image alignleft size-full is-resized\"><img loading=\"lazy\" decoding=\"async\" src=\"https:\/\/www.foerderverein-bibliothek.de\/wp-content\/uploads\/2022\/09\/00k_Buch-Cover.jpg\" alt=\"\" class=\"wp-image-431\" width=\"269\" height=\"356\" srcset=\"https:\/\/www.foerderverein-bibliothek.de\/wp-content\/uploads\/2022\/09\/00k_Buch-Cover.jpg 678w, https:\/\/www.foerderverein-bibliothek.de\/wp-content\/uploads\/2022\/09\/00k_Buch-Cover-226x300.jpg 226w\" sizes=\"auto, (max-width: 269px) 100vw, 269px\" \/><\/figure>\n\n\n\n<p>Das Buch geht auf einige der in der historischen Bibliothek vorhandenen Werke ein. Nat\u00fcrlich ist die Auswahl nur ein Ausschnitt, und dieser ist bestimmt durch die Interessen der Autoren. Viele andere B\u00fccher h\u00e4tten eine ebensolche Darstellung verdient gehabt, aber es geht halt nicht alles. Sechzehn Autoren haben 43 Essays geschrieben \u2013 so sind 372 Seiten im Hardcover herausgekommen. Mit dem Verkaufspreis liegen wir nat\u00fcrlich deutlich unter den Herstellungskosten. Aber das ist ja die Aufgabe eines F\u00f6rdervereins.&nbsp;<\/p>\n\n\n\n<p><em><strong>Die Bibliothek des Mariengymnasiums Jever \u2013 ein Kosmos f\u00fcr sich. Abbildungen und Essays. <\/strong><\/em><br><em>Hrsg. von Hartmut Peters unter Mitarbeit von Hans-J\u00fcrgen Klitsch und Hartmut Kroll. Mit einem Faksimile des Briefes von Ulrich Jasper Seetzen vom 25. Mai 1809 aus Kairo an Diedrich Ulrich Heinemeyer in Jever. \u2013 Jever: F\u00f6rderverein Bibliothek des Mariengymnasiums, 2020; 372 S., 280 Abb.<\/em><\/p>\n\n\n\n<p>Im Anschluss finden Sie das Inhaltsverzeichnis sowie Leseproben. Sie k\u00f6nnen das Buch \u00fcber das Kontaktformular bestellen. Es kostet \u20ac 39,- zzgl. \u20ac 3,99 Porto, denn das Ding hat schon Gewicht.<\/p>\n\n\n\n<pre class=\"wp-block-verse has-source-serif-pro-font-family has-medium-font-size\"><span class=\"editorskit-charmap\">Hier das Inhaltsverzeichnis<\/span><em><kbd>:<\/kbd>\n<\/em>\n<strong>Gru\u00dfadressen und Vorwort des Herausgebers<\/strong>\tS. 13-16\n\n<em>Hartmut Peters<\/em>\n<strong>Zur Geschichte der Bibliothek des Mariengymnasiums Jever<\/strong>    S. 18\n<em>Antje Sander<\/em> \n<strong>Der \u00e4lteste Teil der Bibliothek des Mariengymnasiums und seine Zeit im Schloss zu Jever<\/strong>    S. 45\n<em>Matthias Bollmeyer<\/em>\n<strong>Die \u00e4ltesten Textzeugen der Bibliothek: Bucharch\u00e4ologie an Makulaturfragmenten aus B\u00e4nden des Remmer von Seediek<\/strong>    S. 59\n<em>Heiko Pannbacker<\/em>\n<strong>Die Weltchronik des Hartmann Schedel von 1493<\/strong>     S. 67\n<em>Matthias Bollmeyer<\/em>\n<strong>Zur Provenienz der Schedelschen Weltchronik von 1493: ein Werkstattbericht<\/strong>\tS. 80\n<em>Enno Sch\u00f6nbohm<\/em>\n<strong>Die niederdeutsche Bibel aus L\u00fcbeck von 1494 \u2013 ein H\u00f6hepunkt der norddeutschen Buchkunst<\/strong>     S. 89\n<em>Hartmut Peters<\/em>\n<strong>Alles in Luther? Die Reformation im Spiegel der Bibliothek<\/strong>     S. 94\n<em>Georg Wagner-Kyora<\/em>\n<strong>\u201eDer gantz J\u00fcdisch glaub\u201d \u2013 Religionspropaganda der Reformationszeit in einem Sammelband antijudaischer Schriften<\/strong>    S. 105\n<em>Anja Belemann-Smit<\/em>\n<strong>Die Bekenntnisse der Pastoren von 1548: Eine handschriftliche Quelle von unsch\u00e4tzbarem Wert<\/strong>     S. 121\n<em>Christoph Hinz<\/em>\n<strong>Kiesers \u201eTodten Dantz\u201c von 1617. Geistiger Diebstahl durch \u201eabgekupferte\u201c Sensenm\u00e4nner?<\/strong>     S. 125\n<em>Matthias Bollmeyer<\/em>\n<strong>Die Gelegenheit beim Vers packen: Ein lateinisches Epigramm zeigt unmittelbare Wirkung<\/strong>     S. 128\n<em>Werner Menke<\/em>\n<strong>\u201eSeyd fruchtbahr\u201c \u2013 die ausdr\u00fcckliche Ermunterung an Frischverm\u00e4hlte zur Zeugung von Nachwuchs in Hochzeitsgedichten<\/strong>    S. 131 (=>Leseprobe 6)\n<em>Christoph Hinz<\/em>\n<strong>\u201eSagen Sie nicht fabelhaft, wenn Sie sagenhaft meinen.\u201c Drei fantastische B\u00e4nde mit Fabeln des \u00c4sop<\/strong>     S. 136\n<em>Christoph Hinz<\/em>\n<strong>Zeichnende F\u00fcrsten: Zeichenb\u00e4nde dreier Zerbster Prinzen und eines begabten Beamtensohns aus dem Jahr 1706<\/strong>    S. 142 (=>Leseprobe 2)\n<em>Hartmut Peters<\/em>\nB<strong>untpapiere des Barock \u2013 versteckte Orchideen zwischen Lederfolianten<\/strong>    S. 149\n<em>Hartmut Peters<\/em>\n<strong>Homanns Karte des Schlaraffenlandes von 1694 - Gesellschaftskritik und barocke Lachkultur<\/strong>    S. 158 (=>Leseprobe 1)\n<em>Hartmut Peters<\/em>\n<strong>Die Musikalien der Bibliothek \u2013 rarissima von H\u00e4ndel, Telemann, Corelli und anderen Komponisten des Barock<\/strong>     S. 164\n<em>Anja Belemann-Smit<\/em>\n<strong>Mit Feder und Tinte gegen die Regeln: Auf den Spuren von Autorinnen in der Alten Bibliothek<\/strong>    S. 171 (=>Leseprobe 4)\n<em>Anja Belemann-Smit<\/em>\n<strong>Die Prinzessin und der Chiromant \u2013 Handlesekunst im Barock<\/strong>    S. 180\n<em>Tina Haseneyer<\/em>\nV<strong>on Regentinnen und M\u00e4tressen \u2013 B\u00fccher \u00fcber h\u00f6fische Frauen aus dem Besitz von Johann Ludwig F\u00fcrst zu Anhalt-Zerbst<\/strong>     S. 185\n<em>Hans-J\u00fcrgen Klitsch<\/em>\n<strong>\u201eDie neu=entdeckten Elis\u00e4ischen Felder\u201c von David Fassmann, 1735<\/strong>     S. 192\n<em>Matthias Bollmeyer<\/em>\n<strong>Turteltaube, Hirsch und L\u00e4mmlein: Zwei kunstvolle Schmuckbl\u00e4tter von 1738 zeigen lutherische Volksfr\u00f6mmigkeit<\/strong>    S. 196 (=>Leseprobe 5)\n<em>Hartmut Peters<\/em>\n<strong>Der Universalgelehrte Athanasius Kircher: Von unterirdischen Welten und Wahrheitsmaschinen<\/strong>    S. 205\n<em>Hartmut Peters<\/em>\n<strong>Bauarten der Arche Noah \u2013 ein biblischer Mythos in zwei B\u00fcchern von 1493 und 1675<\/strong>    S. 219\n<em>Werner Menke<\/em>\n<strong>\u201eGeheiligte Natur=Wissenschaft\u201c \u2013 die Physica Sacra des Schweizer Gelehrten Johann Jacob Scheuchzer (1672-1733)<\/strong>    S. 231\n<em>Hans-J\u00fcrgen Klitsch<\/em>\n<strong>\u201eKommt der liebe Gott und f\u00e4ngt an zu fegen und auffzur\u00e4umen\u201c \u2013 Joachim Weickhmann und die Pest in Danzig 1709<\/strong>    S. 242 (=>Leseprobe 3)\n<em>Hans-J\u00fcrgen Klitsch<\/em>\n<strong>Johann Amos Comenius und \u201eDie Auffgeschlossene G\u00fcldene Sprachen-Th\u00fcr\u201c<\/strong>    S. 250\n<em>Anja Belemann-Smit<\/em>\n<strong>Wissbegier und Lerneifer im \u201eDenklehrzimmer\u201c des Christian Heinrich Wolke<\/strong>    S. 258\n<em>Hartmut Peters<\/em>\n<strong>Der \u201eHomann-Atlas\u201c und seine Herkunft: R\u00e4tsel zwischen sechs Buchdeckeln<\/strong>    S. 263\n<em>Britta Herzog<\/em>\n<strong>Die Wasserflutkarte von Johann Baptist Homann aus dem Jahre 1718<\/strong>    S. 270\n<em>Hans-J\u00fcrgen Klitsch<\/em>\n<strong>Stadtpl\u00e4ne, Landkarten und Abbildungen von London im \u201eHomann-Atlas\u201c<\/strong>    S. 274\n<em>Hans-J\u00fcrgen Klitsch<\/em>\n<strong>Sechs Bilder zur Seefahrt Gro\u00dfbritanniens, 1740<\/strong>     S. 280\n<em>Ineke Saathoff<\/em> \n<strong>\u201eHat man Nachrichten von Lap\u00e9rouse?\u201c \u2013 \u201eNein, Majest\u00e4t.\u201c L\u2019Atlas du voyage de Lap\u00e9rouse von 1797<\/strong>    S. 284\n<em>Werner Menke<\/em>\n<strong>Der Naturforscher Seetzen auf dem Hosenboden im Sanai: Rutschen mit Methode<\/strong>    S. 292\n<em>Hartmut Peters<\/em>\n<strong>Seetzens Brief vom 25. Mai 1809 aus Kairo an seinen Freund Heinemeyer in Jever<\/strong>    S. 299\n<em>J\u00fcrgen Quadfasel<\/em>\n<strong>Johann Ludwig Tiarks und der \u201eTiarks-Atlas\u201d<\/strong>    S. 302\n<em>Hans-J\u00fcrgen Klitsch <\/em>\n<strong>Goethes \u201eWest=oestlicher Divan\u201c, 1819<\/strong>     S. 309\n<em>Matthias Bollmeyer<\/em>\n<strong>Die J\u00fcrgensbibliothek: Eine noch nicht erschlossene Gelehrtenbibliothek aus der Goethezeit<\/strong>     S. 314\n<em>Werner Menke<\/em>\n<strong>Naumanns Vogelbuch, Bismarcks jeversche Getreue und die eierlegenden Kiebitze<\/strong>     S. 322\n<em>Eckhard F\u00fcrlus<\/em>\n<strong>Otto Erich Hartleben und der Pierrot Lunaire<\/strong>    S. 331\n<em>Georg Wagner-Kyora<\/em>\n<strong>Der Zeichenlehrer Georg von der Vring: Autobiographische Erlebnisdichtung und Buchgrafik in den 1910er und 1920er Jahren<\/strong>    S. 339\n<em>Markus G\u00e4rtner<\/em>\n<strong>Herses Brutkasten: Mutterschaft zwischen Lust und Pr\u00fcderie im Nationalsozialismus. Eine Lesefrucht aus dem \u201eGiftschrank\u201c<\/strong>    S. 352\n<em>Hans-J\u00fcrgen Klitsch<\/em>\n<strong>Oswald Andrae \u2013 Raubkatzen schnurren Friedenslieder<\/strong>    S. 358\n\nAuswahlbibliographie zur Bibliothek des Mariengymnasiums Jever     S. 362\nAutorinnen, Autoren und Herausgeber     S. 366\nAbk\u00fcrzungen     S. 372\nBildnachweis     S. 372 \n<\/pre>\n\n\n\n<p><\/p>\n\n\n\n<h6 class=\"wp-block-heading\" style=\"font-style:normal;font-weight:500;text-transform:uppercase\"><strong>Leseproben<\/strong> k\u00f6nnen in voller Aufl\u00f6sung heruntergeladen werden.<br><\/h6>\n\n\n\n<div data-wp-interactive=\"core\/file\" class=\"wp-block-file\"><object data-wp-bind--hidden=\"!state.hasPdfPreview\" hidden class=\"wp-block-file__embed\" data=\"https:\/\/www.foerderverein-bibliothek.de\/wp-content\/uploads\/2022\/09\/Buch-Peters-Homann-Schlaraffenland.pdf\" type=\"application\/pdf\" style=\"width:100%;height:420px\" aria-label=\"Einbettung von Leseprobe 1.pdf: Homanns Karte des Schlaraffenlandes von 1694 .\"><\/object><a id=\"wp-block-file--media-ab9a43b9-de52-46ed-b016-ce51a908abd6\" href=\"https:\/\/www.foerderverein-bibliothek.de\/wp-content\/uploads\/2022\/09\/Buch-Peters-Homann-Schlaraffenland.pdf\">Leseprobe 1.pdf: Homanns Karte des Schlaraffenlandes von 1694 <\/a><a href=\"https:\/\/www.foerderverein-bibliothek.de\/wp-content\/uploads\/2022\/09\/Buch-Peters-Homann-Schlaraffenland.pdf\" class=\"wp-block-file__button wp-element-button\" download aria-describedby=\"wp-block-file--media-ab9a43b9-de52-46ed-b016-ce51a908abd6\">Herunterladen<\/a><\/div>\n\n\n\n<div data-wp-interactive=\"core\/file\" class=\"wp-block-file\"><object data-wp-bind--hidden=\"!state.hasPdfPreview\" hidden class=\"wp-block-file__embed\" data=\"https:\/\/www.foerderverein-bibliothek.de\/wp-content\/uploads\/2022\/09\/Buch-Hinz-Fuersten-min.pdf\" type=\"application\/pdf\" style=\"width:100%;height:430px\" aria-label=\"Einbettung von Leseprobe 2.pdf: Zeichnende F\u00fcrsten - Zeichenb\u00e4nde dreier Zerbster F\u00fcrsten.\"><\/object><a id=\"wp-block-file--media-525104c3-384c-4fa9-9ed7-88591800026a\" href=\"https:\/\/www.foerderverein-bibliothek.de\/wp-content\/uploads\/2022\/09\/Buch-Hinz-Fuersten-min.pdf\">Leseprobe 2.pdf: Zeichnende F\u00fcrsten &#8211; Zeichenb\u00e4nde dreier Zerbster F\u00fcrsten<\/a><a href=\"https:\/\/www.foerderverein-bibliothek.de\/wp-content\/uploads\/2022\/09\/Buch-Hinz-Fuersten-min.pdf\" class=\"wp-block-file__button wp-element-button\" download aria-describedby=\"wp-block-file--media-525104c3-384c-4fa9-9ed7-88591800026a\">Herunterladen<\/a><\/div>\n\n\n\n<div data-wp-interactive=\"core\/file\" class=\"wp-block-file\"><object data-wp-bind--hidden=\"!state.hasPdfPreview\" hidden class=\"wp-block-file__embed\" data=\"https:\/\/www.foerderverein-bibliothek.de\/wp-content\/uploads\/2022\/09\/Buch_Klitsch-Pest-min.pdf\" type=\"application\/pdf\" style=\"width:100%;height:430px\" aria-label=\"Einbettung von Leseprobe 3.pdf: Joachim Weickhmann und die Pest in Danzig 1709.\"><\/object><a id=\"wp-block-file--media-f1c25d4b-a24d-4b99-9fc5-8efff2163668\" href=\"https:\/\/www.foerderverein-bibliothek.de\/wp-content\/uploads\/2022\/09\/Buch_Klitsch-Pest-min.pdf\">Leseprobe 3.pdf: Joachim Weickhmann und die Pest in Danzig 1709<\/a><a href=\"https:\/\/www.foerderverein-bibliothek.de\/wp-content\/uploads\/2022\/09\/Buch_Klitsch-Pest-min.pdf\" class=\"wp-block-file__button wp-element-button\" download aria-describedby=\"wp-block-file--media-f1c25d4b-a24d-4b99-9fc5-8efff2163668\">Herunterladen<\/a><\/div>\n\n\n\n<div data-wp-interactive=\"core\/file\" class=\"wp-block-file\"><object data-wp-bind--hidden=\"!state.hasPdfPreview\" hidden class=\"wp-block-file__embed\" data=\"https:\/\/www.foerderverein-bibliothek.de\/wp-content\/uploads\/2022\/09\/Buch-Belemann-Autorinnen.pdf\" type=\"application\/pdf\" style=\"width:100%;height:430px\" aria-label=\"Einbettung von Leseprobe 4.pdf: Auf den Spuren von Autorinnen in der Alten Bibliothek.\"><\/object><a id=\"wp-block-file--media-884fcf87-5fd8-4dcf-924f-fd6929bdadfa\" href=\"https:\/\/www.foerderverein-bibliothek.de\/wp-content\/uploads\/2022\/09\/Buch-Belemann-Autorinnen.pdf\">Leseprobe 4.pdf: Auf den Spuren von Autorinnen in der Alten Bibliothek<\/a><a href=\"https:\/\/www.foerderverein-bibliothek.de\/wp-content\/uploads\/2022\/09\/Buch-Belemann-Autorinnen.pdf\" class=\"wp-block-file__button wp-element-button\" download aria-describedby=\"wp-block-file--media-884fcf87-5fd8-4dcf-924f-fd6929bdadfa\">Herunterladen<\/a><\/div>\n\n\n\n<div data-wp-interactive=\"core\/file\" class=\"wp-block-file\"><object data-wp-bind--hidden=\"!state.hasPdfPreview\" hidden class=\"wp-block-file__embed\" data=\"https:\/\/www.foerderverein-bibliothek.de\/wp-content\/uploads\/2022\/09\/Buch-Bollmeier-lesezeichen.pdf\" type=\"application\/pdf\" style=\"width:100%;height:420px\" aria-label=\"Einbettung von Leseprobe 5.pdf: Zwei kunstvolle Schmuckbl\u00e4tter von 1738 .\"><\/object><a id=\"wp-block-file--media-b1c9d3cf-ea35-482f-b29a-b70e89820aae\" href=\"https:\/\/www.foerderverein-bibliothek.de\/wp-content\/uploads\/2022\/09\/Buch-Bollmeier-lesezeichen.pdf\">Leseprobe 5.pdf: Zwei kunstvolle Schmuckbl\u00e4tter von 1738 <\/a><a href=\"https:\/\/www.foerderverein-bibliothek.de\/wp-content\/uploads\/2022\/09\/Buch-Bollmeier-lesezeichen.pdf\" class=\"wp-block-file__button wp-element-button\" download aria-describedby=\"wp-block-file--media-b1c9d3cf-ea35-482f-b29a-b70e89820aae\">Herunterladen<\/a><\/div>\n\n\n\n<div data-wp-interactive=\"core\/file\" class=\"wp-block-file\"><object data-wp-bind--hidden=\"!state.hasPdfPreview\" hidden class=\"wp-block-file__embed\" data=\"https:\/\/www.foerderverein-bibliothek.de\/wp-content\/uploads\/2022\/09\/Buch-Menke-Hochzeitsgedichte-.pdf\" type=\"application\/pdf\" style=\"width:100%;height:420px\" aria-label=\"Einbettung von Leseprobe 6.pdf: &quot;Seyd fruchtbahr&quot; - Ermunterung in Hochzeitsgedichten.\"><\/object><a id=\"wp-block-file--media-a88a4243-2db4-4728-b38c-12dc00bc50db\" href=\"https:\/\/www.foerderverein-bibliothek.de\/wp-content\/uploads\/2022\/09\/Buch-Menke-Hochzeitsgedichte-.pdf\">Leseprobe 6.pdf: &#8222;Seyd fruchtbahr&#8220; &#8211; Ermunterung in Hochzeitsgedichten<\/a><a href=\"https:\/\/www.foerderverein-bibliothek.de\/wp-content\/uploads\/2022\/09\/Buch-Menke-Hochzeitsgedichte-.pdf\" class=\"wp-block-file__button wp-element-button\" download aria-describedby=\"wp-block-file--media-a88a4243-2db4-4728-b38c-12dc00bc50db\">Herunterladen<\/a><\/div>\n","protected":false},"excerpt":{"rendered":"<p>Am 8. November 2020 stellte der F\u00f6rderverein das im Selbstverlag erschienene Buch \u201eDie Bibliothek des Mariengymnasiums Jever \u2013 ein Kosmos f\u00fcr sich\u201c &nbsp;vor \u2013 vor einer kleinen Auswahl von Honoratioren und F\u00f6rderern. Gew\u00fcnscht hatten wir uns nat\u00fcrlich eine gro\u00dfe Veranstaltung, mit allen Autoren und einer sch\u00f6nen Buchausstellung dazu, aber Corona machte uns einen Strich durch [&hellip;]<\/p>\n","protected":false},"author":1,"featured_media":466,"parent":143,"menu_order":10,"comment_status":"closed","ping_status":"closed","template":"","meta":{"_editorskit_title_hidden":false,"_editorskit_reading_time":4,"_editorskit_is_block_options_detached":false,"_editorskit_block_options_position":"{}","footnotes":""},"class_list":["post-170","page","type-page","status-publish","has-post-thumbnail","hentry"],"_links":{"self":[{"href":"https:\/\/www.foerderverein-bibliothek.de\/index.php?rest_route=\/wp\/v2\/pages\/170","targetHints":{"allow":["GET"]}}],"collection":[{"href":"https:\/\/www.foerderverein-bibliothek.de\/index.php?rest_route=\/wp\/v2\/pages"}],"about":[{"href":"https:\/\/www.foerderverein-bibliothek.de\/index.php?rest_route=\/wp\/v2\/types\/page"}],"author":[{"embeddable":true,"href":"https:\/\/www.foerderverein-bibliothek.de\/index.php?rest_route=\/wp\/v2\/users\/1"}],"replies":[{"embeddable":true,"href":"https:\/\/www.foerderverein-bibliothek.de\/index.php?rest_route=%2Fwp%2Fv2%2Fcomments&post=170"}],"version-history":[{"count":32,"href":"https:\/\/www.foerderverein-bibliothek.de\/index.php?rest_route=\/wp\/v2\/pages\/170\/revisions"}],"predecessor-version":[{"id":1156,"href":"https:\/\/www.foerderverein-bibliothek.de\/index.php?rest_route=\/wp\/v2\/pages\/170\/revisions\/1156"}],"up":[{"embeddable":true,"href":"https:\/\/www.foerderverein-bibliothek.de\/index.php?rest_route=\/wp\/v2\/pages\/143"}],"wp:featuredmedia":[{"embeddable":true,"href":"https:\/\/www.foerderverein-bibliothek.de\/index.php?rest_route=\/wp\/v2\/media\/466"}],"wp:attachment":[{"href":"https:\/\/www.foerderverein-bibliothek.de\/index.php?rest_route=%2Fwp%2Fv2%2Fmedia&parent=170"}],"curies":[{"name":"wp","href":"https:\/\/api.w.org\/{rel}","templated":true}]}}